{"id":815,"date":"2025-01-24T11:27:48","date_gmt":"2025-01-24T14:27:48","guid":{"rendered":"https:\/\/mg.passadospresentes.com.br\/ensino\/?post_type=participante&#038;p=815"},"modified":"2025-12-08T14:09:38","modified_gmt":"2025-12-08T17:09:38","slug":"tailane-de-oliveira-dias","status":"publish","type":"participante","link":"https:\/\/mg.passadospresentes.com.br\/ensino\/participante\/tailane-de-oliveira-dias\/","title":{"rendered":"Tailane de Oliveira Dias"},"content":{"rendered":"\n<p>Mestra em Hist\u00f3ria pelo Programa de P\u00f3s-Gradua\u00e7\u00e3o da Universidade Federal de Juiz de Fora (UFJF). Licenciada em Hist\u00f3ria pela Universidade Federal de Vi\u00e7osa (UFV). Atua como professora de Hist\u00f3ria da Rede Estadual de Ensino de Minas Gerais. Pesquisa as mem\u00f3rias da escravid\u00e3o e do p\u00f3s-aboli\u00e7\u00e3o, relacionando-as com as documenta\u00e7\u00f5es, a partir da hist\u00f3ria das comunidades quilombolas C\u00f3rrego do Meio e Ch\u00e1cara (Paula C\u00e2ndido\/MG). Membro do Grupo de Trabalho Emancipa\u00e7\u00f5es e P\u00f3s-Aboli\u00e7\u00e3o em Minas Gerais e do Laborat\u00f3rio de Hist\u00f3ria Oral e Imagem (LABHOI\/UFF-Rede de Pesquisa).<\/p>\n\n\n\n<p>Lattes: <a href=\"http:\/\/lattes.cnpq.br\/0041135991300123\">http:\/\/lattes.cnpq.br\/0041135991300123<\/a><\/p>\n\n\n\n<p><\/p>\n","protected":false},"featured_media":1190,"template":"","meta":{"_acf_changed":true},"categoria":[9],"class_list":["post-815","participante","type-participante","status-publish","has-post-thumbnail","hentry","categoria-pesquisadores"],"acf":[],"_links":{"self":[{"href":"https:\/\/mg.passadospresentes.com.br\/ensino\/wp-json\/wp\/v2\/participante\/815","targetHints":{"allow":["GET"]}}],"collection":[{"href":"https:\/\/mg.passadospresentes.com.br\/ensino\/wp-json\/wp\/v2\/participante"}],"about":[{"href":"https:\/\/mg.passadospresentes.com.br\/ensino\/wp-json\/wp\/v2\/types\/participante"}],"wp:featuredmedia":[{"embeddable":true,"href":"https:\/\/mg.passadospresentes.com.br\/ensino\/wp-json\/wp\/v2\/media\/1190"}],"wp:attachment":[{"href":"https:\/\/mg.passadospresentes.com.br\/ensino\/wp-json\/wp\/v2\/media?parent=815"}],"wp:term":[{"taxonomy":"categoria","embeddable":true,"href":"https:\/\/mg.passadospresentes.com.br\/ensino\/wp-json\/wp\/v2\/categoria?post=815"}],"curies":[{"name":"wp","href":"https:\/\/api.w.org\/{rel}","templated":true}]}}