{"id":800,"date":"2025-01-24T10:14:13","date_gmt":"2025-01-24T13:14:13","guid":{"rendered":"https:\/\/mg.passadospresentes.com.br\/ensino\/?post_type=participante&#038;p=800"},"modified":"2025-12-08T14:12:18","modified_gmt":"2025-12-08T17:12:18","slug":"aline-guerra","status":"publish","type":"participante","link":"https:\/\/mg.passadospresentes.com.br\/ensino\/participante\/aline-guerra\/","title":{"rendered":"Aline Guerra"},"content":{"rendered":"\n<p>Doutoranda em Hist\u00f3ria pela Universidade Federal Fluminense (2022 &#8211; 2026) em cotutela com a \u00c9cole des Hautes \u00c9tudes en Sciences Sociales (Fran\u00e7a), na \u00c9cole Doctorale de Anthropologie Sociale e Ethnologie (2023 \u2013 2026), vinculada ao Laborat\u00f3rio Institut des Mondes Africains (IMAF). Sob orienta\u00e7\u00e3o de Martha Abreu, Gaetano Ciarcia e Christine Douxami, desenvolve o projeto de tese &#8220;Tambores em travessia: as viagens da Congada e a constru\u00e7\u00e3o das identidades negras no sul de Minas Gerais&#8221;. \u00c9 pesquisadora do Institut de Recherche pour le d\u00e9veloppement (IRD). Integrante do grupo de pesquisa Emancipa\u00e7\u00f5es e P\u00f3s-Aboli\u00e7\u00e3o em Minas Gerais; sob coordena\u00e7\u00e3o da profa. Dra. Hebe Mattos e do prof. Dr. Jo\u00e3o Paulo Lopes, com historiadores de diversas universidades do Brasil, cujo objetivo principal \u00e9 fomentar o debate acad\u00eamico e a divulga\u00e7\u00e3o ao grande p\u00fablico de pesquisas que versam das tem\u00e1ticas: Hist\u00f3ria P\u00fablica, Mem\u00f3ria, P\u00f3s-Aboli\u00e7\u00e3o, Festas Populares, Identidades e lutas negras. Integrante do Grupo de Estudo e Pesquisa Cultura Negra no Atl\u00e2ntico (Cultna), da UFF, sob coordena\u00e7\u00e3o das profas. Dras. Martha Abreu e Hebe Mattos. Participa tamb\u00e9m da Rede de Patrim\u00f4nios Imateriais Afro-Amer\u00edndios e Pol\u00edticas<\/p>\n\n\n\n<p>P\u00fablicas na Am\u00e9rica Latina, coordenado pela profa. Dra. Christine Douxami. \u00c9 professora efetiva da educa\u00e7\u00e3o b\u00e1sica (Hist\u00f3ria) da Escola Estadual Prof\u00aa.\u00a0 Maria Rita Lisboa Pereira Santoro em Lambari, Minas Gerais. \u00c9 vice-presidente do Museu Dr. Am\u00e9rico Werneck (https:\/\/www.facebook.com\/museudramericowerneck\/), que guarda o acervo com mem\u00f3rias, objetos e documentos da cidade de Lambari (MG). O museu tamb\u00e9m atua nas escolas da regi\u00e3o, executando a\u00e7\u00f5es educativas nas \u00e1reas de hist\u00f3ria, mem\u00f3ria, patrim\u00f4nio e meio-ambiente.<\/p>\n\n\n\n<p>Lattes: <a href=\"http:\/\/lattes.cnpq.br\/6370890642922178\">http:\/\/lattes.cnpq.br\/6370890642922178<\/a><\/p>\n","protected":false},"featured_media":1186,"template":"","meta":{"_acf_changed":true},"categoria":[9],"class_list":["post-800","participante","type-participante","status-publish","has-post-thumbnail","hentry","categoria-pesquisadores"],"acf":[],"_links":{"self":[{"href":"https:\/\/mg.passadospresentes.com.br\/ensino\/wp-json\/wp\/v2\/participante\/800","targetHints":{"allow":["GET"]}}],"collection":[{"href":"https:\/\/mg.passadospresentes.com.br\/ensino\/wp-json\/wp\/v2\/participante"}],"about":[{"href":"https:\/\/mg.passadospresentes.com.br\/ensino\/wp-json\/wp\/v2\/types\/participante"}],"wp:featuredmedia":[{"embeddable":true,"href":"https:\/\/mg.passadospresentes.com.br\/ensino\/wp-json\/wp\/v2\/media\/1186"}],"wp:attachment":[{"href":"https:\/\/mg.passadospresentes.com.br\/ensino\/wp-json\/wp\/v2\/media?parent=800"}],"wp:term":[{"taxonomy":"categoria","embeddable":true,"href":"https:\/\/mg.passadospresentes.com.br\/ensino\/wp-json\/wp\/v2\/categoria?post=800"}],"curies":[{"name":"wp","href":"https:\/\/api.w.org\/{rel}","templated":true}]}}