{"id":196,"date":"2024-10-24T19:25:38","date_gmt":"2024-10-24T22:25:38","guid":{"rendered":"https:\/\/mg.passadospresentes.com.br\/ensino\/?post_type=participante&#038;p=196"},"modified":"2025-12-08T14:14:06","modified_gmt":"2025-12-08T17:14:06","slug":"marcia","status":"publish","type":"participante","link":"https:\/\/mg.passadospresentes.com.br\/ensino\/participante\/marcia\/","title":{"rendered":"Luiz Gustavo Santos Cota"},"content":{"rendered":"\n<p>Mineiro de Ponte Nova, criado em um ambiente permeado pelo catolicismo popular, suas benzi\u00e7\u00f5es e outros mist\u00e9rios, hoje se define como agn\u00f3stico. Fascinado pelas mem\u00f3rias da m\u00e3e e dos av\u00f3s maternos e paternos (todos j\u00e1 \u201cencantados\u201d), que sempre evocaram um passado presente, formado por personagens da ro\u00e7a, especialmente negros e ind\u00edgenas, decidiu estudar Hist\u00f3ria para entender melhor o mundo em que vive e quem \u00e9. Possui gradua\u00e7\u00e3o em Hist\u00f3ria (Bacharelado e Licenciatura) pela Universidade Federal de Ouro Preto (2005), Mestrado em Hist\u00f3ria pela Universidade Federal de Juiz de Fora (2007) e Doutorado em Hist\u00f3ria Social pela Universidade Federal Fluminense (2013). Tem experi\u00eancia na \u00e1rea de Hist\u00f3ria, com \u00eanfase no estudo do processo de aboli\u00e7\u00e3o da escravid\u00e3o no Brasil, especialmente em Minas Gerais. Interessa-se ainda por pesquisas concernentes ao Ensino de Hist\u00f3ria e Humanidades; \u00e0s pol\u00edticas p\u00fablicas voltadas ao Patrim\u00f4nio Cultural; \u00e0s rela\u00e7\u00f5es \u00e9tnico-raciais no Brasil e \u00e0 din\u00e2mica das rela\u00e7\u00f5es entre as Ci\u00eancias Humanas e outros campos do conhecimento. Atua como professor do Col\u00e9gio de Aplica\u00e7\u00e3o (CAp-COLUNI) da Universidade Federal de Vi\u00e7osa (UFV).<\/p>\n","protected":false},"featured_media":1181,"template":"","meta":{"_acf_changed":true},"categoria":[8],"class_list":["post-196","participante","type-participante","status-publish","has-post-thumbnail","hentry","categoria-moderadores"],"acf":[],"_links":{"self":[{"href":"https:\/\/mg.passadospresentes.com.br\/ensino\/wp-json\/wp\/v2\/participante\/196","targetHints":{"allow":["GET"]}}],"collection":[{"href":"https:\/\/mg.passadospresentes.com.br\/ensino\/wp-json\/wp\/v2\/participante"}],"about":[{"href":"https:\/\/mg.passadospresentes.com.br\/ensino\/wp-json\/wp\/v2\/types\/participante"}],"wp:featuredmedia":[{"embeddable":true,"href":"https:\/\/mg.passadospresentes.com.br\/ensino\/wp-json\/wp\/v2\/media\/1181"}],"wp:attachment":[{"href":"https:\/\/mg.passadospresentes.com.br\/ensino\/wp-json\/wp\/v2\/media?parent=196"}],"wp:term":[{"taxonomy":"categoria","embeddable":true,"href":"https:\/\/mg.passadospresentes.com.br\/ensino\/wp-json\/wp\/v2\/categoria?post=196"}],"curies":[{"name":"wp","href":"https:\/\/api.w.org\/{rel}","templated":true}]}}