{"id":890,"date":"2025-02-13T12:08:42","date_gmt":"2025-02-13T15:08:42","guid":{"rendered":"https:\/\/mg.passadospresentes.com.br\/ensino\/?post_type=lugar&#038;p=890"},"modified":"2025-12-09T17:10:49","modified_gmt":"2025-12-09T20:10:49","slug":"largo-do-bar-do-patricio","status":"publish","type":"lugar","link":"https:\/\/mg.passadospresentes.com.br\/ensino\/lugar\/largo-do-bar-do-patricio\/","title":{"rendered":"Largo do Bar do Patr\u00edcio"},"content":{"rendered":"\n<p>Hist\u00f3rico: Local que marca a entrada no territ\u00f3rio quilombola do Bairro de F\u00e1tima a partir do bairro de Palmeiras, identificado por uma bifurca\u00e7\u00e3o na qual est\u00e1 localizada um estabelecimento comercial \u201cCasa do Patr\u00edcio\u201d. O local foi ponto de partida de \u201ccaminh\u00f5es de turma\u201d, ve\u00edculos do tipo \u201cpau de arara\u201d que levava trabalhadores para as colheitas de cana de a\u00e7\u00facar ou caf\u00e9 nas \u00e1reas rurais do munic\u00edpio.<\/p>\n\n\n\n<p>Ponto de Refer\u00eancia: Bar Casa do Patr\u00edcio<\/p>\n\n\n\n<iframe src=\"https:\/\/www.google.com\/maps\/d\/embed?mid=1Y4LSloxJhHQ5yZEmg_CykflK7xmRCAA&#038;ehbc=2E312F&#038;noprof=1\" width=\"640\" height=\"480\"><\/iframe>\n\n\n\n<iframe src=\"https:\/\/www.google.com\/maps\/d\/embed?mid=1nUU9dmoyKFQBgdgCpkX_-GETgpIjtvc&#038;ehbc=2E312F&#038;noprof=1\" width=\"640\" height=\"480\"><\/iframe>\n\n\n\n<p><\/p>\n","protected":false},"featured_media":891,"template":"","meta":{"_acf_changed":false},"class_list":["post-890","lugar","type-lugar","status-publish","has-post-thumbnail","hentry"],"acf":[],"_links":{"self":[{"href":"https:\/\/mg.passadospresentes.com.br\/ensino\/wp-json\/wp\/v2\/lugar\/890","targetHints":{"allow":["GET"]}}],"collection":[{"href":"https:\/\/mg.passadospresentes.com.br\/ensino\/wp-json\/wp\/v2\/lugar"}],"about":[{"href":"https:\/\/mg.passadospresentes.com.br\/ensino\/wp-json\/wp\/v2\/types\/lugar"}],"wp:featuredmedia":[{"embeddable":true,"href":"https:\/\/mg.passadospresentes.com.br\/ensino\/wp-json\/wp\/v2\/media\/891"}],"wp:attachment":[{"href":"https:\/\/mg.passadospresentes.com.br\/ensino\/wp-json\/wp\/v2\/media?parent=890"}],"curies":[{"name":"wp","href":"https:\/\/api.w.org\/{rel}","templated":true}]}}