{"id":808,"date":"2025-03-17T15:29:36","date_gmt":"2025-03-17T18:29:36","guid":{"rendered":"https:\/\/mg.passadospresentes.com.br\/cultura-material\/?post_type=participante&#038;p=808"},"modified":"2025-03-17T15:38:34","modified_gmt":"2025-03-17T18:38:34","slug":"baba-rhonnel-fatola-rhonnel-americo-silva","status":"publish","type":"participante","link":"https:\/\/mg.passadospresentes.com.br\/cultura-material\/participante\/baba-rhonnel-fatola-rhonnel-americo-silva\/","title":{"rendered":"Bab\u00e1 Rhonnel Fat\u00f2l\u00e1 (Rhonnel Am\u00e9rico Silva)"},"content":{"rendered":"\n<p>Mestre em Hist\u00f3ria pela UFSJ, Bab\u00e1 Rhonnel possui especializa\u00e7\u00f5es em Gest\u00e3o e Reforma Agr\u00e1ria e em Eco-turismo e Lazer (UFLA). \u00c9 graduado em Geografia (Unincor), \u00e9 Meta-Coaching e Treinador Comportamental certificado internacionalmente pela Sociedade Internacional de Neuro-sem\u00e2ntica. <\/p>\n\n\n\n<p>\u00c9 Babalorix\u00e1 e Babala\u00f4 fundador e dirigente do Templo Irossun Aj\u00ea &#8211; Il\u00ea Orix\u00e1 Emil\u00e1 desde 2008 \u2013 Templo de culto aos orix\u00e1s e encantados, localizado na cidade de Tr\u00eas Cora\u00e7\u00f5es, MG. \u00c9 associado ao Conselho Internacional para Religi\u00e3o de If\u00e1 (ICI) como membro da Isowo Ope Omo Irunmole, desde 2003. Nasceu em uma fam\u00edlia umbandista, onde come\u00e7ou suas atividades nessa religi\u00e3o aos 13 anos e foi iniciado no Candombl\u00e9 da na\u00e7\u00e3o de K\u00eato aos 16 anos. \u00c9 conselheiro da Ordem dos Capel\u00e3es do Brasil (OCB) desde 2020 e militante contra a intoler\u00e2ncia religiosa desde 2008.<br><\/p>\n\n\n\n<p><\/p>\n","protected":false},"featured_media":710,"template":"","meta":{"_acf_changed":false},"categoria":[9],"class_list":["post-808","participante","type-participante","status-publish","has-post-thumbnail","hentry","categoria-pesquisadores"],"acf":[],"_links":{"self":[{"href":"https:\/\/mg.passadospresentes.com.br\/cultura-material\/wp-json\/wp\/v2\/participante\/808","targetHints":{"allow":["GET"]}}],"collection":[{"href":"https:\/\/mg.passadospresentes.com.br\/cultura-material\/wp-json\/wp\/v2\/participante"}],"about":[{"href":"https:\/\/mg.passadospresentes.com.br\/cultura-material\/wp-json\/wp\/v2\/types\/participante"}],"wp:featuredmedia":[{"embeddable":true,"href":"https:\/\/mg.passadospresentes.com.br\/cultura-material\/wp-json\/wp\/v2\/media\/710"}],"wp:attachment":[{"href":"https:\/\/mg.passadospresentes.com.br\/cultura-material\/wp-json\/wp\/v2\/media?parent=808"}],"wp:term":[{"taxonomy":"categoria","embeddable":true,"href":"https:\/\/mg.passadospresentes.com.br\/cultura-material\/wp-json\/wp\/v2\/categoria?post=808"}],"curies":[{"name":"wp","href":"https:\/\/api.w.org\/{rel}","templated":true}]}}