{"id":191,"date":"2024-10-24T19:23:08","date_gmt":"2024-10-24T22:23:08","guid":{"rendered":"https:\/\/mg.passadospresentes.com.br\/cultura-material\/?post_type=participante&#038;p=191"},"modified":"2025-07-22T18:22:45","modified_gmt":"2025-07-22T21:22:45","slug":"maeanamaria","status":"publish","type":"participante","link":"https:\/\/mg.passadospresentes.com.br\/cultura-material\/participante\/maeanamaria\/","title":{"rendered":"M\u00e3e Ana Maria de Ians\u00e3"},"content":{"rendered":"\n<p>M\u00e3e Ana de Ians\u00e3 do Terreiro de Umbanda Caboclo Pedra Branca, \u00e9 mulher negra, m\u00e3e, av\u00f3 e ativista em favor das popula\u00e7\u00f5es negras do sul de Minas Gerais e pelas culturas de matrizes africanas e ind\u00edgenas locais. \u00c9 representante da C\u00e2mara Setorial de Culturas Tradicionais no Conselho Municipal de Cultura de Po\u00e7os de Caldas e presidente da Associa\u00e7\u00e3o Afro Ancestral de Po\u00e7os de Caldas (MG), criada e mantida por ela e sua fam\u00edlia (irm\u00e3s, filhos, netas, cunhados e amigos da fam\u00edlia). <\/p>\n\n\n\n<p>M\u00e3e Ana est\u00e1 inserida no contexto afro-religioso desde a inf\u00e2ncia a partir do seu contexto familiar e seus antepassados. Al\u00e9m dos atendimentos espirituais como sacerdotisa da umbanda, \u00e9 tamb\u00e9m uma lideran\u00e7a sociocultural pelas organiza\u00e7\u00f5es de Matrizes Africanas desde 1980, sendo respons\u00e1vel pela cria\u00e7\u00e3o em Po\u00e7os de Caldas dos \u201cEncontros de Curimba\u201d e tamb\u00e9m pela execu\u00e7\u00e3o do \u201cTributo aos Orix\u00e1s\u201d, eventos que organiza h\u00e1 uma d\u00e9cada. M\u00e3e Ana tamb\u00e9m \u00e9 participante e cocriadora no projeto Documental \u201cCuras\u201d (IFSULMINAS &#8211; Campus Po\u00e7os de Caldas) \/ Projeto de Extens\u00e3o Nipe.<br><br><\/p>\n\n\n\n<p><\/p>\n","protected":false},"featured_media":920,"template":"","meta":{"_acf_changed":true},"categoria":[7],"class_list":["post-191","participante","type-participante","status-publish","has-post-thumbnail","hentry","categoria-detentores"],"acf":[],"_links":{"self":[{"href":"https:\/\/mg.passadospresentes.com.br\/cultura-material\/wp-json\/wp\/v2\/participante\/191","targetHints":{"allow":["GET"]}}],"collection":[{"href":"https:\/\/mg.passadospresentes.com.br\/cultura-material\/wp-json\/wp\/v2\/participante"}],"about":[{"href":"https:\/\/mg.passadospresentes.com.br\/cultura-material\/wp-json\/wp\/v2\/types\/participante"}],"wp:featuredmedia":[{"embeddable":true,"href":"https:\/\/mg.passadospresentes.com.br\/cultura-material\/wp-json\/wp\/v2\/media\/920"}],"wp:attachment":[{"href":"https:\/\/mg.passadospresentes.com.br\/cultura-material\/wp-json\/wp\/v2\/media?parent=191"}],"wp:term":[{"taxonomy":"categoria","embeddable":true,"href":"https:\/\/mg.passadospresentes.com.br\/cultura-material\/wp-json\/wp\/v2\/categoria?post=191"}],"curies":[{"name":"wp","href":"https:\/\/api.w.org\/{rel}","templated":true}]}}