{"id":1906,"date":"2025-12-07T16:24:13","date_gmt":"2025-12-07T19:24:13","guid":{"rendered":"https:\/\/mg.passadospresentes.com.br\/cidades-negras\/?post_type=participante&#038;p=1906"},"modified":"2025-12-07T19:37:00","modified_gmt":"2025-12-07T22:37:00","slug":"joao-paulo-lopes","status":"publish","type":"participante","link":"https:\/\/mg.passadospresentes.com.br\/cidades-negras\/participante\/joao-paulo-lopes\/","title":{"rendered":"Jo\u00e3o Paulo Lopes"},"content":{"rendered":"\n<p>Jo\u00e3o Paulo Lopes \u00e9 Graduado e Mestre em Hist\u00f3ria pela UFMG e doutor na mesma \u00e1rea pela UERJ. Foi Visting Researcher na Boston University. \u00c9 Professor de Hist\u00f3ria na Rede Federal Tecnol\u00f3gica no Instituto Federal do Sul de Minas Gerais atuando no ensino m\u00e9dio e Licenciatura em Hist\u00f3ria. \u00c9 autor de artigos na \u00e1rea de Hist\u00f3ria com os temas do P\u00f3s-Aboli\u00e7\u00e3o, Hist\u00f3ria do Brasil Republicano, Hist\u00f3ria intelectual e Historiografia Brasileira, Educa\u00e7\u00e3o Antirracista e Hist\u00f3ria Negra. Atualmente \u00e9 coordenador-executivo do Projeto: &#8220;Passados-Presentes: Patrim\u00f4nios e Mem\u00f3rias Negras e Afro-ind\u00edgenas em Minas Gerais&#8221;. E tamb\u00e9m \u00e9 coordenador do N\u00facleo de Estudos Afro-Brasileiros e \u00cdndigenas do Campus Inconfidentes do IFSULDEMINAS, onde trabalha, al\u00e9m de dirigir o Centro de Mem\u00f3ria e Documenta\u00e7\u00e3o da institui\u00e7\u00e3o. \u00c9 membro-fundador do Instituto Hist\u00f3rico e Geogr\u00e1fico do Sul de Minas Gerais.<\/p>\n","protected":false},"featured_media":1930,"template":"","meta":{"_acf_changed":true},"categoria":[9],"class_list":["post-1906","participante","type-participante","status-publish","has-post-thumbnail","hentry","categoria-pesquisadores"],"acf":[],"_links":{"self":[{"href":"https:\/\/mg.passadospresentes.com.br\/cidades-negras\/wp-json\/wp\/v2\/participante\/1906","targetHints":{"allow":["GET"]}}],"collection":[{"href":"https:\/\/mg.passadospresentes.com.br\/cidades-negras\/wp-json\/wp\/v2\/participante"}],"about":[{"href":"https:\/\/mg.passadospresentes.com.br\/cidades-negras\/wp-json\/wp\/v2\/types\/participante"}],"wp:featuredmedia":[{"embeddable":true,"href":"https:\/\/mg.passadospresentes.com.br\/cidades-negras\/wp-json\/wp\/v2\/media\/1930"}],"wp:attachment":[{"href":"https:\/\/mg.passadospresentes.com.br\/cidades-negras\/wp-json\/wp\/v2\/media?parent=1906"}],"wp:term":[{"taxonomy":"categoria","embeddable":true,"href":"https:\/\/mg.passadospresentes.com.br\/cidades-negras\/wp-json\/wp\/v2\/categoria?post=1906"}],"curies":[{"name":"wp","href":"https:\/\/api.w.org\/{rel}","templated":true}]}}