{"id":984,"date":"2025-06-10T01:45:10","date_gmt":"2025-06-10T04:45:10","guid":{"rendered":"https:\/\/mg.passadospresentes.com.br\/cidades-negras\/?page_id=984"},"modified":"2025-10-30T08:15:02","modified_gmt":"2025-10-30T11:15:02","slug":"sao-joao-del-rei","status":"publish","type":"page","link":"https:\/\/mg.passadospresentes.com.br\/cidades-negras\/sao-joao-del-rei\/","title":{"rendered":"Verbetes relacionados \u00e0 cidade de S\u00e3o Jo\u00e3o del-Rei"},"content":{"rendered":"\n<p>Verbetes<\/p>\n\n\n\n<figure class=\"wp-block-gallery has-nested-images columns-default is-cropped wp-block-gallery-1 is-layout-flex wp-block-gallery-is-layout-flex\">\n<figure class=\"wp-block-image size-full\"><img fetchpriority=\"high\" decoding=\"async\" width=\"307\" height=\"409\" data-id=\"987\" src=\"https:\/\/mg.passadospresentes.com.br\/cidades-negras\/wp-content\/uploads\/sites\/5\/2025\/06\/Captura-de-tela-2025-06-09-232709.png\" alt=\"\" class=\"wp-image-987\" srcset=\"https:\/\/mg.passadospresentes.com.br\/cidades-negras\/wp-content\/uploads\/sites\/5\/2025\/06\/Captura-de-tela-2025-06-09-232709.png 307w, https:\/\/mg.passadospresentes.com.br\/cidades-negras\/wp-content\/uploads\/sites\/5\/2025\/06\/Captura-de-tela-2025-06-09-232709-225x300.png 225w\" sizes=\"(max-width: 307px) 100vw, 307px\" \/><figcaption class=\"wp-element-caption\"><strong><a href=\"https:\/\/mg.passadospresentes.com.br\/cidades-negras\/verbete-irmandade-nossa-senhora-do-rosario-de-sao-joao-del-rei\/\">Irmandade Nossa Senhora do Ros\u00e1rio de S\u00e3o Jo\u00e3o del-Rei<\/a><\/strong><\/figcaption><\/figure>\n\n\n\n<figure class=\"wp-block-image size-large\"><img decoding=\"async\" width=\"724\" height=\"499\" data-id=\"988\" src=\"https:\/\/mg.passadospresentes.com.br\/cidades-negras\/wp-content\/uploads\/sites\/5\/2025\/06\/Captura-de-tela-2025-06-09-232440.png\" alt=\"\" class=\"wp-image-988\" srcset=\"https:\/\/mg.passadospresentes.com.br\/cidades-negras\/wp-content\/uploads\/sites\/5\/2025\/06\/Captura-de-tela-2025-06-09-232440.png 724w, https:\/\/mg.passadospresentes.com.br\/cidades-negras\/wp-content\/uploads\/sites\/5\/2025\/06\/Captura-de-tela-2025-06-09-232440-300x207.png 300w\" sizes=\"(max-width: 724px) 100vw, 724px\" \/><figcaption class=\"wp-element-caption\"><strong><a href=\"https:\/\/mg.passadospresentes.com.br\/cidades-negras\/verbete-morro-da-forca\/\">Forca<\/a><\/strong><\/figcaption><\/figure>\n\n\n\n<figure class=\"wp-block-image size-full\"><img decoding=\"async\" width=\"655\" height=\"429\" data-id=\"990\" src=\"https:\/\/mg.passadospresentes.com.br\/cidades-negras\/wp-content\/uploads\/sites\/5\/2025\/06\/Captura-de-tela-2025-06-09-235128.png\" alt=\"\" class=\"wp-image-990\" srcset=\"https:\/\/mg.passadospresentes.com.br\/cidades-negras\/wp-content\/uploads\/sites\/5\/2025\/06\/Captura-de-tela-2025-06-09-235128.png 655w, https:\/\/mg.passadospresentes.com.br\/cidades-negras\/wp-content\/uploads\/sites\/5\/2025\/06\/Captura-de-tela-2025-06-09-235128-300x196.png 300w\" sizes=\"(max-width: 655px) 100vw, 655px\" \/><figcaption class=\"wp-element-caption\"><strong><a href=\"https:\/\/mg.passadospresentes.com.br\/cidades-negras\/verbete-orquestra-lira-sanjoanense\/\">Orquestra Lira Sanjoanense&nbsp;<\/a><\/strong><\/figcaption><\/figure>\n\n\n\n<figure class=\"wp-block-image size-medium\"><img loading=\"lazy\" decoding=\"async\" width=\"202\" height=\"300\" data-id=\"993\" src=\"https:\/\/mg.passadospresentes.com.br\/cidades-negras\/wp-content\/uploads\/sites\/5\/2025\/06\/Captura-de-tela-2025-06-10-000640-202x300.png\" alt=\"\" class=\"wp-image-993\" srcset=\"https:\/\/mg.passadospresentes.com.br\/cidades-negras\/wp-content\/uploads\/sites\/5\/2025\/06\/Captura-de-tela-2025-06-10-000640-202x300.png 202w, https:\/\/mg.passadospresentes.com.br\/cidades-negras\/wp-content\/uploads\/sites\/5\/2025\/06\/Captura-de-tela-2025-06-10-000640.png 411w\" sizes=\"(max-width: 202px) 100vw, 202px\" \/><figcaption class=\"wp-element-caption\">&nbsp;<a href=\"https:\/\/mg.passadospresentes.com.br\/cidades-negras\/verbete-orquestra-ribeiro-bastos\/\"> <strong>Orquestra Ribeiro Bastos<\/strong><\/a><\/figcaption><\/figure>\n\n\n\n<figure class=\"wp-block-image size-large\"><img loading=\"lazy\" decoding=\"async\" width=\"699\" height=\"463\" data-id=\"994\" src=\"https:\/\/mg.passadospresentes.com.br\/cidades-negras\/wp-content\/uploads\/sites\/5\/2025\/06\/Captura-de-tela-2025-06-10-004918.png\" alt=\"\" class=\"wp-image-994\" srcset=\"https:\/\/mg.passadospresentes.com.br\/cidades-negras\/wp-content\/uploads\/sites\/5\/2025\/06\/Captura-de-tela-2025-06-10-004918.png 699w, https:\/\/mg.passadospresentes.com.br\/cidades-negras\/wp-content\/uploads\/sites\/5\/2025\/06\/Captura-de-tela-2025-06-10-004918-300x199.png 300w\" sizes=\"(max-width: 699px) 100vw, 699px\" \/><figcaption class=\"wp-element-caption\"><a href=\"https:\/\/mg.passadospresentes.com.br\/cidades-negras\/verbete-pelourinho\/\"><strong>Pelourinho<\/strong><\/a><\/figcaption><\/figure>\n\n\n\n<figure class=\"wp-block-image size-large\"><img loading=\"lazy\" decoding=\"async\" width=\"802\" height=\"453\" data-id=\"996\" src=\"https:\/\/mg.passadospresentes.com.br\/cidades-negras\/wp-content\/uploads\/sites\/5\/2025\/06\/Captura-de-tela-2025-06-10-010518.png\" alt=\"\" class=\"wp-image-996\" srcset=\"https:\/\/mg.passadospresentes.com.br\/cidades-negras\/wp-content\/uploads\/sites\/5\/2025\/06\/Captura-de-tela-2025-06-10-010518.png 802w, https:\/\/mg.passadospresentes.com.br\/cidades-negras\/wp-content\/uploads\/sites\/5\/2025\/06\/Captura-de-tela-2025-06-10-010518-300x169.png 300w, https:\/\/mg.passadospresentes.com.br\/cidades-negras\/wp-content\/uploads\/sites\/5\/2025\/06\/Captura-de-tela-2025-06-10-010518-768x434.png 768w\" sizes=\"(max-width: 802px) 100vw, 802px\" \/><figcaption class=\"wp-element-caption\"><a href=\"https:\/\/mg.passadospresentes.com.br\/cidades-negras\/verbete-banda-theodoro-de-faria\/\"><strong>Banda Theodoro de Faria<\/strong><\/a><\/figcaption><\/figure>\n<\/figure>\n\n\n\n<p class=\"has-small-font-size\"><\/p>\n\n\n\n<figure class=\"wp-block-gallery has-nested-images columns-default is-cropped wp-block-gallery-2 is-layout-flex wp-block-gallery-is-layout-flex\">\n<figure class=\"wp-block-image size-medium\"><img loading=\"lazy\" decoding=\"async\" width=\"300\" height=\"168\" data-id=\"1126\" src=\"https:\/\/mg.passadospresentes.com.br\/cidades-negras\/wp-content\/uploads\/sites\/5\/2025\/06\/image-300x168.png\" alt=\"\" class=\"wp-image-1126\" srcset=\"https:\/\/mg.passadospresentes.com.br\/cidades-negras\/wp-content\/uploads\/sites\/5\/2025\/06\/image-300x168.png 300w, https:\/\/mg.passadospresentes.com.br\/cidades-negras\/wp-content\/uploads\/sites\/5\/2025\/06\/image.png 662w\" sizes=\"(max-width: 300px) 100vw, 300px\" \/><figcaption class=\"wp-element-caption\"><a href=\"https:\/\/mg.passadospresentes.com.br\/cidades-negras\/verbete-mocambique-e-catupe-nossa-senhora-do-rosario-e-sao-benedito-e-capela-do-rosario-do-bairro-sao-dimas\/\"><strong><em>Mo\u00e7ambique e Catup\u00e9 Nossa Senhora do Ros\u00e1rio e S\u00e3o Benedito e Capela do Ros\u00e1rio do bairro S\u00e3o Dimas<\/em><\/strong><\/a><\/figcaption><\/figure>\n\n\n\n<figure class=\"wp-block-image size-medium\"><img loading=\"lazy\" decoding=\"async\" width=\"300\" height=\"199\" data-id=\"1132\" src=\"https:\/\/mg.passadospresentes.com.br\/cidades-negras\/wp-content\/uploads\/sites\/5\/2025\/06\/Confraria-sao-goncalo-1-300x199.png\" alt=\"\" class=\"wp-image-1132\" srcset=\"https:\/\/mg.passadospresentes.com.br\/cidades-negras\/wp-content\/uploads\/sites\/5\/2025\/06\/Confraria-sao-goncalo-1-300x199.png 300w, https:\/\/mg.passadospresentes.com.br\/cidades-negras\/wp-content\/uploads\/sites\/5\/2025\/06\/Confraria-sao-goncalo-1.png 601w\" sizes=\"(max-width: 300px) 100vw, 300px\" \/><figcaption class=\"wp-element-caption\"><a href=\"https:\/\/mg.passadospresentes.com.br\/cidades-negras\/verbete-confraria-de-sao-goncalo-garcia\/\"><strong>Confraria de S\u00e3o Gon\u00e7alo Garcia<\/strong><\/a><\/figcaption><\/figure>\n\n\n\n<figure class=\"wp-block-image size-medium\"><img loading=\"lazy\" decoding=\"async\" width=\"300\" height=\"197\" data-id=\"1152\" src=\"https:\/\/mg.passadospresentes.com.br\/cidades-negras\/wp-content\/uploads\/sites\/5\/2025\/06\/festa-do-divino-3-300x197.png\" alt=\"\" class=\"wp-image-1152\" srcset=\"https:\/\/mg.passadospresentes.com.br\/cidades-negras\/wp-content\/uploads\/sites\/5\/2025\/06\/festa-do-divino-3-300x197.png 300w, https:\/\/mg.passadospresentes.com.br\/cidades-negras\/wp-content\/uploads\/sites\/5\/2025\/06\/festa-do-divino-3.png 659w\" sizes=\"(max-width: 300px) 100vw, 300px\" \/><figcaption class=\"wp-element-caption\"><a href=\"https:\/\/mg.passadospresentes.com.br\/cidades-negras\/verbete-festa-do-divino-espirito-santo\/\"><strong>Festa do Divino Esp\u00edrito Santo<\/strong><\/a><\/figcaption><\/figure>\n<\/figure>\n\n\n\n<figure class=\"wp-block-gallery has-nested-images columns-default is-cropped wp-block-gallery-3 is-layout-flex wp-block-gallery-is-layout-flex\">\n<figure class=\"wp-block-image size-large\"><img loading=\"lazy\" decoding=\"async\" width=\"1024\" height=\"1024\" data-id=\"932\" src=\"https:\/\/mg.passadospresentes.com.br\/cidades-negras\/wp-content\/uploads\/sites\/5\/2024\/10\/PUBLICACOES-AGENDADAS-3-1024x1024.png\" alt=\"\" class=\"wp-image-932\" srcset=\"https:\/\/mg.passadospresentes.com.br\/cidades-negras\/wp-content\/uploads\/sites\/5\/2024\/10\/PUBLICACOES-AGENDADAS-3-1024x1024.png 1024w, https:\/\/mg.passadospresentes.com.br\/cidades-negras\/wp-content\/uploads\/sites\/5\/2024\/10\/PUBLICACOES-AGENDADAS-3-300x300.png 300w, https:\/\/mg.passadospresentes.com.br\/cidades-negras\/wp-content\/uploads\/sites\/5\/2024\/10\/PUBLICACOES-AGENDADAS-3-150x150.png 150w, https:\/\/mg.passadospresentes.com.br\/cidades-negras\/wp-content\/uploads\/sites\/5\/2024\/10\/PUBLICACOES-AGENDADAS-3-768x768.png 768w, https:\/\/mg.passadospresentes.com.br\/cidades-negras\/wp-content\/uploads\/sites\/5\/2024\/10\/PUBLICACOES-AGENDADAS-3.png 1080w\" sizes=\"(max-width: 1024px) 100vw, 1024px\" \/><figcaption class=\"wp-element-caption\"><a href=\"https:\/\/mg.passadospresentes.com.br\/cidades-negras\/verbete-tenda-espirita-pai-joaquim-de-angola\/\" data-type=\"page\" data-id=\"1287\"><strong>Tenda Esp\u00edrita Pai Joaquim de Angola<\/strong><\/a><\/figcaption><\/figure>\n\n\n\n<figure class=\"wp-block-image size-large\"><img loading=\"lazy\" decoding=\"async\" width=\"1024\" height=\"682\" data-id=\"1710\" src=\"https:\/\/mg.passadospresentes.com.br\/cidades-negras\/wp-content\/uploads\/sites\/5\/2025\/10\/image-1024x682.png\" alt=\"\" class=\"wp-image-1710\" srcset=\"https:\/\/mg.passadospresentes.com.br\/cidades-negras\/wp-content\/uploads\/sites\/5\/2025\/10\/image-1024x682.png 1024w, https:\/\/mg.passadospresentes.com.br\/cidades-negras\/wp-content\/uploads\/sites\/5\/2025\/10\/image-300x200.png 300w, https:\/\/mg.passadospresentes.com.br\/cidades-negras\/wp-content\/uploads\/sites\/5\/2025\/10\/image-768x512.png 768w, https:\/\/mg.passadospresentes.com.br\/cidades-negras\/wp-content\/uploads\/sites\/5\/2025\/10\/image.png 1225w\" sizes=\"(max-width: 1024px) 100vw, 1024px\" \/><figcaption class=\"wp-element-caption\"><a href=\"https:\/\/mg.passadospresentes.com.br\/cidades-negras\/verbete-associacao-afro-brasileira-casa-do-tesouro-egbe-ile-omidewa-ase-igbolayo\/\" data-type=\"page\" data-id=\"1668\">Associa\u00e7\u00e3o Afro Brasileira Casa do Tesouro (Egbe Il\u00ea Omidewa As\u00e9 Igbolayo)<\/a><\/figcaption><\/figure>\n\n\n\n<figure class=\"wp-block-image size-large\"><img loading=\"lazy\" decoding=\"async\" width=\"1024\" height=\"1024\" data-id=\"1283\" src=\"https:\/\/mg.passadospresentes.com.br\/cidades-negras\/wp-content\/uploads\/sites\/5\/2025\/09\/87-1024x1024.jpg\" alt=\"\" class=\"wp-image-1283\" srcset=\"https:\/\/mg.passadospresentes.com.br\/cidades-negras\/wp-content\/uploads\/sites\/5\/2025\/09\/87-1024x1024.jpg 1024w, https:\/\/mg.passadospresentes.com.br\/cidades-negras\/wp-content\/uploads\/sites\/5\/2025\/09\/87-300x300.jpg 300w, https:\/\/mg.passadospresentes.com.br\/cidades-negras\/wp-content\/uploads\/sites\/5\/2025\/09\/87-150x150.jpg 150w, https:\/\/mg.passadospresentes.com.br\/cidades-negras\/wp-content\/uploads\/sites\/5\/2025\/09\/87-768x768.jpg 768w, https:\/\/mg.passadospresentes.com.br\/cidades-negras\/wp-content\/uploads\/sites\/5\/2025\/09\/87.jpg 1080w\" sizes=\"(max-width: 1024px) 100vw, 1024px\" \/><figcaption class=\"wp-element-caption\"><a href=\"https:\/\/mg.passadospresentes.com.br\/cidades-negras\/verbete-ile-axe-omoloco-ti-oxossi-ogbani\/\" data-type=\"page\" data-id=\"1293\"><strong>Il\u00ea Ax\u00e9 Omoloc\u00f4 Ti Ox\u00f3ssi Ogbani<\/strong><\/a><\/figcaption><\/figure>\n\n\n\n<figure class=\"wp-block-image size-large\"><img loading=\"lazy\" decoding=\"async\" width=\"1024\" height=\"1024\" data-id=\"1284\" src=\"https:\/\/mg.passadospresentes.com.br\/cidades-negras\/wp-content\/uploads\/sites\/5\/2025\/09\/88-1024x1024.jpg\" alt=\"\" class=\"wp-image-1284\" srcset=\"https:\/\/mg.passadospresentes.com.br\/cidades-negras\/wp-content\/uploads\/sites\/5\/2025\/09\/88-1024x1024.jpg 1024w, https:\/\/mg.passadospresentes.com.br\/cidades-negras\/wp-content\/uploads\/sites\/5\/2025\/09\/88-300x300.jpg 300w, https:\/\/mg.passadospresentes.com.br\/cidades-negras\/wp-content\/uploads\/sites\/5\/2025\/09\/88-150x150.jpg 150w, https:\/\/mg.passadospresentes.com.br\/cidades-negras\/wp-content\/uploads\/sites\/5\/2025\/09\/88-768x768.jpg 768w, https:\/\/mg.passadospresentes.com.br\/cidades-negras\/wp-content\/uploads\/sites\/5\/2025\/09\/88.jpg 1080w\" sizes=\"(max-width: 1024px) 100vw, 1024px\" \/><figcaption class=\"wp-element-caption\"><a href=\"https:\/\/mg.passadospresentes.com.br\/cidades-negras\/verbete-ile-axe-omin-ina-opara-oju-aganju\/\" data-type=\"page\" data-id=\"1299\"><strong>Il\u00ea Ax\u00e9 Omin I<\/strong><\/a><a href=\"https:\/\/mg.passadospresentes.com.br\/cidades-negras\/verbete-ile-axe-omin-ina-opara-oju-aganju\/\" data-type=\"page\" data-id=\"1299\"><strong>n\u00e3 Opar\u00e1 Oju Aganju<\/strong><\/a><\/figcaption><\/figure>\n\n\n\n<figure class=\"wp-block-image size-large\"><img loading=\"lazy\" decoding=\"async\" width=\"1024\" height=\"1024\" data-id=\"1286\" src=\"https:\/\/mg.passadospresentes.com.br\/cidades-negras\/wp-content\/uploads\/sites\/5\/2025\/09\/90-1024x1024.jpg\" alt=\"\" class=\"wp-image-1286\" srcset=\"https:\/\/mg.passadospresentes.com.br\/cidades-negras\/wp-content\/uploads\/sites\/5\/2025\/09\/90-1024x1024.jpg 1024w, https:\/\/mg.passadospresentes.com.br\/cidades-negras\/wp-content\/uploads\/sites\/5\/2025\/09\/90-300x300.jpg 300w, https:\/\/mg.passadospresentes.com.br\/cidades-negras\/wp-content\/uploads\/sites\/5\/2025\/09\/90-150x150.jpg 150w, https:\/\/mg.passadospresentes.com.br\/cidades-negras\/wp-content\/uploads\/sites\/5\/2025\/09\/90-768x768.jpg 768w, https:\/\/mg.passadospresentes.com.br\/cidades-negras\/wp-content\/uploads\/sites\/5\/2025\/09\/90.jpg 1080w\" sizes=\"(max-width: 1024px) 100vw, 1024px\" \/><figcaption class=\"wp-element-caption\"><a href=\"https:\/\/mg.passadospresentes.com.br\/cidades-negras\/verbete-grupo-de-inculturacao-afrodescendentes-raizes-da-terra\/\" data-type=\"link\" data-id=\"https:\/\/mg.passadospresentes.com.br\/cidades-negras\/verbete-grupo-de-inculturacao-afrodescendentes-raizes-da-terra\/\"><strong>Grupo de Incultura\u00e7\u00e3o Afrodescendentes Ra\u00edzes da Terra<\/strong><\/a><\/figcaption><\/figure>\n\n\n\n<figure class=\"wp-block-image size-large\"><img loading=\"lazy\" decoding=\"async\" width=\"1024\" height=\"1024\" data-id=\"1307\" src=\"https:\/\/mg.passadospresentes.com.br\/cidades-negras\/wp-content\/uploads\/sites\/5\/2025\/09\/PUBLICACOES-AGENDADAS-1024x1024.jpg\" alt=\"\" class=\"wp-image-1307\" srcset=\"https:\/\/mg.passadospresentes.com.br\/cidades-negras\/wp-content\/uploads\/sites\/5\/2025\/09\/PUBLICACOES-AGENDADAS-1024x1024.jpg 1024w, https:\/\/mg.passadospresentes.com.br\/cidades-negras\/wp-content\/uploads\/sites\/5\/2025\/09\/PUBLICACOES-AGENDADAS-300x300.jpg 300w, https:\/\/mg.passadospresentes.com.br\/cidades-negras\/wp-content\/uploads\/sites\/5\/2025\/09\/PUBLICACOES-AGENDADAS-150x150.jpg 150w, https:\/\/mg.passadospresentes.com.br\/cidades-negras\/wp-content\/uploads\/sites\/5\/2025\/09\/PUBLICACOES-AGENDADAS-768x768.jpg 768w, https:\/\/mg.passadospresentes.com.br\/cidades-negras\/wp-content\/uploads\/sites\/5\/2025\/09\/PUBLICACOES-AGENDADAS.jpg 1080w\" sizes=\"(max-width: 1024px) 100vw, 1024px\" \/><figcaption class=\"wp-element-caption\"><strong><a href=\"https:\/\/mg.passadospresentes.com.br\/cidades-negras\/verbete-gremio-recreativo-escola-de-samba-bate-paus\/\" data-type=\"page\" data-id=\"1308\">Gr\u00eamio Recreativo Escola de Samba Bate Paus<\/a><\/strong><\/figcaption><\/figure>\n\n\n\n<figure class=\"wp-block-image size-large\"><img loading=\"lazy\" decoding=\"async\" width=\"1024\" height=\"1024\" data-id=\"1685\" src=\"https:\/\/mg.passadospresentes.com.br\/cidades-negras\/wp-content\/uploads\/sites\/5\/2025\/10\/112-1024x1024.png\" alt=\"\" class=\"wp-image-1685\" srcset=\"https:\/\/mg.passadospresentes.com.br\/cidades-negras\/wp-content\/uploads\/sites\/5\/2025\/10\/112-1024x1024.png 1024w, https:\/\/mg.passadospresentes.com.br\/cidades-negras\/wp-content\/uploads\/sites\/5\/2025\/10\/112-300x300.png 300w, https:\/\/mg.passadospresentes.com.br\/cidades-negras\/wp-content\/uploads\/sites\/5\/2025\/10\/112-150x150.png 150w, https:\/\/mg.passadospresentes.com.br\/cidades-negras\/wp-content\/uploads\/sites\/5\/2025\/10\/112-768x768.png 768w, https:\/\/mg.passadospresentes.com.br\/cidades-negras\/wp-content\/uploads\/sites\/5\/2025\/10\/112.png 1080w\" sizes=\"(max-width: 1024px) 100vw, 1024px\" \/><figcaption class=\"wp-element-caption\"><a href=\"https:\/\/mg.passadospresentes.com.br\/cidades-negras\/verbete-benzedeiras-e-benzedores\/\" data-type=\"page\" data-id=\"1673\">Benzedeiras e benzedores<\/a><\/figcaption><\/figure>\n\n\n\n<figure class=\"wp-block-image size-large\"><img loading=\"lazy\" decoding=\"async\" width=\"1024\" height=\"1024\" data-id=\"1683\" src=\"https:\/\/mg.passadospresentes.com.br\/cidades-negras\/wp-content\/uploads\/sites\/5\/2025\/10\/109-1024x1024.png\" alt=\"\" class=\"wp-image-1683\" srcset=\"https:\/\/mg.passadospresentes.com.br\/cidades-negras\/wp-content\/uploads\/sites\/5\/2025\/10\/109-1024x1024.png 1024w, https:\/\/mg.passadospresentes.com.br\/cidades-negras\/wp-content\/uploads\/sites\/5\/2025\/10\/109-300x300.png 300w, https:\/\/mg.passadospresentes.com.br\/cidades-negras\/wp-content\/uploads\/sites\/5\/2025\/10\/109-150x150.png 150w, https:\/\/mg.passadospresentes.com.br\/cidades-negras\/wp-content\/uploads\/sites\/5\/2025\/10\/109-768x768.png 768w, https:\/\/mg.passadospresentes.com.br\/cidades-negras\/wp-content\/uploads\/sites\/5\/2025\/10\/109.png 1080w\" sizes=\"(max-width: 1024px) 100vw, 1024px\" \/><figcaption class=\"wp-element-caption\"><strong><a href=\"https:\/\/mg.passadospresentes.com.br\/cidades-negras\/verbete-benzeduras-e-benzimentos\/\" data-type=\"page\" data-id=\"1676\">Benzeduras e benzimentos<\/a><\/strong><\/figcaption><\/figure>\n\n\n\n<figure class=\"wp-block-image size-large\"><img loading=\"lazy\" decoding=\"async\" width=\"1024\" height=\"1024\" data-id=\"1688\" src=\"https:\/\/mg.passadospresentes.com.br\/cidades-negras\/wp-content\/uploads\/sites\/5\/2025\/10\/108-1024x1024.png\" alt=\"\" class=\"wp-image-1688\" srcset=\"https:\/\/mg.passadospresentes.com.br\/cidades-negras\/wp-content\/uploads\/sites\/5\/2025\/10\/108-1024x1024.png 1024w, https:\/\/mg.passadospresentes.com.br\/cidades-negras\/wp-content\/uploads\/sites\/5\/2025\/10\/108-300x300.png 300w, https:\/\/mg.passadospresentes.com.br\/cidades-negras\/wp-content\/uploads\/sites\/5\/2025\/10\/108-150x150.png 150w, https:\/\/mg.passadospresentes.com.br\/cidades-negras\/wp-content\/uploads\/sites\/5\/2025\/10\/108-768x768.png 768w, https:\/\/mg.passadospresentes.com.br\/cidades-negras\/wp-content\/uploads\/sites\/5\/2025\/10\/108.png 1080w\" sizes=\"(max-width: 1024px) 100vw, 1024px\" \/><figcaption class=\"wp-element-caption\"><a href=\"https:\/\/mg.passadospresentes.com.br\/cidades-negras\/verbete-aguamento\/\" data-type=\"page\" data-id=\"1678\">Aguam<\/a><a href=\"https:\/\/mg.passadospresentes.com.br\/cidades-negras\/verbete-aguamento\/\" data-type=\"page\" data-id=\"1678\">ento<\/a><\/figcaption><\/figure>\n<\/figure>\n\n\n\n<p><\/p>\n","protected":false},"excerpt":{"rendered":"<p>Verbetes<\/p>\n","protected":false},"author":2,"featured_media":0,"parent":0,"menu_order":0,"comment_status":"closed","ping_status":"closed","template":"","meta":{"_acf_changed":false,"footnotes":""},"class_list":["post-984","page","type-page","status-publish","hentry"],"acf":[],"_links":{"self":[{"href":"https:\/\/mg.passadospresentes.com.br\/cidades-negras\/wp-json\/wp\/v2\/pages\/984","targetHints":{"allow":["GET"]}}],"collection":[{"href":"https:\/\/mg.passadospresentes.com.br\/cidades-negras\/wp-json\/wp\/v2\/pages"}],"about":[{"href":"https:\/\/mg.passadospresentes.com.br\/cidades-negras\/wp-json\/wp\/v2\/types\/page"}],"author":[{"embeddable":true,"href":"https:\/\/mg.passadospresentes.com.br\/cidades-negras\/wp-json\/wp\/v2\/users\/2"}],"replies":[{"embeddable":true,"href":"https:\/\/mg.passadospresentes.com.br\/cidades-negras\/wp-json\/wp\/v2\/comments?post=984"}],"version-history":[{"count":9,"href":"https:\/\/mg.passadospresentes.com.br\/cidades-negras\/wp-json\/wp\/v2\/pages\/984\/revisions"}],"predecessor-version":[{"id":1712,"href":"https:\/\/mg.passadospresentes.com.br\/cidades-negras\/wp-json\/wp\/v2\/pages\/984\/revisions\/1712"}],"wp:attachment":[{"href":"https:\/\/mg.passadospresentes.com.br\/cidades-negras\/wp-json\/wp\/v2\/media?parent=984"}],"curies":[{"name":"wp","href":"https:\/\/api.w.org\/{rel}","templated":true}]}}