{"id":976,"date":"2025-06-09T23:10:39","date_gmt":"2025-06-10T02:10:39","guid":{"rendered":"https:\/\/mg.passadospresentes.com.br\/cidades-negras\/?page_id=976"},"modified":"2025-10-27T20:04:52","modified_gmt":"2025-10-27T23:04:52","slug":"verbete-clube-mundo-velho","status":"publish","type":"page","link":"https:\/\/mg.passadospresentes.com.br\/cidades-negras\/verbete-clube-mundo-velho\/","title":{"rendered":"Verbete: Clube Mundo Velho"},"content":{"rendered":"\n<p>Por <a href=\"https:\/\/mg.passadospresentes.com.br\/festas-e-modos-de-vida\/participante\/marlon-marcelo\/\">Marlon Marcelo<\/a><\/p>\n\n\n\n<hr class=\"wp-block-separator has-alpha-channel-opacity\"\/>\n\n\n\n<h4 class=\"wp-block-heading\">HIST\u00d3RICO:<\/h4>\n\n\n\n<hr class=\"wp-block-separator has-alpha-channel-opacity\"\/>\n\n\n\n<p>O Clube Mundo Velho \u00e9 um clube carnavalesco e recreativo, fundado oficialmente em 15 de novembro de 1896, na cidade de Sabar\u00e1. Ao longo de sua trajet\u00f3ria, seus bailes, blocos carnavalescos e espet\u00e1culos teatrais mobilizaram uma extensa rede de relacionamentos e criaram oportunidades de emprego e casamento para a comunidade negra sabarense. <\/p>\n\n\n\n<figure class=\"wp-block-image size-large\"><img fetchpriority=\"high\" decoding=\"async\" width=\"1024\" height=\"738\" src=\"https:\/\/mg.passadospresentes.com.br\/cidades-negras\/wp-content\/uploads\/sites\/5\/2025\/06\/1-1024x738.jpg\" alt=\"\" class=\"wp-image-950\" srcset=\"https:\/\/mg.passadospresentes.com.br\/cidades-negras\/wp-content\/uploads\/sites\/5\/2025\/06\/1-1024x738.jpg 1024w, https:\/\/mg.passadospresentes.com.br\/cidades-negras\/wp-content\/uploads\/sites\/5\/2025\/06\/1-300x216.jpg 300w, https:\/\/mg.passadospresentes.com.br\/cidades-negras\/wp-content\/uploads\/sites\/5\/2025\/06\/1-768x553.jpg 768w, https:\/\/mg.passadospresentes.com.br\/cidades-negras\/wp-content\/uploads\/sites\/5\/2025\/06\/1-1536x1107.jpg 1536w, https:\/\/mg.passadospresentes.com.br\/cidades-negras\/wp-content\/uploads\/sites\/5\/2025\/06\/1.jpg 1883w\" sizes=\"(max-width: 1024px) 100vw, 1024px\" \/><figcaption class=\"wp-element-caption\">Carnaval do Club Mundo Velho. Sabar\u00e1\/MG. 1898. Acervo Clube Mundo Velho.<\/figcaption><\/figure>\n\n\n\n<p>Sua funda\u00e7\u00e3o est\u00e1 ligada \u00e0s antigas fam\u00edlias negras de Sabar\u00e1, que realizavam batuques na regi\u00e3o do Morro da Intend\u00eancia, uma ladeira atr\u00e1s da Igreja de Nossa Senhora do Ros\u00e1rio dos Homens Pretos, habitada por homens e mulheres libertos. A sede oficial do clube, localizada na Rua Marqu\u00eas de Sapuca\u00ed, 389, foi erguida em 1935, gra\u00e7as \u00e0 doa\u00e7\u00e3o do terreno pelo ex-presidente Ataliba de Viterbo. Nessa sede, ocorriam eventos oficiais, festas, concursos de beleza, al\u00e9m de uma escola noturna para trabalhadores, gr\u00eamio teatral e outras atividades culturais essenciais para a popula\u00e7\u00e3o. <\/p>\n\n\n\n<figure class=\"wp-block-image size-large\"><img decoding=\"async\" width=\"1024\" height=\"668\" src=\"https:\/\/mg.passadospresentes.com.br\/cidades-negras\/wp-content\/uploads\/sites\/5\/2025\/06\/2-1024x668.jpg\" alt=\"\" class=\"wp-image-951\" srcset=\"https:\/\/mg.passadospresentes.com.br\/cidades-negras\/wp-content\/uploads\/sites\/5\/2025\/06\/2-1024x668.jpg 1024w, https:\/\/mg.passadospresentes.com.br\/cidades-negras\/wp-content\/uploads\/sites\/5\/2025\/06\/2-300x196.jpg 300w, https:\/\/mg.passadospresentes.com.br\/cidades-negras\/wp-content\/uploads\/sites\/5\/2025\/06\/2-768x501.jpg 768w, https:\/\/mg.passadospresentes.com.br\/cidades-negras\/wp-content\/uploads\/sites\/5\/2025\/06\/2-1536x1002.jpg 1536w, https:\/\/mg.passadospresentes.com.br\/cidades-negras\/wp-content\/uploads\/sites\/5\/2025\/06\/2-2048x1336.jpg 2048w\" sizes=\"(max-width: 1024px) 100vw, 1024px\" \/><figcaption class=\"wp-element-caption\">Baile na sede do Clube Mundo Velho na d\u00e9cada de 1930. Sabar\u00e1. Acervo de Sandra Talabar.<\/figcaption><\/figure>\n\n\n\n<figure class=\"wp-block-image size-large\"><img decoding=\"async\" width=\"1024\" height=\"765\" src=\"https:\/\/mg.passadospresentes.com.br\/cidades-negras\/wp-content\/uploads\/sites\/5\/2025\/06\/3-1024x765.jpg\" alt=\"\" class=\"wp-image-952\" srcset=\"https:\/\/mg.passadospresentes.com.br\/cidades-negras\/wp-content\/uploads\/sites\/5\/2025\/06\/3-1024x765.jpg 1024w, https:\/\/mg.passadospresentes.com.br\/cidades-negras\/wp-content\/uploads\/sites\/5\/2025\/06\/3-300x224.jpg 300w, https:\/\/mg.passadospresentes.com.br\/cidades-negras\/wp-content\/uploads\/sites\/5\/2025\/06\/3-768x574.jpg 768w, https:\/\/mg.passadospresentes.com.br\/cidades-negras\/wp-content\/uploads\/sites\/5\/2025\/06\/3-1536x1148.jpg 1536w, https:\/\/mg.passadospresentes.com.br\/cidades-negras\/wp-content\/uploads\/sites\/5\/2025\/06\/3-2048x1531.jpg 2048w\" sizes=\"(max-width: 1024px) 100vw, 1024px\" \/><figcaption class=\"wp-element-caption\">Espet\u00e1culo de teatro do Clube Mundo Velho, d\u00e9cada de 1930. Sabar\u00e1. Acervo Sandra Talabar.<\/figcaption><\/figure>\n\n\n\n<p>Durante o s\u00e9culo XX, o Clube Mundo Velho foi um importante espa\u00e7o de representatividade para os trabalhadores da extinta Companhia Sider\u00fargica Belgo-Mineira, promovendo atividades recreativas e esportivas para a classe oper\u00e1ria. Na d\u00e9cada de 1940, sob a presid\u00eancia de Olinto Matheus, o clube se destacou com a cria\u00e7\u00e3o da Jazz Band Mundo Velho, um grupo musical que mesclava ritmos brasileiros com influ\u00eancias afro-americanas. <\/p>\n\n\n\n<figure class=\"wp-block-image size-large\"><img loading=\"lazy\" decoding=\"async\" width=\"1024\" height=\"670\" src=\"https:\/\/mg.passadospresentes.com.br\/cidades-negras\/wp-content\/uploads\/sites\/5\/2025\/10\/4-2-1024x670.jpg\" alt=\"\" class=\"wp-image-1643\" srcset=\"https:\/\/mg.passadospresentes.com.br\/cidades-negras\/wp-content\/uploads\/sites\/5\/2025\/10\/4-2-1024x670.jpg 1024w, https:\/\/mg.passadospresentes.com.br\/cidades-negras\/wp-content\/uploads\/sites\/5\/2025\/10\/4-2-300x196.jpg 300w, https:\/\/mg.passadospresentes.com.br\/cidades-negras\/wp-content\/uploads\/sites\/5\/2025\/10\/4-2-768x502.jpg 768w, https:\/\/mg.passadospresentes.com.br\/cidades-negras\/wp-content\/uploads\/sites\/5\/2025\/10\/4-2-1536x1005.jpg 1536w, https:\/\/mg.passadospresentes.com.br\/cidades-negras\/wp-content\/uploads\/sites\/5\/2025\/10\/4-2.jpg 1960w\" sizes=\"(max-width: 1024px) 100vw, 1024px\" \/><figcaption class=\"wp-element-caption\">Diretoria do Clube Mundo Velho. Sabar\u00e1. 1940. Acervo Arcelor Mittal.<\/figcaption><\/figure>\n\n\n\n<p>Seus s\u00f3cios, talentosos compositores e instrumentistas, desempenharam um papel pioneiro na forma\u00e7\u00e3o do samba mineiro, tornando o clube o ber\u00e7o de diversas escolas de samba em Sabar\u00e1 e Belo Horizonte. Em 2010, o clube sediou o II Encontro Nacional dos Clubes Sociais Negros e, atualmente, \u00e9 reconhecido como parte do patrim\u00f4nio material e imaterial negro da cidade de Sabar\u00e1.<\/p>\n\n\n\n<figure class=\"wp-block-image size-large\"><img loading=\"lazy\" decoding=\"async\" width=\"1024\" height=\"718\" src=\"https:\/\/mg.passadospresentes.com.br\/cidades-negras\/wp-content\/uploads\/sites\/5\/2025\/10\/5-1-1024x718.jpg\" alt=\"\" class=\"wp-image-1644\" srcset=\"https:\/\/mg.passadospresentes.com.br\/cidades-negras\/wp-content\/uploads\/sites\/5\/2025\/10\/5-1-1024x718.jpg 1024w, https:\/\/mg.passadospresentes.com.br\/cidades-negras\/wp-content\/uploads\/sites\/5\/2025\/10\/5-1-300x210.jpg 300w, https:\/\/mg.passadospresentes.com.br\/cidades-negras\/wp-content\/uploads\/sites\/5\/2025\/10\/5-1-768x539.jpg 768w, https:\/\/mg.passadospresentes.com.br\/cidades-negras\/wp-content\/uploads\/sites\/5\/2025\/10\/5-1-1536x1077.jpg 1536w, https:\/\/mg.passadospresentes.com.br\/cidades-negras\/wp-content\/uploads\/sites\/5\/2025\/10\/5-1-2048x1437.jpg 2048w\" sizes=\"(max-width: 1024px) 100vw, 1024px\" \/><figcaption class=\"wp-element-caption\">Foli\u00f5es da sec\u00e7\u00e3o infantil do Clube Mundo Velho em 1938. Sabar\u00e1. Acervo de Sandra Talabar.<\/figcaption><\/figure>\n\n\n\n<div class=\"wp-block-group is-layout-constrained wp-block-group-is-layout-constrained\">\n<figure class=\"wp-block-image size-full is-resized\"><img loading=\"lazy\" decoding=\"async\" width=\"344\" height=\"525\" src=\"https:\/\/mg.passadospresentes.com.br\/cidades-negras\/wp-content\/uploads\/sites\/5\/2025\/10\/6-1.jpg\" alt=\"\" class=\"wp-image-1645\" style=\"width:456px;height:auto\" srcset=\"https:\/\/mg.passadospresentes.com.br\/cidades-negras\/wp-content\/uploads\/sites\/5\/2025\/10\/6-1.jpg 344w, https:\/\/mg.passadospresentes.com.br\/cidades-negras\/wp-content\/uploads\/sites\/5\/2025\/10\/6-1-197x300.jpg 197w\" sizes=\"(max-width: 344px) 100vw, 344px\" \/><figcaption class=\"wp-element-caption\">Rainha da primavera, d\u00e9cada de 1960. Sabar\u00e1. Acervo Sandra Talabar.<\/figcaption><\/figure>\n\n\n\n<figure class=\"wp-block-image size-full\"><img loading=\"lazy\" decoding=\"async\" width=\"599\" height=\"886\" src=\"https:\/\/mg.passadospresentes.com.br\/cidades-negras\/wp-content\/uploads\/sites\/5\/2025\/10\/11-1.jpg\" alt=\"\" class=\"wp-image-1646\" srcset=\"https:\/\/mg.passadospresentes.com.br\/cidades-negras\/wp-content\/uploads\/sites\/5\/2025\/10\/11-1.jpg 599w, https:\/\/mg.passadospresentes.com.br\/cidades-negras\/wp-content\/uploads\/sites\/5\/2025\/10\/11-1-203x300.jpg 203w\" sizes=\"(max-width: 599px) 100vw, 599px\" \/><figcaption class=\"wp-element-caption\">Jaz do Paulo. Sabar\u00e1. 1962.  Acervo Mundo Velho.<\/figcaption><\/figure>\n<\/div>\n\n\n\n<figure class=\"wp-block-image size-full\"><img loading=\"lazy\" decoding=\"async\" width=\"791\" height=\"541\" src=\"https:\/\/mg.passadospresentes.com.br\/cidades-negras\/wp-content\/uploads\/sites\/5\/2025\/06\/7.jpg\" alt=\"\" class=\"wp-image-957\" srcset=\"https:\/\/mg.passadospresentes.com.br\/cidades-negras\/wp-content\/uploads\/sites\/5\/2025\/06\/7.jpg 791w, https:\/\/mg.passadospresentes.com.br\/cidades-negras\/wp-content\/uploads\/sites\/5\/2025\/06\/7-300x205.jpg 300w, https:\/\/mg.passadospresentes.com.br\/cidades-negras\/wp-content\/uploads\/sites\/5\/2025\/06\/7-768x525.jpg 768w\" sizes=\"(max-width: 791px) 100vw, 791px\" \/><figcaption class=\"wp-element-caption\">Diretoria do Clube Mundo Velho. Sabar\u00e1. D\u00e9cada de 1970. Acervo Sandra Talabar.<\/figcaption><\/figure>\n\n\n\n<p><\/p>\n\n\n\n<figure class=\"wp-block-gallery has-nested-images columns-default is-cropped wp-block-gallery-1 is-layout-flex wp-block-gallery-is-layout-flex\">\n<figure class=\"wp-block-image size-large\"><img loading=\"lazy\" decoding=\"async\" width=\"752\" height=\"960\" data-id=\"958\" src=\"https:\/\/mg.passadospresentes.com.br\/cidades-negras\/wp-content\/uploads\/sites\/5\/2025\/06\/8.jpeg\" alt=\"\" class=\"wp-image-958\" srcset=\"https:\/\/mg.passadospresentes.com.br\/cidades-negras\/wp-content\/uploads\/sites\/5\/2025\/06\/8.jpeg 752w, https:\/\/mg.passadospresentes.com.br\/cidades-negras\/wp-content\/uploads\/sites\/5\/2025\/06\/8-235x300.jpeg 235w\" sizes=\"(max-width: 752px) 100vw, 752px\" \/><figcaption class=\"wp-element-caption\">Bloco Mundo Velho no carnaval de 1977. Acervo Sandra Talabar.<\/figcaption><\/figure>\n\n\n\n<figure class=\"wp-block-image size-large\"><img loading=\"lazy\" decoding=\"async\" width=\"753\" height=\"1015\" data-id=\"959\" src=\"https:\/\/mg.passadospresentes.com.br\/cidades-negras\/wp-content\/uploads\/sites\/5\/2025\/06\/9.jpg\" alt=\"\" class=\"wp-image-959\" srcset=\"https:\/\/mg.passadospresentes.com.br\/cidades-negras\/wp-content\/uploads\/sites\/5\/2025\/06\/9.jpg 753w, https:\/\/mg.passadospresentes.com.br\/cidades-negras\/wp-content\/uploads\/sites\/5\/2025\/06\/9-223x300.jpg 223w\" sizes=\"(max-width: 753px) 100vw, 753px\" \/><figcaption class=\"wp-element-caption\">Concurso Rainha da Primavera. Acervo Sandra Talabar.<\/figcaption><\/figure>\n<\/figure>\n\n\n\n<hr class=\"wp-block-separator has-alpha-channel-opacity\"\/>\n\n\n\n<h4 class=\"wp-block-heading\">CITA\u00c7\u00c3O:<\/h4>\n\n\n\n<hr class=\"wp-block-separator has-alpha-channel-opacity\"\/>\n\n\n\n<p>Como surgiu o Clube Mundo Velho? Jos\u00e9 de Paula Pertence! Ele era cen\u00f3grafo do teatro de Sabar\u00e1 conhecedor de cultura e coragem, ouvia com a fam\u00edlia os cantos dos negros que se reuniam ali no morro da intend\u00eancia e avaliou aquela import\u00e2ncia de riqueza dos cantos dos negros, n\u00e9?! Eram bailes conhecidos como baile das violetas ou alguns falavam o batuque, era s\u00f3 os negros, e ele idealizou foi uma fonte de riqueza que ele quis aprimorar dando um certo apoio a esses encontros dos negros cantando e dan\u00e7ando e ele achou que deveria, n\u00e9, fazer uma sede para que essas pessoas, os negros, tivessem um ponto de encontro com mais certeza, n\u00e9?! Que eles alugavam casas, ent\u00e3o tudo era muito dif\u00edcil e eles n\u00e3o participavam de outras atividades na cidade n\u00e3o, ent\u00e3o ele com uns amigos construiu uma sede, que est\u00e1 at\u00e9 hoje com o nome de clube Mundo Velho &#8211; Sandra Talabar, 2015.<\/p>\n\n\n\n<figure class=\"wp-block-gallery has-nested-images columns-default is-cropped wp-block-gallery-2 is-layout-flex wp-block-gallery-is-layout-flex\">\n<figure class=\"wp-block-image size-large\"><img loading=\"lazy\" decoding=\"async\" width=\"1024\" height=\"827\" data-id=\"961\" src=\"https:\/\/mg.passadospresentes.com.br\/cidades-negras\/wp-content\/uploads\/sites\/5\/2025\/06\/10-1-1024x827.jpg\" alt=\"\" class=\"wp-image-961\" srcset=\"https:\/\/mg.passadospresentes.com.br\/cidades-negras\/wp-content\/uploads\/sites\/5\/2025\/06\/10-1-1024x827.jpg 1024w, https:\/\/mg.passadospresentes.com.br\/cidades-negras\/wp-content\/uploads\/sites\/5\/2025\/06\/10-1-300x242.jpg 300w, https:\/\/mg.passadospresentes.com.br\/cidades-negras\/wp-content\/uploads\/sites\/5\/2025\/06\/10-1-768x620.jpg 768w, https:\/\/mg.passadospresentes.com.br\/cidades-negras\/wp-content\/uploads\/sites\/5\/2025\/06\/10-1.jpg 1483w\" sizes=\"(max-width: 1024px) 100vw, 1024px\" \/><figcaption class=\"wp-element-caption\">Porta estandarte, 1976. Acervo Sandra Talabar<\/figcaption><\/figure>\n\n\n\n<figure class=\"wp-block-image size-large\"><img loading=\"lazy\" decoding=\"async\" width=\"960\" height=\"777\" data-id=\"963\" src=\"https:\/\/mg.passadospresentes.com.br\/cidades-negras\/wp-content\/uploads\/sites\/5\/2025\/06\/12.jpeg\" alt=\"\" class=\"wp-image-963\" srcset=\"https:\/\/mg.passadospresentes.com.br\/cidades-negras\/wp-content\/uploads\/sites\/5\/2025\/06\/12.jpeg 960w, https:\/\/mg.passadospresentes.com.br\/cidades-negras\/wp-content\/uploads\/sites\/5\/2025\/06\/12-300x243.jpeg 300w, https:\/\/mg.passadospresentes.com.br\/cidades-negras\/wp-content\/uploads\/sites\/5\/2025\/06\/12-768x622.jpeg 768w\" sizes=\"(max-width: 960px) 100vw, 960px\" \/><figcaption class=\"wp-element-caption\">Bloco infantil, d\u00e9cada de 1980. Acervo Sandra Talabar<\/figcaption><\/figure>\n<\/figure>\n\n\n\n<hr class=\"wp-block-separator has-alpha-channel-opacity\"\/>\n\n\n\n<p><strong>Rua Marqu\u00eas de Sapuca\u00ed | 389 | Centro | Sabar\u00e1, MG | 34505-600 | Brasil<\/strong><\/p>\n\n\n\n<hr class=\"wp-block-separator has-alpha-channel-opacity\"\/>\n\n\n\n<h4 class=\"wp-block-heading\">REFER\u00caNCIAS:<\/h4>\n\n\n\n<hr class=\"wp-block-separator has-alpha-channel-opacity\"\/>\n\n\n\n<p>MARCELO, Marlon. A liberdade se torna festa em um Mundo Velho: associativismo negro, carnavais, fam\u00edlia e trabalho no p\u00f3s-aboli\u00e7\u00e3o em Sabar\u00e1, Minas Gerais (1896-1945). Belo Horizonte: 2022. 227 p. Disserta\u00e7\u00e3o (Mestrado em Hist\u00f3ria) \u2013 Programa de P\u00f3s-Gradua\u00e7\u00e3o em Hist\u00f3ria da Universidade Federal de Minas Gerais.<\/p>\n\n\n\n<p><\/p>\n","protected":false},"excerpt":{"rendered":"<p>Por Marlon Marcelo HIST\u00d3RICO: O Clube Mundo Velho \u00e9 um clube carnavalesco e recreativo, fundado oficialmente em 15 de novembro de 1896, na cidade de Sabar\u00e1. Ao longo de sua trajet\u00f3ria, seus bailes, blocos carnavalescos e espet\u00e1culos teatrais mobilizaram uma extensa rede de relacionamentos e criaram oportunidades de emprego e casamento para a comunidade negra [&hellip;]<\/p>\n","protected":false},"author":2,"featured_media":0,"parent":0,"menu_order":0,"comment_status":"closed","ping_status":"closed","template":"","meta":{"_acf_changed":false,"footnotes":""},"class_list":["post-976","page","type-page","status-publish","hentry"],"acf":[],"_links":{"self":[{"href":"https:\/\/mg.passadospresentes.com.br\/cidades-negras\/wp-json\/wp\/v2\/pages\/976","targetHints":{"allow":["GET"]}}],"collection":[{"href":"https:\/\/mg.passadospresentes.com.br\/cidades-negras\/wp-json\/wp\/v2\/pages"}],"about":[{"href":"https:\/\/mg.passadospresentes.com.br\/cidades-negras\/wp-json\/wp\/v2\/types\/page"}],"author":[{"embeddable":true,"href":"https:\/\/mg.passadospresentes.com.br\/cidades-negras\/wp-json\/wp\/v2\/users\/2"}],"replies":[{"embeddable":true,"href":"https:\/\/mg.passadospresentes.com.br\/cidades-negras\/wp-json\/wp\/v2\/comments?post=976"}],"version-history":[{"count":5,"href":"https:\/\/mg.passadospresentes.com.br\/cidades-negras\/wp-json\/wp\/v2\/pages\/976\/revisions"}],"predecessor-version":[{"id":1682,"href":"https:\/\/mg.passadospresentes.com.br\/cidades-negras\/wp-json\/wp\/v2\/pages\/976\/revisions\/1682"}],"wp:attachment":[{"href":"https:\/\/mg.passadospresentes.com.br\/cidades-negras\/wp-json\/wp\/v2\/media?parent=976"}],"curies":[{"name":"wp","href":"https:\/\/api.w.org\/{rel}","templated":true}]}}