{"id":1844,"date":"2025-11-26T18:14:10","date_gmt":"2025-11-26T21:14:10","guid":{"rendered":"https:\/\/mg.passadospresentes.com.br\/cidades-negras\/?page_id=1844"},"modified":"2025-12-08T15:44:31","modified_gmt":"2025-12-08T18:44:31","slug":"verbete-templo-irossun-aje-ile-orixa-emila","status":"publish","type":"page","link":"https:\/\/mg.passadospresentes.com.br\/cidades-negras\/verbete-templo-irossun-aje-ile-orixa-emila\/","title":{"rendered":"Verbete: Templo Irossun Aj\u00ea &#8211; Il\u00ea Orix\u00e1 Emil\u00e1"},"content":{"rendered":"\n<p>Por: <a href=\"https:\/\/mg.passadospresentes.com.br\/cidades-negras\/participante\/dona\/\">Rhonnel Am\u00e9rico Silva<\/a><\/p>\n\n\n\n<hr class=\"wp-block-separator has-alpha-channel-opacity\"\/>\n\n\n\n<p><strong>HIST\u00d3RICO:<\/strong><\/p>\n\n\n\n<hr class=\"wp-block-separator has-alpha-channel-opacity\"\/>\n\n\n\n<p>O templo foi inaugurado em 2007 pelo sacerdote Rhonnel Am\u00e9rico Silva, natural de Tr\u00eas Cora\u00e7\u00f5es e que teve sua tia, Maria Aparecida da Silva, conhecida como dona Maria que benze, como incentivadora para que iniciasse aos 13 anos na umbanda em seu templo \u2013 templo do Caboclo Flecheiro. Aos 16 anos o sacerdote se iniciou no candombl\u00e9 da Na\u00e7\u00e3o Ketu-Nag\u00f4 sob os cuidados da senhora Iracema D\u2019obaluaiye, sacerdotisa dirigente do templo Il\u00ea Orix\u00e1 Ijid\u00e3 em Bras\u00edlia. Em 2000 F\u00e1t\u00f2l\u00e1 entra em contato com o culto \u00e0 Orunmil\u00e1 &#8211; If\u00e1, e, em 2014 viaja \u00e0 Nig\u00e9ria para completar seus ritos iniciais nesse culto, com os cuidados de Bab\u00e1 Kola e sua comunidade. O que faz com que a partir de ent\u00e3o o templo de fato tenha suas pr\u00e1ticas reafricanizadas. Unindo as tradi\u00e7\u00f5es espirituais familiares aos novos conhecimentos africanos, Bab\u00e1 F\u00e1t\u00f2l\u00e1 passa carinhosamente a denominar suas pr\u00e1ticas de \u201cIorumbanda\u201d<\/p>\n\n\n\n<figure class=\"wp-block-image size-large\"><img fetchpriority=\"high\" decoding=\"async\" width=\"768\" height=\"1024\" src=\"https:\/\/mg.passadospresentes.com.br\/cidades-negras\/wp-content\/uploads\/sites\/5\/2025\/11\/WhatsApp-Image-2025-11-01-at-16.26.08-768x1024.jpeg\" alt=\"\" class=\"wp-image-1875\" srcset=\"https:\/\/mg.passadospresentes.com.br\/cidades-negras\/wp-content\/uploads\/sites\/5\/2025\/11\/WhatsApp-Image-2025-11-01-at-16.26.08-768x1024.jpeg 768w, https:\/\/mg.passadospresentes.com.br\/cidades-negras\/wp-content\/uploads\/sites\/5\/2025\/11\/WhatsApp-Image-2025-11-01-at-16.26.08-225x300.jpeg 225w, https:\/\/mg.passadospresentes.com.br\/cidades-negras\/wp-content\/uploads\/sites\/5\/2025\/11\/WhatsApp-Image-2025-11-01-at-16.26.08-1152x1536.jpeg 1152w, https:\/\/mg.passadospresentes.com.br\/cidades-negras\/wp-content\/uploads\/sites\/5\/2025\/11\/WhatsApp-Image-2025-11-01-at-16.26.08-1536x2048.jpeg 1536w, https:\/\/mg.passadospresentes.com.br\/cidades-negras\/wp-content\/uploads\/sites\/5\/2025\/11\/WhatsApp-Image-2025-11-01-at-16.26.08-scaled.jpeg 1920w\" sizes=\"(max-width: 768px) 100vw, 768px\" \/><figcaption class=\"wp-element-caption\">Templo Irossun Aj\u00ea &#8211; Il\u00ea Orix\u00e1 Emil\u00e1. Tr\u00eas Cora\u00e7\u00f5es\/MG, 2025. Foto: Frederico Lopes.<\/figcaption><\/figure>\n\n\n\n<p>O templo partiu da disponibilidade e desejo de dr. Adair Ribeiro em receber nas suas terras da \u00e1rea rural a constru\u00e7\u00e3o inicialmente de um pequeno espa\u00e7o para louvar as entidades de umbanda e os orix\u00e1s, sob a orienta\u00e7\u00e3o espiritual da entidade Z\u00e9 Mulatinho de Rhonnel Am\u00e9rico Silva. <\/p>\n\n\n\n<p><\/p>\n\n\n\n<figure class=\"wp-block-image size-large\"><img decoding=\"async\" width=\"768\" height=\"1024\" src=\"https:\/\/mg.passadospresentes.com.br\/cidades-negras\/wp-content\/uploads\/sites\/5\/2025\/12\/WhatsApp-Image-2025-11-01-at-12.21.52-1-768x1024.jpeg\" alt=\"\" class=\"wp-image-1967\" srcset=\"https:\/\/mg.passadospresentes.com.br\/cidades-negras\/wp-content\/uploads\/sites\/5\/2025\/12\/WhatsApp-Image-2025-11-01-at-12.21.52-1-768x1024.jpeg 768w, https:\/\/mg.passadospresentes.com.br\/cidades-negras\/wp-content\/uploads\/sites\/5\/2025\/12\/WhatsApp-Image-2025-11-01-at-12.21.52-1-225x300.jpeg 225w, https:\/\/mg.passadospresentes.com.br\/cidades-negras\/wp-content\/uploads\/sites\/5\/2025\/12\/WhatsApp-Image-2025-11-01-at-12.21.52-1-1152x1536.jpeg 1152w, https:\/\/mg.passadospresentes.com.br\/cidades-negras\/wp-content\/uploads\/sites\/5\/2025\/12\/WhatsApp-Image-2025-11-01-at-12.21.52-1.jpeg 1200w\" sizes=\"(max-width: 768px) 100vw, 768px\" \/><figcaption class=\"wp-element-caption\">Bab\u00e1 F\u00e1t\u00f2l\u00e1 Rhonnel Am\u00e9rico Silva  explicando sobre os s\u00edmbolos da bandeira do Templo Irossun Aj\u00ea &#8211; Il\u00ea Orix\u00e1 Emil\u00e1 durante o II Semin\u00e1rio Passados Presentes em Minas Gerais em Tr\u00eas Cora\u00e7\u00f5es, 2025. Foto: Danilo Ferretti. <\/figcaption><\/figure>\n\n\n\n<p>O sacerdote africano quem orienta as pr\u00e1ticas religiosas desde 2008 \u00e9 o Arab\u00e1 (chefe dos babalawos) de Ijero no estado de Ekiti (Nig\u00e9ria) &#8211; Bab\u00e1 Bamikole Ojo Kolawole \u201cBab\u00e1 Kola\u201d &#8211; nome carinho pelo qual \u00e9 conhecido pela comunidade religiosa. O templo tem como divindades tutelares: Xang\u00f4 e Orunmil\u00e1 e passou gradativamente por um processo de africaniza\u00e7\u00e3o e s\u00e3o cultuados diversos orix\u00e1s como: Olokun, Oxum, Yemonj\u00e1, Oy\u00e1, Ogun, Obatal\u00e1, Egungun, Egbe Orun, etc. Al\u00e9m das v\u00e1rias divindades da Umbanda trazidas como tradi\u00e7\u00e3o fam\u00edlia pelo sacerdote dirigente, quem vem de uma fam\u00edlia de pr\u00e1ticas nesse seguimento.<\/p>\n\n\n\n<p>O templo atende filhos de todo Brasil e do exterior, n\u00e3o somente no intuito espiritual, mas tamb\u00e9m com a fun\u00e7\u00e3o de divulgar a import\u00e2ncia das religi\u00f5es de matriz africana e afro-brasileiras e tamb\u00e9m do culto a orumil\u00e1 if\u00e1 e da religi\u00e3o tradicional yourub\u00e1. O templo localiza-se na zona rural de Tr\u00eas Cora\u00e7\u00f5es.<\/p>\n\n\n\n<figure class=\"wp-block-image size-large\"><img decoding=\"async\" width=\"768\" height=\"1024\" src=\"https:\/\/mg.passadospresentes.com.br\/cidades-negras\/wp-content\/uploads\/sites\/5\/2025\/11\/WhatsApp-Image-2025-11-01-at-16.26.12-768x1024.jpeg\" alt=\"\" class=\"wp-image-1876\" srcset=\"https:\/\/mg.passadospresentes.com.br\/cidades-negras\/wp-content\/uploads\/sites\/5\/2025\/11\/WhatsApp-Image-2025-11-01-at-16.26.12-768x1024.jpeg 768w, https:\/\/mg.passadospresentes.com.br\/cidades-negras\/wp-content\/uploads\/sites\/5\/2025\/11\/WhatsApp-Image-2025-11-01-at-16.26.12-225x300.jpeg 225w, https:\/\/mg.passadospresentes.com.br\/cidades-negras\/wp-content\/uploads\/sites\/5\/2025\/11\/WhatsApp-Image-2025-11-01-at-16.26.12-1152x1536.jpeg 1152w, https:\/\/mg.passadospresentes.com.br\/cidades-negras\/wp-content\/uploads\/sites\/5\/2025\/11\/WhatsApp-Image-2025-11-01-at-16.26.12-1536x2048.jpeg 1536w, https:\/\/mg.passadospresentes.com.br\/cidades-negras\/wp-content\/uploads\/sites\/5\/2025\/11\/WhatsApp-Image-2025-11-01-at-16.26.12-scaled.jpeg 1920w\" sizes=\"(max-width: 768px) 100vw, 768px\" \/><figcaption class=\"wp-element-caption\">Templo Irossun Aj\u00ea &#8211; Il\u00ea Orix\u00e1 Emil\u00e1. Tr\u00eas Cora\u00e7\u00f5es\/MG, 2025. Foto: Frederico Lopes.<\/figcaption><\/figure>\n\n\n\n<figure class=\"wp-block-image size-large\"><img loading=\"lazy\" decoding=\"async\" width=\"1024\" height=\"768\" src=\"https:\/\/mg.passadospresentes.com.br\/cidades-negras\/wp-content\/uploads\/sites\/5\/2025\/12\/WhatsApp-Image-2025-11-02-at-22.20.17-1024x768.jpeg\" alt=\"\" class=\"wp-image-1968\" srcset=\"https:\/\/mg.passadospresentes.com.br\/cidades-negras\/wp-content\/uploads\/sites\/5\/2025\/12\/WhatsApp-Image-2025-11-02-at-22.20.17-1024x768.jpeg 1024w, https:\/\/mg.passadospresentes.com.br\/cidades-negras\/wp-content\/uploads\/sites\/5\/2025\/12\/WhatsApp-Image-2025-11-02-at-22.20.17-300x225.jpeg 300w, https:\/\/mg.passadospresentes.com.br\/cidades-negras\/wp-content\/uploads\/sites\/5\/2025\/12\/WhatsApp-Image-2025-11-02-at-22.20.17-768x576.jpeg 768w, https:\/\/mg.passadospresentes.com.br\/cidades-negras\/wp-content\/uploads\/sites\/5\/2025\/12\/WhatsApp-Image-2025-11-02-at-22.20.17.jpeg 1280w\" sizes=\"(max-width: 1024px) 100vw, 1024px\" \/><figcaption class=\"wp-element-caption\">Encerramento do II Semin\u00e1rio Passados Presentes em Minas Gerais no Templo Irossun Aj\u00ea &#8211; Il\u00ea Orix\u00e1 Emil\u00e1 em Tr\u00eas Cora\u00e7\u00f5es, 2025. Foto: Frederico Lopes. <\/figcaption><\/figure>\n\n\n\n<p><\/p>\n","protected":false},"excerpt":{"rendered":"<p>Por: Rhonnel Am\u00e9rico Silva HIST\u00d3RICO: O templo foi inaugurado em 2007 pelo sacerdote Rhonnel Am\u00e9rico Silva, natural de Tr\u00eas Cora\u00e7\u00f5es e que teve sua tia, Maria Aparecida da Silva, conhecida como dona Maria que benze, como incentivadora para que iniciasse aos 13 anos na umbanda em seu templo \u2013 templo do Caboclo Flecheiro. Aos 16 [&hellip;]<\/p>\n","protected":false},"author":2,"featured_media":0,"parent":0,"menu_order":0,"comment_status":"closed","ping_status":"closed","template":"","meta":{"_acf_changed":false,"footnotes":""},"class_list":["post-1844","page","type-page","status-publish","hentry"],"acf":[],"_links":{"self":[{"href":"https:\/\/mg.passadospresentes.com.br\/cidades-negras\/wp-json\/wp\/v2\/pages\/1844","targetHints":{"allow":["GET"]}}],"collection":[{"href":"https:\/\/mg.passadospresentes.com.br\/cidades-negras\/wp-json\/wp\/v2\/pages"}],"about":[{"href":"https:\/\/mg.passadospresentes.com.br\/cidades-negras\/wp-json\/wp\/v2\/types\/page"}],"author":[{"embeddable":true,"href":"https:\/\/mg.passadospresentes.com.br\/cidades-negras\/wp-json\/wp\/v2\/users\/2"}],"replies":[{"embeddable":true,"href":"https:\/\/mg.passadospresentes.com.br\/cidades-negras\/wp-json\/wp\/v2\/comments?post=1844"}],"version-history":[{"count":5,"href":"https:\/\/mg.passadospresentes.com.br\/cidades-negras\/wp-json\/wp\/v2\/pages\/1844\/revisions"}],"predecessor-version":[{"id":1969,"href":"https:\/\/mg.passadospresentes.com.br\/cidades-negras\/wp-json\/wp\/v2\/pages\/1844\/revisions\/1969"}],"wp:attachment":[{"href":"https:\/\/mg.passadospresentes.com.br\/cidades-negras\/wp-json\/wp\/v2\/media?parent=1844"}],"curies":[{"name":"wp","href":"https:\/\/api.w.org\/{rel}","templated":true}]}}