{"id":1826,"date":"2025-10-31T12:43:39","date_gmt":"2025-10-31T15:43:39","guid":{"rendered":"https:\/\/mg.passadospresentes.com.br\/cidades-negras\/?page_id=1826"},"modified":"2025-12-08T11:26:46","modified_gmt":"2025-12-08T14:26:46","slug":"verbete-igreja-e-irmandade-de-nossa-senhora-do-rosario-dos-pretos-de-ouro-preto","status":"publish","type":"page","link":"https:\/\/mg.passadospresentes.com.br\/cidades-negras\/verbete-igreja-e-irmandade-de-nossa-senhora-do-rosario-dos-pretos-de-ouro-preto\/","title":{"rendered":"Verbete: Igreja e Irmandade de Nossa Senhora do Ros\u00e1rio dos Pretos de Ouro Preto"},"content":{"rendered":"\n<p>Por: Solange Palazzi<\/p>\n\n\n\n<hr class=\"wp-block-separator has-alpha-channel-opacity\"\/>\n\n\n\n<p><strong>HIST\u00d3RICO:<\/strong><\/p>\n\n\n\n<hr class=\"wp-block-separator has-alpha-channel-opacity\"\/>\n\n\n\n<p>A Irmandade de Nossa Senhora do Ros\u00e1rio dos Pretos de Ouro Preto, teve seu Livro de Compromisso (estatutos) aprovado em 1715. Era efetivamente uma organiza\u00e7\u00e3o de Homens Pretos, ainda que pudessem entrar pessoas de qualquer cor. Trazendo as particularidades desta modalidade de Irmandade,&nbsp; o cap\u00edtulo segundo determina: \u201chaver\u00e1 nesta Irmandade um Rei e uma Rainha, ambos pretos, de qualquer na\u00e7\u00e3o\u201d, eleitos pela mesa, assim como os Ju\u00edzes de Nossa Senhora do Ros\u00e1rio, S\u00e3o Benedito, Santa Efig\u00eania, Santo Ant\u00f4nio de Catigerona e Santo Elesb\u00e3o, santos negro, que junto com Santa Helena e Nossa Senhora M\u00e3e dos Homens, comp\u00f5em os altares laterais da Igreja. Suas festividades aconteciam de 1 a 6 de janeiro, com atos religiosos, prociss\u00f5es e cortejos quando todos eram revestidos com opa branca, trazendo a juizada, a corte e reinado debaixo do p\u00e1lio.&nbsp;<\/p>\n\n\n\n<p><\/p>\n\n\n\n<figure class=\"wp-block-image size-full is-resized\"><img fetchpriority=\"high\" decoding=\"async\" width=\"425\" height=\"637\" src=\"https:\/\/mg.passadospresentes.com.br\/cidades-negras\/wp-content\/uploads\/sites\/5\/2025\/10\/Captura-de-tela-2025-10-31-060608.png\" alt=\"\" class=\"wp-image-1827\" style=\"width:490px;height:auto\" srcset=\"https:\/\/mg.passadospresentes.com.br\/cidades-negras\/wp-content\/uploads\/sites\/5\/2025\/10\/Captura-de-tela-2025-10-31-060608.png 425w, https:\/\/mg.passadospresentes.com.br\/cidades-negras\/wp-content\/uploads\/sites\/5\/2025\/10\/Captura-de-tela-2025-10-31-060608-200x300.png 200w\" sizes=\"(max-width: 425px) 100vw, 425px\" \/><figcaption class=\"wp-element-caption\">Igreja N. S. Ros\u00e1rio dos Homens Pretos \u2013 Ouro Preto \u2013 MG&nbsp; &#8211; D\u00e9cada de 1970<br>Fotografia: Augusto Carlos da Silva Telles. Acervo: Instituto Moreira Salles<\/figcaption><\/figure>\n\n\n\n<p>Foi uma organiza\u00e7\u00e3o ousada, que edificou um templo el\u00edptico em toda a sua composi\u00e7\u00e3o. N\u00e3o h\u00e1 informa\u00e7\u00f5es sobre o projeto e o in\u00edcio das obras do templo atual,&nbsp; mas nele trabalhou Jo\u00e3o Carvalhaes, Manoel Francisco de Ara\u00fajo,&nbsp; Jos\u00e9 Ribeiro Carvalhaes, dentre outros. Destacamos, tamb\u00e9m os pintores Manoel Ribeiro Rosa e Jos\u00e9 Gerv\u00e1zio de Souza Lobo, pela excepcional qualidade de suas obras pict\u00f3ricas, em especial os quatro evangelistas que se encontram na sacristia.<\/p>\n\n\n\n<p>A Igreja foi inscrita no Livro de Tombo das Belas Artes do Brasil em 1985 e o Reinado da Irmandades foi declarado Patrim\u00f4nio Imaterial de Minas Gerais em 2024.<\/p>\n\n\n\n<hr class=\"wp-block-separator has-alpha-channel-opacity\"\/>\n\n\n\n<p>Igreja de Nossa Senhora do Ros\u00e1rio<\/p>\n\n\n\n<p>Largo do Ros\u00e1rio, s\/n. Bairro Ros\u00e1rio| Ouro Preto| MG| Cep 35404-080<\/p>\n\n\n\n<p>Hor\u00e1rio de visita\u00e7\u00e3o \u2013 Ter\u00e7a a s\u00e1bado 13h30 \u00e0s 16h30<\/p>\n\n\n\n<hr class=\"wp-block-separator has-alpha-channel-opacity\"\/>\n\n\n\n<p><strong>REFE\u00caNCIAS:<\/strong><\/p>\n\n\n\n<hr class=\"wp-block-separator has-alpha-channel-opacity\"\/>\n\n\n\n<p>Igreja N. S. Ros\u00e1rio dos Homens Pretos \u2013 Ouro Preto \u2013 MG&nbsp; &#8211; D\u00e9cada de 1970. Fotografia: Augusto Carlos da Silva Telles. Acervo: Instituto Moreira Salles&nbsp; &#8211;&nbsp;&nbsp; https:\/\/acervos.ims.com.br\/portals\/#\/search?filtersStateId=10<\/p>\n\n\n\n<hr class=\"wp-block-separator has-alpha-channel-opacity\"\/>\n\n\n\n<p>Irmandade de Nossa Senhora do Ros\u00e1rio dos Pretos de Ouro Preto. Livro de Compromisso de 1715 (Manuscrito) Acervo do Arquivo Hist\u00f3rico da Par\u00f3quia de Nossa Senhora do Pilar.<\/p>\n\n\n\n<hr class=\"wp-block-separator has-alpha-channel-opacity\"\/>\n\n\n\n<p>Instituto do Patrim\u00f4nio Hist\u00f3rico e Art\u00edstico Nacional \u2013 IPHAN. Igreja de Nossa Senhora do Ros\u00e1rio. In:<strong> <\/strong>https:\/\/www.ipatrimonio.org\/ouro-preto-igreja-de-nossa-senhora-do-rosario. Acesso em 15\/11\/2024.<\/p>\n\n\n\n<hr class=\"wp-block-separator has-alpha-channel-opacity\"\/>\n\n\n\n<p>RUAS,&nbsp; Eponina. Ouro Preto&nbsp;&#8211; Sua Hist\u00f3ria, Seus Templos e Monumentos. Edi\u00e7\u00e3o do&nbsp; Autor. 1958<\/p>\n\n\n\n<p><\/p>\n\n\n\n<p><\/p>\n","protected":false},"excerpt":{"rendered":"<p>Por: Solange Palazzi HIST\u00d3RICO: A Irmandade de Nossa Senhora do Ros\u00e1rio dos Pretos de Ouro Preto, teve seu Livro de Compromisso (estatutos) aprovado em 1715. Era efetivamente uma organiza\u00e7\u00e3o de Homens Pretos, ainda que pudessem entrar pessoas de qualquer cor. Trazendo as particularidades desta modalidade de Irmandade,&nbsp; o cap\u00edtulo segundo determina: \u201chaver\u00e1 nesta Irmandade um [&hellip;]<\/p>\n","protected":false},"author":2,"featured_media":0,"parent":0,"menu_order":0,"comment_status":"closed","ping_status":"closed","template":"","meta":{"_acf_changed":false,"footnotes":""},"class_list":["post-1826","page","type-page","status-publish","hentry"],"acf":[],"_links":{"self":[{"href":"https:\/\/mg.passadospresentes.com.br\/cidades-negras\/wp-json\/wp\/v2\/pages\/1826","targetHints":{"allow":["GET"]}}],"collection":[{"href":"https:\/\/mg.passadospresentes.com.br\/cidades-negras\/wp-json\/wp\/v2\/pages"}],"about":[{"href":"https:\/\/mg.passadospresentes.com.br\/cidades-negras\/wp-json\/wp\/v2\/types\/page"}],"author":[{"embeddable":true,"href":"https:\/\/mg.passadospresentes.com.br\/cidades-negras\/wp-json\/wp\/v2\/users\/2"}],"replies":[{"embeddable":true,"href":"https:\/\/mg.passadospresentes.com.br\/cidades-negras\/wp-json\/wp\/v2\/comments?post=1826"}],"version-history":[{"count":2,"href":"https:\/\/mg.passadospresentes.com.br\/cidades-negras\/wp-json\/wp\/v2\/pages\/1826\/revisions"}],"predecessor-version":[{"id":1955,"href":"https:\/\/mg.passadospresentes.com.br\/cidades-negras\/wp-json\/wp\/v2\/pages\/1826\/revisions\/1955"}],"wp:attachment":[{"href":"https:\/\/mg.passadospresentes.com.br\/cidades-negras\/wp-json\/wp\/v2\/media?parent=1826"}],"curies":[{"name":"wp","href":"https:\/\/api.w.org\/{rel}","templated":true}]}}