{"id":1723,"date":"2025-10-30T09:03:14","date_gmt":"2025-10-30T12:03:14","guid":{"rendered":"https:\/\/mg.passadospresentes.com.br\/cidades-negras\/?page_id=1723"},"modified":"2026-02-22T15:19:15","modified_gmt":"2026-02-22T18:19:15","slug":"conheca-os-roteiros-dos-lugares-de-memoria-da-presenca-negra-e-afro-indigena-das-cidades-mineiras","status":"publish","type":"page","link":"https:\/\/mg.passadospresentes.com.br\/cidades-negras\/conheca-os-roteiros-dos-lugares-de-memoria-da-presenca-negra-e-afro-indigena-das-cidades-mineiras\/","title":{"rendered":"Conhe\u00e7a os roteiros dos lugares de mem\u00f3ria da presen\u00e7a negra e afro-ind\u00edgena das cidades mineiras!"},"content":{"rendered":"\n<p><\/p>\n\n\n\n<figure class=\"wp-block-gallery has-nested-images columns-default is-cropped wp-block-gallery-1 is-layout-flex wp-block-gallery-is-layout-flex\">\n<figure class=\"wp-block-image size-large\"><img fetchpriority=\"high\" decoding=\"async\" width=\"662\" height=\"371\" data-id=\"1126\" src=\"https:\/\/mg.passadospresentes.com.br\/cidades-negras\/wp-content\/uploads\/sites\/5\/2025\/06\/image.png\" alt=\"\" class=\"wp-image-1126\" srcset=\"https:\/\/mg.passadospresentes.com.br\/cidades-negras\/wp-content\/uploads\/sites\/5\/2025\/06\/image.png 662w, https:\/\/mg.passadospresentes.com.br\/cidades-negras\/wp-content\/uploads\/sites\/5\/2025\/06\/image-300x168.png 300w\" sizes=\"(max-width: 662px) 100vw, 662px\" \/><figcaption class=\"wp-element-caption\"><a href=\"https:\/\/mg.passadospresentes.com.br\/cidades-negras\/lugares-de-memoria-negra-em-sao-joao-del-rei\/\">S\u00e3o Jo\u00e3o del Rei<\/a><\/figcaption><\/figure>\n\n\n\n<figure class=\"wp-block-image size-large\"><img decoding=\"async\" width=\"1024\" height=\"584\" data-id=\"1799\" src=\"https:\/\/mg.passadospresentes.com.br\/cidades-negras\/wp-content\/uploads\/sites\/5\/2025\/10\/Construcao-do-Monumento-a-civilizacao-mineira-na-Praca-Rui-Barbosa_1926-1930_Museu-Historico-Abilio-Barreto-1-1024x584.jpg\" alt=\"\" class=\"wp-image-1799\" srcset=\"https:\/\/mg.passadospresentes.com.br\/cidades-negras\/wp-content\/uploads\/sites\/5\/2025\/10\/Construcao-do-Monumento-a-civilizacao-mineira-na-Praca-Rui-Barbosa_1926-1930_Museu-Historico-Abilio-Barreto-1-1024x584.jpg 1024w, https:\/\/mg.passadospresentes.com.br\/cidades-negras\/wp-content\/uploads\/sites\/5\/2025\/10\/Construcao-do-Monumento-a-civilizacao-mineira-na-Praca-Rui-Barbosa_1926-1930_Museu-Historico-Abilio-Barreto-1-300x171.jpg 300w, https:\/\/mg.passadospresentes.com.br\/cidades-negras\/wp-content\/uploads\/sites\/5\/2025\/10\/Construcao-do-Monumento-a-civilizacao-mineira-na-Praca-Rui-Barbosa_1926-1930_Museu-Historico-Abilio-Barreto-1-768x438.jpg 768w, https:\/\/mg.passadospresentes.com.br\/cidades-negras\/wp-content\/uploads\/sites\/5\/2025\/10\/Construcao-do-Monumento-a-civilizacao-mineira-na-Praca-Rui-Barbosa_1926-1930_Museu-Historico-Abilio-Barreto-1-1536x876.jpg 1536w, https:\/\/mg.passadospresentes.com.br\/cidades-negras\/wp-content\/uploads\/sites\/5\/2025\/10\/Construcao-do-Monumento-a-civilizacao-mineira-na-Praca-Rui-Barbosa_1926-1930_Museu-Historico-Abilio-Barreto-1.jpg 1944w\" sizes=\"(max-width: 1024px) 100vw, 1024px\" \/><figcaption class=\"wp-element-caption\"><strong><a href=\"https:\/\/mg.passadospresentes.com.br\/cidades-negras\/belo-horizonte-uma-capital-forjada-nas-experiencias-afrodiasporicas\/\" data-type=\"page\" data-id=\"1765\">Belo Horizonte<\/a><\/strong><\/figcaption><\/figure>\n\n\n\n<figure class=\"wp-block-image size-large\"><img decoding=\"async\" width=\"1024\" height=\"1024\" data-id=\"1772\" src=\"https:\/\/mg.passadospresentes.com.br\/cidades-negras\/wp-content\/uploads\/sites\/5\/2025\/10\/PUBLICACOES-AGENDADAS-10-1024x1024.png\" alt=\"\" class=\"wp-image-1772\" srcset=\"https:\/\/mg.passadospresentes.com.br\/cidades-negras\/wp-content\/uploads\/sites\/5\/2025\/10\/PUBLICACOES-AGENDADAS-10-1024x1024.png 1024w, https:\/\/mg.passadospresentes.com.br\/cidades-negras\/wp-content\/uploads\/sites\/5\/2025\/10\/PUBLICACOES-AGENDADAS-10-300x300.png 300w, https:\/\/mg.passadospresentes.com.br\/cidades-negras\/wp-content\/uploads\/sites\/5\/2025\/10\/PUBLICACOES-AGENDADAS-10-150x150.png 150w, https:\/\/mg.passadospresentes.com.br\/cidades-negras\/wp-content\/uploads\/sites\/5\/2025\/10\/PUBLICACOES-AGENDADAS-10-768x768.png 768w, https:\/\/mg.passadospresentes.com.br\/cidades-negras\/wp-content\/uploads\/sites\/5\/2025\/10\/PUBLICACOES-AGENDADAS-10.png 1080w\" sizes=\"(max-width: 1024px) 100vw, 1024px\" \/><figcaption class=\"wp-element-caption\"><strong><a href=\"https:\/\/mg.passadospresentes.com.br\/cidades-negras\/preciosa-ouro-preto-uma-cidade-negra\/\" data-type=\"page\" data-id=\"1774\">Ouro Preto<\/a><\/strong><\/figcaption><\/figure>\n\n\n\n<figure class=\"wp-block-image size-large\"><img loading=\"lazy\" decoding=\"async\" width=\"620\" height=\"422\" data-id=\"1480\" src=\"https:\/\/mg.passadospresentes.com.br\/cidades-negras\/wp-content\/uploads\/sites\/5\/2025\/09\/image-26.png\" alt=\"\" class=\"wp-image-1480\" srcset=\"https:\/\/mg.passadospresentes.com.br\/cidades-negras\/wp-content\/uploads\/sites\/5\/2025\/09\/image-26.png 620w, https:\/\/mg.passadospresentes.com.br\/cidades-negras\/wp-content\/uploads\/sites\/5\/2025\/09\/image-26-300x204.png 300w\" sizes=\"(max-width: 620px) 100vw, 620px\" \/><figcaption class=\"wp-element-caption\"><a href=\"https:\/\/mg.passadospresentes.com.br\/cidades-negras\/caminhos-de-resistencia-roteiro-da-memoria-afro-brasileira-ituiutaba-mg\/\">Ituiutaba<\/a><\/figcaption><\/figure>\n\n\n\n<figure class=\"wp-block-image size-large\"><img loading=\"lazy\" decoding=\"async\" width=\"1024\" height=\"768\" data-id=\"2213\" src=\"https:\/\/mg.passadospresentes.com.br\/cidades-negras\/wp-content\/uploads\/sites\/5\/2026\/02\/image-26.png\" alt=\"\" class=\"wp-image-2213\" srcset=\"https:\/\/mg.passadospresentes.com.br\/cidades-negras\/wp-content\/uploads\/sites\/5\/2026\/02\/image-26.png 1024w, https:\/\/mg.passadospresentes.com.br\/cidades-negras\/wp-content\/uploads\/sites\/5\/2026\/02\/image-26-300x225.png 300w, https:\/\/mg.passadospresentes.com.br\/cidades-negras\/wp-content\/uploads\/sites\/5\/2026\/02\/image-26-768x576.png 768w\" sizes=\"(max-width: 1024px) 100vw, 1024px\" \/><figcaption class=\"wp-element-caption\"><strong><a href=\"https:\/\/mg.passadospresentes.com.br\/ensino\/lugares-de-memoria\/lugares-de-memoria-do-quilombo-do-bairro-de-fatima\/\">Ponte Nova<\/a><\/strong><\/figcaption><\/figure>\n<\/figure>\n\n\n\n<p><\/p>\n","protected":false},"excerpt":{"rendered":"","protected":false},"author":2,"featured_media":0,"parent":0,"menu_order":0,"comment_status":"closed","ping_status":"closed","template":"","meta":{"_acf_changed":false,"footnotes":""},"class_list":["post-1723","page","type-page","status-publish","hentry"],"acf":[],"_links":{"self":[{"href":"https:\/\/mg.passadospresentes.com.br\/cidades-negras\/wp-json\/wp\/v2\/pages\/1723","targetHints":{"allow":["GET"]}}],"collection":[{"href":"https:\/\/mg.passadospresentes.com.br\/cidades-negras\/wp-json\/wp\/v2\/pages"}],"about":[{"href":"https:\/\/mg.passadospresentes.com.br\/cidades-negras\/wp-json\/wp\/v2\/types\/page"}],"author":[{"embeddable":true,"href":"https:\/\/mg.passadospresentes.com.br\/cidades-negras\/wp-json\/wp\/v2\/users\/2"}],"replies":[{"embeddable":true,"href":"https:\/\/mg.passadospresentes.com.br\/cidades-negras\/wp-json\/wp\/v2\/comments?post=1723"}],"version-history":[{"count":7,"href":"https:\/\/mg.passadospresentes.com.br\/cidades-negras\/wp-json\/wp\/v2\/pages\/1723\/revisions"}],"predecessor-version":[{"id":2221,"href":"https:\/\/mg.passadospresentes.com.br\/cidades-negras\/wp-json\/wp\/v2\/pages\/1723\/revisions\/2221"}],"wp:attachment":[{"href":"https:\/\/mg.passadospresentes.com.br\/cidades-negras\/wp-json\/wp\/v2\/media?parent=1723"}],"curies":[{"name":"wp","href":"https:\/\/api.w.org\/{rel}","templated":true}]}}