{"id":1722,"date":"2025-10-30T12:19:52","date_gmt":"2025-10-30T15:19:52","guid":{"rendered":"https:\/\/mg.passadospresentes.com.br\/cidades-negras\/?page_id=1722"},"modified":"2025-12-08T16:04:28","modified_gmt":"2025-12-08T19:04:28","slug":"verbetes-elaborados-pelos-pesquisadores-do-projeto-passados-presentes-em-minas-gerais","status":"publish","type":"page","link":"https:\/\/mg.passadospresentes.com.br\/cidades-negras\/verbetes-elaborados-pelos-pesquisadores-do-projeto-passados-presentes-em-minas-gerais\/","title":{"rendered":"Verbetes elaborados pelos pesquisadores do projeto Passados Presentes em Minas Gerais"},"content":{"rendered":"\n<figure class=\"wp-block-gallery has-nested-images columns-default is-cropped wp-block-gallery-1 is-layout-flex wp-block-gallery-is-layout-flex\">\n<figure class=\"wp-block-image size-large\"><img fetchpriority=\"high\" decoding=\"async\" width=\"498\" height=\"500\" data-id=\"918\" src=\"https:\/\/mg.passadospresentes.com.br\/cidades-negras\/wp-content\/uploads\/sites\/5\/2025\/05\/WhatsApp-Image-2024-05-03-at-17.29.25.jpeg\" alt=\"\" class=\"wp-image-918\" srcset=\"https:\/\/mg.passadospresentes.com.br\/cidades-negras\/wp-content\/uploads\/sites\/5\/2025\/05\/WhatsApp-Image-2024-05-03-at-17.29.25.jpeg 498w, https:\/\/mg.passadospresentes.com.br\/cidades-negras\/wp-content\/uploads\/sites\/5\/2025\/05\/WhatsApp-Image-2024-05-03-at-17.29.25-300x300.jpeg 300w, https:\/\/mg.passadospresentes.com.br\/cidades-negras\/wp-content\/uploads\/sites\/5\/2025\/05\/WhatsApp-Image-2024-05-03-at-17.29.25-150x150.jpeg 150w\" sizes=\"(max-width: 498px) 100vw, 498px\" \/><figcaption class=\"wp-element-caption\"><a href=\"https:\/\/mg.passadospresentes.com.br\/cidades-negras\/verbetes-relacionados-a-cidade-de-juiz-de-fora\/\">Juiz de Fora<\/a><\/figcaption><\/figure>\n\n\n\n<figure class=\"wp-block-image size-large\"><img decoding=\"async\" width=\"1024\" height=\"682\" data-id=\"927\" src=\"https:\/\/mg.passadospresentes.com.br\/cidades-negras\/wp-content\/uploads\/sites\/5\/2025\/05\/Rosario-cortejo-do-divino-2016-1024x682.jpg\" alt=\"\" class=\"wp-image-927\" srcset=\"https:\/\/mg.passadospresentes.com.br\/cidades-negras\/wp-content\/uploads\/sites\/5\/2025\/05\/Rosario-cortejo-do-divino-2016-1024x682.jpg 1024w, https:\/\/mg.passadospresentes.com.br\/cidades-negras\/wp-content\/uploads\/sites\/5\/2025\/05\/Rosario-cortejo-do-divino-2016-300x200.jpg 300w, https:\/\/mg.passadospresentes.com.br\/cidades-negras\/wp-content\/uploads\/sites\/5\/2025\/05\/Rosario-cortejo-do-divino-2016-768x512.jpg 768w, https:\/\/mg.passadospresentes.com.br\/cidades-negras\/wp-content\/uploads\/sites\/5\/2025\/05\/Rosario-cortejo-do-divino-2016-1536x1024.jpg 1536w, https:\/\/mg.passadospresentes.com.br\/cidades-negras\/wp-content\/uploads\/sites\/5\/2025\/05\/Rosario-cortejo-do-divino-2016.jpg 1625w\" sizes=\"(max-width: 1024px) 100vw, 1024px\" \/><figcaption class=\"wp-element-caption\"><a href=\"https:\/\/mg.passadospresentes.com.br\/cidades-negras\/sao-joao-del-rei\/\">S\u00e3o Jo\u00e3o del-Rei<\/a><\/figcaption><\/figure>\n\n\n\n<figure class=\"wp-block-image size-large\"><img decoding=\"async\" width=\"1024\" height=\"1024\" data-id=\"939\" src=\"https:\/\/mg.passadospresentes.com.br\/cidades-negras\/wp-content\/uploads\/sites\/5\/2025\/04\/PUBLICACOES-AGENDADAS-4-1024x1024.png\" alt=\"\" class=\"wp-image-939\" srcset=\"https:\/\/mg.passadospresentes.com.br\/cidades-negras\/wp-content\/uploads\/sites\/5\/2025\/04\/PUBLICACOES-AGENDADAS-4-1024x1024.png 1024w, https:\/\/mg.passadospresentes.com.br\/cidades-negras\/wp-content\/uploads\/sites\/5\/2025\/04\/PUBLICACOES-AGENDADAS-4-300x300.png 300w, https:\/\/mg.passadospresentes.com.br\/cidades-negras\/wp-content\/uploads\/sites\/5\/2025\/04\/PUBLICACOES-AGENDADAS-4-150x150.png 150w, https:\/\/mg.passadospresentes.com.br\/cidades-negras\/wp-content\/uploads\/sites\/5\/2025\/04\/PUBLICACOES-AGENDADAS-4-768x768.png 768w, https:\/\/mg.passadospresentes.com.br\/cidades-negras\/wp-content\/uploads\/sites\/5\/2025\/04\/PUBLICACOES-AGENDADAS-4.png 1080w\" sizes=\"(max-width: 1024px) 100vw, 1024px\" \/><figcaption class=\"wp-element-caption\"><a href=\"https:\/\/mg.passadospresentes.com.br\/cidades-negras\/verbetes-relacionados-a-cidade-de-ituiutaba\/\">Ituiutaba<\/a><\/figcaption><\/figure>\n\n\n\n<figure class=\"wp-block-image size-large\"><img loading=\"lazy\" decoding=\"async\" width=\"1024\" height=\"1024\" data-id=\"946\" src=\"https:\/\/mg.passadospresentes.com.br\/cidades-negras\/wp-content\/uploads\/sites\/5\/2025\/04\/PUBLICACOES-AGENDADAS-5-1024x1024.png\" alt=\"\" class=\"wp-image-946\" srcset=\"https:\/\/mg.passadospresentes.com.br\/cidades-negras\/wp-content\/uploads\/sites\/5\/2025\/04\/PUBLICACOES-AGENDADAS-5-1024x1024.png 1024w, https:\/\/mg.passadospresentes.com.br\/cidades-negras\/wp-content\/uploads\/sites\/5\/2025\/04\/PUBLICACOES-AGENDADAS-5-300x300.png 300w, https:\/\/mg.passadospresentes.com.br\/cidades-negras\/wp-content\/uploads\/sites\/5\/2025\/04\/PUBLICACOES-AGENDADAS-5-150x150.png 150w, https:\/\/mg.passadospresentes.com.br\/cidades-negras\/wp-content\/uploads\/sites\/5\/2025\/04\/PUBLICACOES-AGENDADAS-5-768x768.png 768w, https:\/\/mg.passadospresentes.com.br\/cidades-negras\/wp-content\/uploads\/sites\/5\/2025\/04\/PUBLICACOES-AGENDADAS-5.png 1080w\" sizes=\"(max-width: 1024px) 100vw, 1024px\" \/><figcaption class=\"wp-element-caption\"><a href=\"https:\/\/mg.passadospresentes.com.br\/cidades-negras\/verbetes-relacionados-a-cidade-de-cambuquira-2\/\">Cambuquira<\/a><\/figcaption><\/figure>\n\n\n\n<figure class=\"wp-block-image size-large\"><img loading=\"lazy\" decoding=\"async\" width=\"1024\" height=\"738\" data-id=\"950\" src=\"https:\/\/mg.passadospresentes.com.br\/cidades-negras\/wp-content\/uploads\/sites\/5\/2025\/06\/1-1024x738.jpg\" alt=\"\" class=\"wp-image-950\" srcset=\"https:\/\/mg.passadospresentes.com.br\/cidades-negras\/wp-content\/uploads\/sites\/5\/2025\/06\/1-1024x738.jpg 1024w, https:\/\/mg.passadospresentes.com.br\/cidades-negras\/wp-content\/uploads\/sites\/5\/2025\/06\/1-300x216.jpg 300w, https:\/\/mg.passadospresentes.com.br\/cidades-negras\/wp-content\/uploads\/sites\/5\/2025\/06\/1-768x553.jpg 768w, https:\/\/mg.passadospresentes.com.br\/cidades-negras\/wp-content\/uploads\/sites\/5\/2025\/06\/1-1536x1107.jpg 1536w, https:\/\/mg.passadospresentes.com.br\/cidades-negras\/wp-content\/uploads\/sites\/5\/2025\/06\/1.jpg 1883w\" sizes=\"(max-width: 1024px) 100vw, 1024px\" \/><figcaption class=\"wp-element-caption\"><a href=\"https:\/\/mg.passadospresentes.com.br\/cidades-negras\/sabara\/\">Sabar\u00e1<\/a><\/figcaption><\/figure>\n\n\n\n<figure class=\"wp-block-image size-large\"><img loading=\"lazy\" decoding=\"async\" width=\"1024\" height=\"519\" data-id=\"1353\" src=\"https:\/\/mg.passadospresentes.com.br\/cidades-negras\/wp-content\/uploads\/sites\/5\/2025\/04\/congada-piedade1-1024x519.png\" alt=\"\" class=\"wp-image-1353\" srcset=\"https:\/\/mg.passadospresentes.com.br\/cidades-negras\/wp-content\/uploads\/sites\/5\/2025\/04\/congada-piedade1-1024x519.png 1024w, https:\/\/mg.passadospresentes.com.br\/cidades-negras\/wp-content\/uploads\/sites\/5\/2025\/04\/congada-piedade1-300x152.png 300w, https:\/\/mg.passadospresentes.com.br\/cidades-negras\/wp-content\/uploads\/sites\/5\/2025\/04\/congada-piedade1-768x390.png 768w, https:\/\/mg.passadospresentes.com.br\/cidades-negras\/wp-content\/uploads\/sites\/5\/2025\/04\/congada-piedade1-1536x779.png 1536w, https:\/\/mg.passadospresentes.com.br\/cidades-negras\/wp-content\/uploads\/sites\/5\/2025\/04\/congada-piedade1-2048x1039.png 2048w\" sizes=\"(max-width: 1024px) 100vw, 1024px\" \/><figcaption class=\"wp-element-caption\"><a href=\"https:\/\/mg.passadospresentes.com.br\/cidades-negras\/verbetes-relacionadas-a-cidade-de-piedade-do-rio-grande\/\">Piedade do Rio Grande<\/a><\/figcaption><\/figure>\n\n\n\n<figure class=\"wp-block-image size-large\"><img loading=\"lazy\" decoding=\"async\" width=\"1024\" height=\"768\" data-id=\"1655\" src=\"https:\/\/mg.passadospresentes.com.br\/cidades-negras\/wp-content\/uploads\/sites\/5\/2025\/10\/sitio-arqueologico-xica-da-silva-1-1024x768.jpg\" alt=\"\" class=\"wp-image-1655\" srcset=\"https:\/\/mg.passadospresentes.com.br\/cidades-negras\/wp-content\/uploads\/sites\/5\/2025\/10\/sitio-arqueologico-xica-da-silva-1-1024x768.jpg 1024w, https:\/\/mg.passadospresentes.com.br\/cidades-negras\/wp-content\/uploads\/sites\/5\/2025\/10\/sitio-arqueologico-xica-da-silva-1-300x225.jpg 300w, https:\/\/mg.passadospresentes.com.br\/cidades-negras\/wp-content\/uploads\/sites\/5\/2025\/10\/sitio-arqueologico-xica-da-silva-1-768x576.jpg 768w, https:\/\/mg.passadospresentes.com.br\/cidades-negras\/wp-content\/uploads\/sites\/5\/2025\/10\/sitio-arqueologico-xica-da-silva-1-1536x1152.jpg 1536w, https:\/\/mg.passadospresentes.com.br\/cidades-negras\/wp-content\/uploads\/sites\/5\/2025\/10\/sitio-arqueologico-xica-da-silva-1-2048x1536.jpg 2048w\" sizes=\"(max-width: 1024px) 100vw, 1024px\" \/><figcaption class=\"wp-element-caption\"><a href=\"https:\/\/mg.passadospresentes.com.br\/cidades-negras\/verbetes-relacionados-a-cidade-de-diamantina\/\" data-type=\"page\" data-id=\"1750\">Diamantina<\/a><\/figcaption><\/figure>\n\n\n\n<figure class=\"wp-block-image size-large\"><img loading=\"lazy\" decoding=\"async\" width=\"1024\" height=\"731\" data-id=\"1635\" src=\"https:\/\/mg.passadospresentes.com.br\/cidades-negras\/wp-content\/uploads\/sites\/5\/2025\/04\/Fazenda-gualaxo1-1024x731.jpg\" alt=\"\" class=\"wp-image-1635\" srcset=\"https:\/\/mg.passadospresentes.com.br\/cidades-negras\/wp-content\/uploads\/sites\/5\/2025\/04\/Fazenda-gualaxo1-1024x731.jpg 1024w, https:\/\/mg.passadospresentes.com.br\/cidades-negras\/wp-content\/uploads\/sites\/5\/2025\/04\/Fazenda-gualaxo1-300x214.jpg 300w, https:\/\/mg.passadospresentes.com.br\/cidades-negras\/wp-content\/uploads\/sites\/5\/2025\/04\/Fazenda-gualaxo1-768x548.jpg 768w, https:\/\/mg.passadospresentes.com.br\/cidades-negras\/wp-content\/uploads\/sites\/5\/2025\/04\/Fazenda-gualaxo1.jpg 1162w\" sizes=\"(max-width: 1024px) 100vw, 1024px\" \/><figcaption class=\"wp-element-caption\"><strong><a href=\"https:\/\/mg.passadospresentes.com.br\/cidades-negras\/verbetes-relacionados-a-cidade-de-mariana\/\">Mariana<\/a><\/strong><\/figcaption><\/figure>\n\n\n\n<figure class=\"wp-block-image size-large\"><img loading=\"lazy\" decoding=\"async\" width=\"1024\" height=\"1024\" data-id=\"1958\" src=\"https:\/\/mg.passadospresentes.com.br\/cidades-negras\/wp-content\/uploads\/sites\/5\/2025\/12\/PUBLICACOES-AGENDADAS-3-1024x1024.jpg\" alt=\"\" class=\"wp-image-1958\" srcset=\"https:\/\/mg.passadospresentes.com.br\/cidades-negras\/wp-content\/uploads\/sites\/5\/2025\/12\/PUBLICACOES-AGENDADAS-3-1024x1024.jpg 1024w, https:\/\/mg.passadospresentes.com.br\/cidades-negras\/wp-content\/uploads\/sites\/5\/2025\/12\/PUBLICACOES-AGENDADAS-3-300x300.jpg 300w, https:\/\/mg.passadospresentes.com.br\/cidades-negras\/wp-content\/uploads\/sites\/5\/2025\/12\/PUBLICACOES-AGENDADAS-3-150x150.jpg 150w, https:\/\/mg.passadospresentes.com.br\/cidades-negras\/wp-content\/uploads\/sites\/5\/2025\/12\/PUBLICACOES-AGENDADAS-3-768x768.jpg 768w, https:\/\/mg.passadospresentes.com.br\/cidades-negras\/wp-content\/uploads\/sites\/5\/2025\/12\/PUBLICACOES-AGENDADAS-3.jpg 1080w\" sizes=\"(max-width: 1024px) 100vw, 1024px\" \/><figcaption class=\"wp-element-caption\"><strong><a href=\"https:\/\/mg.passadospresentes.com.br\/cidades-negras\/verbetes-relacionados-a-cidade-de-ouro-preto\/\">Ouro Preto<\/a><\/strong><\/figcaption><\/figure>\n\n\n\n<figure class=\"wp-block-image size-large\"><img loading=\"lazy\" decoding=\"async\" width=\"1024\" height=\"1024\" data-id=\"1972\" src=\"https:\/\/mg.passadospresentes.com.br\/cidades-negras\/wp-content\/uploads\/sites\/5\/2025\/12\/PUBLICACOES-AGENDADAS-4-1024x1024.jpg\" alt=\"\" class=\"wp-image-1972\" srcset=\"https:\/\/mg.passadospresentes.com.br\/cidades-negras\/wp-content\/uploads\/sites\/5\/2025\/12\/PUBLICACOES-AGENDADAS-4-1024x1024.jpg 1024w, https:\/\/mg.passadospresentes.com.br\/cidades-negras\/wp-content\/uploads\/sites\/5\/2025\/12\/PUBLICACOES-AGENDADAS-4-300x300.jpg 300w, https:\/\/mg.passadospresentes.com.br\/cidades-negras\/wp-content\/uploads\/sites\/5\/2025\/12\/PUBLICACOES-AGENDADAS-4-150x150.jpg 150w, https:\/\/mg.passadospresentes.com.br\/cidades-negras\/wp-content\/uploads\/sites\/5\/2025\/12\/PUBLICACOES-AGENDADAS-4-768x768.jpg 768w, https:\/\/mg.passadospresentes.com.br\/cidades-negras\/wp-content\/uploads\/sites\/5\/2025\/12\/PUBLICACOES-AGENDADAS-4.jpg 1080w\" sizes=\"(max-width: 1024px) 100vw, 1024px\" \/><figcaption class=\"wp-element-caption\"><a href=\"https:\/\/mg.passadospresentes.com.br\/cidades-negras\/verbetes-relacionados-a-cidade-de-tres-coracoes\/\" data-type=\"page\" data-id=\"1975\"><strong>Tr\u00eas Cora\u00e7\u00f5es<\/strong><\/a><\/figcaption><\/figure>\n<\/figure>\n\n\n\n<p><\/p>\n\n\n\n<p><\/p>\n\n\n\n<p><\/p>\n","protected":false},"excerpt":{"rendered":"","protected":false},"author":2,"featured_media":0,"parent":0,"menu_order":0,"comment_status":"closed","ping_status":"closed","template":"","meta":{"_acf_changed":false,"footnotes":""},"class_list":["post-1722","page","type-page","status-publish","hentry"],"acf":[],"_links":{"self":[{"href":"https:\/\/mg.passadospresentes.com.br\/cidades-negras\/wp-json\/wp\/v2\/pages\/1722","targetHints":{"allow":["GET"]}}],"collection":[{"href":"https:\/\/mg.passadospresentes.com.br\/cidades-negras\/wp-json\/wp\/v2\/pages"}],"about":[{"href":"https:\/\/mg.passadospresentes.com.br\/cidades-negras\/wp-json\/wp\/v2\/types\/page"}],"author":[{"embeddable":true,"href":"https:\/\/mg.passadospresentes.com.br\/cidades-negras\/wp-json\/wp\/v2\/users\/2"}],"replies":[{"embeddable":true,"href":"https:\/\/mg.passadospresentes.com.br\/cidades-negras\/wp-json\/wp\/v2\/comments?post=1722"}],"version-history":[{"count":5,"href":"https:\/\/mg.passadospresentes.com.br\/cidades-negras\/wp-json\/wp\/v2\/pages\/1722\/revisions"}],"predecessor-version":[{"id":1978,"href":"https:\/\/mg.passadospresentes.com.br\/cidades-negras\/wp-json\/wp\/v2\/pages\/1722\/revisions\/1978"}],"wp:attachment":[{"href":"https:\/\/mg.passadospresentes.com.br\/cidades-negras\/wp-json\/wp\/v2\/media?parent=1722"}],"curies":[{"name":"wp","href":"https:\/\/api.w.org\/{rel}","templated":true}]}}