{"id":1557,"date":"2025-10-22T19:34:24","date_gmt":"2025-10-22T22:34:24","guid":{"rendered":"https:\/\/mg.passadospresentes.com.br\/cidades-negras\/?page_id=1557"},"modified":"2026-01-09T16:58:35","modified_gmt":"2026-01-09T19:58:35","slug":"verbete-axe-crianca","status":"publish","type":"page","link":"https:\/\/mg.passadospresentes.com.br\/cidades-negras\/verbete-axe-crianca\/","title":{"rendered":"Verbete: Ax\u00e9 Crian\u00e7a"},"content":{"rendered":"\n<p>Por: <a href=\"https:\/\/mg.passadospresentes.com.br\/cidades-negras\/participante\/vanessa\/\">Vanessa Ferreira Lopes<\/a><\/p>\n\n\n\n<hr class=\"wp-block-separator has-alpha-channel-opacity\"\/>\n\n\n\n<h4 class=\"wp-block-heading\">HIST\u00d3RICO:<\/h4>\n\n\n\n<hr class=\"wp-block-separator has-alpha-channel-opacity\"\/>\n\n\n\n<p>A organiza\u00e7\u00e3o n\u00e3o-governamental surgiu em 1997 por iniciativa e parceria da catequista Helena de Oliveira com o Padre Guanair da Silva Santos, na Par\u00f3quia S\u00e3o Pio X, no bairro Ipiranga. O grupo surgiu a partir do incomodo da catequista Helena perante os frequentes relatos das crian\u00e7as, nos encontros de catequese, sobre discrimina\u00e7\u00e3o, bullying e baixo rendimento escolar. Para al\u00e9m do refor\u00e7o escolar, n\u00e3o se restringiam ao conte\u00fado da grade curricular, trabalhando no\u00e7\u00f5es de identidade, cultura, religiosidade e valoriza\u00e7\u00e3o \u00e9tnico-racial. O projeto ganhou robustez, a ponto de passarem a ofertar oficinas de artesanato, artes, sess\u00f5es de debates, orienta\u00e7\u00e3o psicol\u00f3gica, fonoaudiologia e pedagogia, tendo como cerne a valoriza\u00e7\u00e3o da cultura negra. O Ax\u00e9 crian\u00e7a promoveu mutir\u00f5es para atendimento odontol\u00f3gico e para a regulariza\u00e7\u00e3o de documenta\u00e7\u00f5es de registro individual. Voltaram-se ao atendimento de dependentes qu\u00edmicos.<\/p>\n\n\n\n<hr class=\"wp-block-separator has-alpha-channel-opacity\"\/>\n\n\n\n<h4 class=\"wp-block-heading\">CONDI\u00c7\u00d5ES DE VISITA\u00c7\u00c3O:<\/h4>\n\n\n\n<hr class=\"wp-block-separator has-alpha-channel-opacity\"\/>\n\n\n\n<p>A par\u00f3quia continua com as suas atividades normalmente, sendo um espa\u00e7o dispon\u00edvel para visita\u00e7\u00e3o. Mesmo com o fim das atividades das organiza\u00e7\u00e3o Ax\u00e9 Crian\u00e7a, a igreja ainda simboliza a mem\u00f3ria das iniciativas realizadas e as alian\u00e7as do movimento negro na comunidade.<\/p>\n\n\n\n<hr class=\"wp-block-separator has-alpha-channel-opacity\"\/>\n\n\n\n<p>R. Dr. Valter Nascimento Campos | 20 | Ipiranga | Juiz de Fora, MG | 36031-430 | Brasil |<\/p>\n\n\n\n<hr class=\"wp-block-separator has-alpha-channel-opacity\"\/>\n\n\n\n<h4 class=\"wp-block-heading\">REFER\u00caNCIAS:<\/h4>\n\n\n\n<hr class=\"wp-block-separator has-alpha-channel-opacity\"\/>\n\n\n\n<p>LOPES, Vanessa Ferreira. A constitui\u00e7\u00e3o do movimento negro em Juiz de Fora\/MG (1978-2010): dos processos de consci\u00eancia \u00e0s organiza\u00e7\u00f5es coletivas por direitos. Disserta\u00e7\u00e3o (Mestrado em Hist\u00f3ria) &#8211; Programa de P\u00f3s-Gradua\u00e7\u00e3o em Hist\u00f3ria, Instituto de Ci\u00eancias Humanas, Universidade Federal de Juiz de Fora. Juiz de Fora, p.189. 2024.<\/p>\n","protected":false},"excerpt":{"rendered":"<p>Por: Vanessa Ferreira Lopes HIST\u00d3RICO: A organiza\u00e7\u00e3o n\u00e3o-governamental surgiu em 1997 por iniciativa e parceria da catequista Helena de Oliveira com o Padre Guanair da Silva Santos, na Par\u00f3quia S\u00e3o Pio X, no bairro Ipiranga. O grupo surgiu a partir do incomodo da catequista Helena perante os frequentes relatos das crian\u00e7as, nos encontros de catequese, [&hellip;]<\/p>\n","protected":false},"author":2,"featured_media":0,"parent":0,"menu_order":0,"comment_status":"closed","ping_status":"closed","template":"","meta":{"_acf_changed":false,"footnotes":""},"class_list":["post-1557","page","type-page","status-publish","hentry"],"acf":[],"_links":{"self":[{"href":"https:\/\/mg.passadospresentes.com.br\/cidades-negras\/wp-json\/wp\/v2\/pages\/1557","targetHints":{"allow":["GET"]}}],"collection":[{"href":"https:\/\/mg.passadospresentes.com.br\/cidades-negras\/wp-json\/wp\/v2\/pages"}],"about":[{"href":"https:\/\/mg.passadospresentes.com.br\/cidades-negras\/wp-json\/wp\/v2\/types\/page"}],"author":[{"embeddable":true,"href":"https:\/\/mg.passadospresentes.com.br\/cidades-negras\/wp-json\/wp\/v2\/users\/2"}],"replies":[{"embeddable":true,"href":"https:\/\/mg.passadospresentes.com.br\/cidades-negras\/wp-json\/wp\/v2\/comments?post=1557"}],"version-history":[{"count":2,"href":"https:\/\/mg.passadospresentes.com.br\/cidades-negras\/wp-json\/wp\/v2\/pages\/1557\/revisions"}],"predecessor-version":[{"id":2013,"href":"https:\/\/mg.passadospresentes.com.br\/cidades-negras\/wp-json\/wp\/v2\/pages\/1557\/revisions\/2013"}],"wp:attachment":[{"href":"https:\/\/mg.passadospresentes.com.br\/cidades-negras\/wp-json\/wp\/v2\/media?parent=1557"}],"curies":[{"name":"wp","href":"https:\/\/api.w.org\/{rel}","templated":true}]}}