{"id":1479,"date":"2025-09-28T14:46:36","date_gmt":"2025-09-28T17:46:36","guid":{"rendered":"https:\/\/mg.passadospresentes.com.br\/cidades-negras\/?page_id=1479"},"modified":"2026-02-17T00:28:07","modified_gmt":"2026-02-17T03:28:07","slug":"verbete-mocambique-sao-bento","status":"publish","type":"page","link":"https:\/\/mg.passadospresentes.com.br\/cidades-negras\/verbete-mocambique-sao-bento\/","title":{"rendered":"Verbete: Mo\u00e7ambique S\u00e3o Bento"},"content":{"rendered":"\n<p>Por:&nbsp;<a href=\"https:\/\/mg.passadospresentes.com.br\/cidades-negras\/participante\/natalia-pecanha\/\">Nat\u00e1lia Batista Pe\u00e7anha<\/a><\/p>\n\n\n\n<hr class=\"wp-block-separator has-alpha-channel-opacity\"\/>\n\n\n\n<p><strong>HIST\u00d3RICO: <\/strong><\/p>\n\n\n\n<hr class=\"wp-block-separator has-alpha-channel-opacity\"\/>\n\n\n\n<p><strong>Funda\u00e7\u00e3o:<\/strong> 15 de julho de 2022<\/p>\n\n\n\n<p><strong>Fundadores: <\/strong>Maria Sebastiana Domingos Gonzaga (tia Nen\u00e9m) e Flavilton de Oliveira Borges.\u00a0<\/p>\n\n\n\n<p>\u201cA escolha do nosso nome veio por meio da devo\u00e7\u00e3o e f\u00e9 em nosso S\u00e3o Bento, que \u00e9 conhecido por afastar toda maldade e feiti\u00e7aria, ele que nos protege da inveja, de toda maldade, tamb\u00e9m \u00e9 protetor das doen\u00e7as da alma. Nossas cores s\u00e3o branco e vermelho.(&#8230;) Atualmente nosso terno cont\u00e9m 40 componentes. Nossa base de frente \u00e9 nossa matriarca Maria Sebastiana; nossos capit\u00e3es Flavilton Borges e Leonardo domingos; nossas Madrinhas Celsa Azevedo e Ang\u00e9lica Vinhais.\u201d (Entrevista concedida por Flavilton)<\/p>\n\n\n\n<p><\/p>\n\n\n\n<figure class=\"wp-block-image size-full\"><img fetchpriority=\"high\" decoding=\"async\" width=\"620\" height=\"422\" src=\"https:\/\/mg.passadospresentes.com.br\/cidades-negras\/wp-content\/uploads\/sites\/5\/2025\/09\/image-26.png\" alt=\"\" class=\"wp-image-1480\" srcset=\"https:\/\/mg.passadospresentes.com.br\/cidades-negras\/wp-content\/uploads\/sites\/5\/2025\/09\/image-26.png 620w, https:\/\/mg.passadospresentes.com.br\/cidades-negras\/wp-content\/uploads\/sites\/5\/2025\/09\/image-26-300x204.png 300w\" sizes=\"(max-width: 620px) 100vw, 620px\" \/><figcaption class=\"wp-element-caption\">Integrantes do Mo\u00e7ambique S\u00e3o Bento. Ituiutaba. Flavilton Borges. S\/d.<\/figcaption><\/figure>\n\n\n\n<figure class=\"wp-block-image size-full is-resized\"><img decoding=\"async\" width=\"545\" height=\"403\" src=\"https:\/\/mg.passadospresentes.com.br\/cidades-negras\/wp-content\/uploads\/sites\/5\/2025\/09\/image-27.png\" alt=\"\" class=\"wp-image-1481\" style=\"width:595px;height:auto\" srcset=\"https:\/\/mg.passadospresentes.com.br\/cidades-negras\/wp-content\/uploads\/sites\/5\/2025\/09\/image-27.png 545w, https:\/\/mg.passadospresentes.com.br\/cidades-negras\/wp-content\/uploads\/sites\/5\/2025\/09\/image-27-300x222.png 300w\" sizes=\"(max-width: 545px) 100vw, 545px\" \/><figcaption class=\"wp-element-caption\">Integrantes do Mo\u00e7ambique S\u00e3o Bento. Ituiutaba. Flavilton Borges. S\/d.<\/figcaption><\/figure>\n\n\n\n<hr class=\"wp-block-separator has-alpha-channel-opacity\"\/>\n\n\n\n<p><strong>Cores: <\/strong>Branco e Vermelho<\/p>\n\n\n\n<hr class=\"wp-block-separator has-alpha-channel-opacity\"\/>\n\n\n\n<p><strong>Significado: <\/strong>O branco simboliza a paz e o manto sagrado de nossa senhora, e a cor vermelha representa a vida e o sangue que por n\u00f3s foi derramado.<\/p>\n\n\n\n<hr class=\"wp-block-separator has-alpha-channel-opacity\"\/>\n\n\n\n<p><strong>Quartel: <\/strong>Av. Veneza \u2013 Brasil, Ituiutaba\/MG<\/p>\n\n\n\n<hr class=\"wp-block-separator has-alpha-channel-opacity\"\/>\n\n\n\n<p><strong>Matriarca: <\/strong>Maria Sebastiana<\/p>\n\n\n\n<hr class=\"wp-block-separator has-alpha-channel-opacity\"\/>\n\n\n\n<h4 class=\"wp-block-heading\">REFER\u00caNCIAS:<\/h4>\n\n\n\n<hr class=\"wp-block-separator has-alpha-channel-opacity\"\/>\n\n\n\n<p>Mo\u00e7ambique S\u00e3o Bento. Instagram. Dispon\u00edvel em: &lt;<a href=\"https:\/\/www.instagram.com\/mocambique_sao_bento\/\">https:\/\/www.instagram.com\/mocambique_sao_bento\/<\/a>&gt;. Acesso em: 28 de Setembro de 2025.<\/p>\n","protected":false},"excerpt":{"rendered":"<p>Por:&nbsp;Nat\u00e1lia Batista Pe\u00e7anha HIST\u00d3RICO: Funda\u00e7\u00e3o: 15 de julho de 2022 Fundadores: Maria Sebastiana Domingos Gonzaga (tia Nen\u00e9m) e Flavilton de Oliveira Borges.\u00a0 \u201cA escolha do nosso nome veio por meio da devo\u00e7\u00e3o e f\u00e9 em nosso S\u00e3o Bento, que \u00e9 conhecido por afastar toda maldade e feiti\u00e7aria, ele que nos protege da inveja, de toda [&hellip;]<\/p>\n","protected":false},"author":2,"featured_media":0,"parent":0,"menu_order":0,"comment_status":"closed","ping_status":"closed","template":"","meta":{"_acf_changed":false,"footnotes":""},"class_list":["post-1479","page","type-page","status-publish","hentry"],"acf":[],"_links":{"self":[{"href":"https:\/\/mg.passadospresentes.com.br\/cidades-negras\/wp-json\/wp\/v2\/pages\/1479","targetHints":{"allow":["GET"]}}],"collection":[{"href":"https:\/\/mg.passadospresentes.com.br\/cidades-negras\/wp-json\/wp\/v2\/pages"}],"about":[{"href":"https:\/\/mg.passadospresentes.com.br\/cidades-negras\/wp-json\/wp\/v2\/types\/page"}],"author":[{"embeddable":true,"href":"https:\/\/mg.passadospresentes.com.br\/cidades-negras\/wp-json\/wp\/v2\/users\/2"}],"replies":[{"embeddable":true,"href":"https:\/\/mg.passadospresentes.com.br\/cidades-negras\/wp-json\/wp\/v2\/comments?post=1479"}],"version-history":[{"count":4,"href":"https:\/\/mg.passadospresentes.com.br\/cidades-negras\/wp-json\/wp\/v2\/pages\/1479\/revisions"}],"predecessor-version":[{"id":2172,"href":"https:\/\/mg.passadospresentes.com.br\/cidades-negras\/wp-json\/wp\/v2\/pages\/1479\/revisions\/2172"}],"wp:attachment":[{"href":"https:\/\/mg.passadospresentes.com.br\/cidades-negras\/wp-json\/wp\/v2\/media?parent=1479"}],"curies":[{"name":"wp","href":"https:\/\/api.w.org\/{rel}","templated":true}]}}