{"id":1471,"date":"2025-09-28T14:05:12","date_gmt":"2025-09-28T17:05:12","guid":{"rendered":"https:\/\/mg.passadospresentes.com.br\/cidades-negras\/?page_id=1471"},"modified":"2026-02-17T00:06:59","modified_gmt":"2026-02-17T03:06:59","slug":"verbete-marujos-de-sao-benedito","status":"publish","type":"page","link":"https:\/\/mg.passadospresentes.com.br\/cidades-negras\/verbete-marujos-de-sao-benedito\/","title":{"rendered":"Verbete: Marujos de S\u00e3o Benedito"},"content":{"rendered":"\n<p>Por:&nbsp;<a href=\"https:\/\/mg.passadospresentes.com.br\/cidades-negras\/participante\/natalia-pecanha\/\">Nat\u00e1lia Batista Pe\u00e7anha<\/a><\/p>\n\n\n\n<hr class=\"wp-block-separator has-alpha-channel-opacity\"\/>\n\n\n\n<h4 class=\"wp-block-heading\">HIST\u00d3RICO:<\/h4>\n\n\n\n<hr class=\"wp-block-separator has-alpha-channel-opacity\"\/>\n\n\n\n<p><strong>Funda\u00e7\u00e3o: <\/strong>30 de maio de 2022<strong>.<\/strong><\/p>\n\n\n\n<p><strong>Fundadoras: <\/strong>Cidinha e C\u00e9lia Abadia C\u00e2ndido<\/p>\n\n\n\n<p>De acordo com Cidinha o Marujo de S\u00e3o Benedito foi criado em 30 de maio de 2022, sendo a realiza\u00e7\u00e3o de um sonho de mais de dez anos, dela e de sua m\u00e3e, C\u00e9lia . Cidinha informa que \u201cveio o nome da minha cabe\u00e7a marujo e nesse dia eu afirmei para minha m\u00e3e C\u00e9lia falando que no ano de 2023 vamos sair com ele, foi uma batalha \u00e9 ainda est\u00e1 sendo, mais com a f\u00e9 em s\u00e3o Benedito e nossa senhora do ros\u00e1rio estamos firme nessa caminhada e plantando nossas sementes e j\u00e1 criando ra\u00edzes\u201d.<\/p>\n\n\n\n<figure class=\"wp-block-image size-full is-resized\"><img fetchpriority=\"high\" decoding=\"async\" width=\"338\" height=\"453\" src=\"https:\/\/mg.passadospresentes.com.br\/cidades-negras\/wp-content\/uploads\/sites\/5\/2025\/09\/image-22.png\" alt=\"\" class=\"wp-image-1472\" style=\"width:516px;height:auto\" srcset=\"https:\/\/mg.passadospresentes.com.br\/cidades-negras\/wp-content\/uploads\/sites\/5\/2025\/09\/image-22.png 338w, https:\/\/mg.passadospresentes.com.br\/cidades-negras\/wp-content\/uploads\/sites\/5\/2025\/09\/image-22-224x300.png 224w\" sizes=\"(max-width: 338px) 100vw, 338px\" \/><figcaption class=\"wp-element-caption\">Altar com o estantarte do Grupo Marujos de S\u00e3o Benedito. Ituiutaba. Cidinha. S\/d.<\/figcaption><\/figure>\n\n\n\n<p><\/p>\n\n\n\n<figure class=\"wp-block-image size-full\"><img decoding=\"async\" width=\"630\" height=\"415\" src=\"https:\/\/mg.passadospresentes.com.br\/cidades-negras\/wp-content\/uploads\/sites\/5\/2025\/09\/image-23.png\" alt=\"\" class=\"wp-image-1473\" srcset=\"https:\/\/mg.passadospresentes.com.br\/cidades-negras\/wp-content\/uploads\/sites\/5\/2025\/09\/image-23.png 630w, https:\/\/mg.passadospresentes.com.br\/cidades-negras\/wp-content\/uploads\/sites\/5\/2025\/09\/image-23-300x198.png 300w\" sizes=\"(max-width: 630px) 100vw, 630px\" \/><figcaption class=\"wp-element-caption\">Integrantes do Grupo Marujos de S\u00e3o Benedito. Ituiutaba. Cidinha. S\/d.<\/figcaption><\/figure>\n\n\n\n<p><\/p>\n\n\n\n<figure class=\"wp-block-image size-full is-resized\"><img decoding=\"async\" width=\"278\" height=\"420\" src=\"https:\/\/mg.passadospresentes.com.br\/cidades-negras\/wp-content\/uploads\/sites\/5\/2026\/02\/image-11.png\" alt=\"\" class=\"wp-image-2164\" style=\"aspect-ratio:0.6619385342789598;width:408px;height:auto\" srcset=\"https:\/\/mg.passadospresentes.com.br\/cidades-negras\/wp-content\/uploads\/sites\/5\/2026\/02\/image-11.png 278w, https:\/\/mg.passadospresentes.com.br\/cidades-negras\/wp-content\/uploads\/sites\/5\/2026\/02\/image-11-199x300.png 199w\" sizes=\"(max-width: 278px) 100vw, 278px\" \/><figcaption class=\"wp-element-caption\">Integrante do Grupo Marujos de S\u00e3o Benetido com o Rei Congo. Ituiutaba. Nat\u00e1lia Batista Pe\u00e7anha. S\/d.<\/figcaption><\/figure>\n\n\n\n<hr class=\"wp-block-separator has-alpha-channel-opacity\"\/>\n\n\n\n<p><strong>Cores: <\/strong>lil\u00e1s e preto.<\/p>\n\n\n\n<hr class=\"wp-block-separator has-alpha-channel-opacity\"\/>\n\n\n\n<p><strong>Significado: <\/strong>lil\u00e1s, eleva\u00e7\u00e3o espiritual;&nbsp; preto, for\u00e7a e poder.<\/p>\n\n\n\n<hr class=\"wp-block-separator has-alpha-channel-opacity\"\/>\n\n\n\n<p><strong>Quartel: <\/strong>Rua: Jos\u00e9 Ribeiro de Lima &#8211; Sol Nascente 1, Ituiutaba\/MG<\/p>\n\n\n\n<hr class=\"wp-block-separator has-alpha-channel-opacity\"\/>\n\n\n\n<p><strong>Matriarca: <\/strong>C\u00e9lia Abadia C\u00e2ndido<\/p>\n","protected":false},"excerpt":{"rendered":"<p>Por:&nbsp;Nat\u00e1lia Batista Pe\u00e7anha HIST\u00d3RICO: Funda\u00e7\u00e3o: 30 de maio de 2022. Fundadoras: Cidinha e C\u00e9lia Abadia C\u00e2ndido De acordo com Cidinha o Marujo de S\u00e3o Benedito foi criado em 30 de maio de 2022, sendo a realiza\u00e7\u00e3o de um sonho de mais de dez anos, dela e de sua m\u00e3e, C\u00e9lia . Cidinha informa que \u201cveio [&hellip;]<\/p>\n","protected":false},"author":2,"featured_media":0,"parent":0,"menu_order":0,"comment_status":"closed","ping_status":"closed","template":"","meta":{"_acf_changed":false,"footnotes":""},"class_list":["post-1471","page","type-page","status-publish","hentry"],"acf":[],"_links":{"self":[{"href":"https:\/\/mg.passadospresentes.com.br\/cidades-negras\/wp-json\/wp\/v2\/pages\/1471","targetHints":{"allow":["GET"]}}],"collection":[{"href":"https:\/\/mg.passadospresentes.com.br\/cidades-negras\/wp-json\/wp\/v2\/pages"}],"about":[{"href":"https:\/\/mg.passadospresentes.com.br\/cidades-negras\/wp-json\/wp\/v2\/types\/page"}],"author":[{"embeddable":true,"href":"https:\/\/mg.passadospresentes.com.br\/cidades-negras\/wp-json\/wp\/v2\/users\/2"}],"replies":[{"embeddable":true,"href":"https:\/\/mg.passadospresentes.com.br\/cidades-negras\/wp-json\/wp\/v2\/comments?post=1471"}],"version-history":[{"count":2,"href":"https:\/\/mg.passadospresentes.com.br\/cidades-negras\/wp-json\/wp\/v2\/pages\/1471\/revisions"}],"predecessor-version":[{"id":2165,"href":"https:\/\/mg.passadospresentes.com.br\/cidades-negras\/wp-json\/wp\/v2\/pages\/1471\/revisions\/2165"}],"wp:attachment":[{"href":"https:\/\/mg.passadospresentes.com.br\/cidades-negras\/wp-json\/wp\/v2\/media?parent=1471"}],"curies":[{"name":"wp","href":"https:\/\/api.w.org\/{rel}","templated":true}]}}