{"id":1452,"date":"2025-09-28T10:09:06","date_gmt":"2025-09-28T13:09:06","guid":{"rendered":"https:\/\/mg.passadospresentes.com.br\/cidades-negras\/?page_id=1452"},"modified":"2026-02-16T15:45:13","modified_gmt":"2026-02-16T18:45:13","slug":"verbete-congo-filhos-da-luz","status":"publish","type":"page","link":"https:\/\/mg.passadospresentes.com.br\/cidades-negras\/verbete-congo-filhos-da-luz\/","title":{"rendered":"Verbete: Terno Congo Filhos da Luz (projeto idealizado pelo Terno Congo da Liberta\u00e7\u00e3o)"},"content":{"rendered":"\n<p>Por:&nbsp;<a href=\"https:\/\/mg.passadospresentes.com.br\/cidades-negras\/participante\/natalia-pecanha\/\">Nat\u00e1lia Batista Pe\u00e7anha<\/a><\/p>\n\n\n\n<hr class=\"wp-block-separator has-alpha-channel-opacity\"\/>\n\n\n\n<h4 class=\"wp-block-heading\">HIST\u00d3RICO:<\/h4>\n\n\n\n<hr class=\"wp-block-separator has-alpha-channel-opacity\"\/>\n\n\n\n<p>O Terno Congo Filhos da Luz \u00e9 not\u00e1vel por sua origem \u00fanica, tendo sido concebido como parte de um projeto na escola CAIC. A ideia para o projeto surgiu da vontade do segundo capit\u00e3o, William C\u00e2ndido, do terno da Liberta\u00e7\u00e3o, que tinha o objetivo de ensinar uma congada na escola CAIC.<\/p>\n\n\n\n<p>Esse projeto foi concretizado com base na Lei 10.369\/2003, que permitiu melhorias nas a\u00e7\u00f5es socioeducativas. Com o tempo, o projeto evoluiu e deu origem ao Terno Congo Filhos da Luz.<\/p>\n\n\n\n<figure class=\"wp-block-image size-full is-resized\"><img fetchpriority=\"high\" decoding=\"async\" width=\"263\" height=\"353\" src=\"https:\/\/mg.passadospresentes.com.br\/cidades-negras\/wp-content\/uploads\/sites\/5\/2025\/09\/image-18.png\" alt=\"\" class=\"wp-image-1453\" style=\"width:537px;height:auto\" srcset=\"https:\/\/mg.passadospresentes.com.br\/cidades-negras\/wp-content\/uploads\/sites\/5\/2025\/09\/image-18.png 263w, https:\/\/mg.passadospresentes.com.br\/cidades-negras\/wp-content\/uploads\/sites\/5\/2025\/09\/image-18-224x300.png 224w\" sizes=\"(max-width: 263px) 100vw, 263px\" \/><figcaption class=\"wp-element-caption\">Integrantes do Terno Congo Filhos da Luz. Ituiutaba. Ant\u00f4nio de Oliveira J\u00fanior. S\/d.<\/figcaption><\/figure>\n\n\n\n<hr class=\"wp-block-separator has-alpha-channel-opacity\"\/>\n\n\n\n<p><strong>Cor:<\/strong> Azul, branco e vermelho<\/p>\n\n\n\n<hr class=\"wp-block-separator has-alpha-channel-opacity\"\/>\n\n\n\n<p><strong>Matriarca:<\/strong> Claudia Luiza da Silva Almeida<\/p>\n\n\n\n<hr class=\"wp-block-separator has-alpha-channel-opacity\"\/>\n\n\n\n<p><strong>Quartel:<\/strong> Rua 15 com 32 e 34 | Bairro: Centro<\/p>\n\n\n\n<hr class=\"wp-block-separator has-alpha-channel-opacity\"\/>\n\n\n\n<h4 class=\"wp-block-heading\">REFER\u00caNCIAS:<\/h4>\n\n\n\n<hr class=\"wp-block-separator has-alpha-channel-opacity\"\/>\n\n\n\n<p>SILVA, Renata Nogueira da. <strong>Irmandades Negras, Reconhecimento e Cidadania.<\/strong> Curitiba: Appris, 2016.<\/p>\n\n\n\n<hr class=\"wp-block-separator has-alpha-channel-opacity\"\/>\n\n\n\n<p><\/p>\n","protected":false},"excerpt":{"rendered":"<p>Por:&nbsp;Nat\u00e1lia Batista Pe\u00e7anha HIST\u00d3RICO: O Terno Congo Filhos da Luz \u00e9 not\u00e1vel por sua origem \u00fanica, tendo sido concebido como parte de um projeto na escola CAIC. A ideia para o projeto surgiu da vontade do segundo capit\u00e3o, William C\u00e2ndido, do terno da Liberta\u00e7\u00e3o, que tinha o objetivo de ensinar uma congada na escola CAIC. [&hellip;]<\/p>\n","protected":false},"author":2,"featured_media":0,"parent":0,"menu_order":0,"comment_status":"closed","ping_status":"closed","template":"","meta":{"_acf_changed":false,"footnotes":""},"class_list":["post-1452","page","type-page","status-publish","hentry"],"acf":[],"_links":{"self":[{"href":"https:\/\/mg.passadospresentes.com.br\/cidades-negras\/wp-json\/wp\/v2\/pages\/1452","targetHints":{"allow":["GET"]}}],"collection":[{"href":"https:\/\/mg.passadospresentes.com.br\/cidades-negras\/wp-json\/wp\/v2\/pages"}],"about":[{"href":"https:\/\/mg.passadospresentes.com.br\/cidades-negras\/wp-json\/wp\/v2\/types\/page"}],"author":[{"embeddable":true,"href":"https:\/\/mg.passadospresentes.com.br\/cidades-negras\/wp-json\/wp\/v2\/users\/2"}],"replies":[{"embeddable":true,"href":"https:\/\/mg.passadospresentes.com.br\/cidades-negras\/wp-json\/wp\/v2\/comments?post=1452"}],"version-history":[{"count":4,"href":"https:\/\/mg.passadospresentes.com.br\/cidades-negras\/wp-json\/wp\/v2\/pages\/1452\/revisions"}],"predecessor-version":[{"id":2155,"href":"https:\/\/mg.passadospresentes.com.br\/cidades-negras\/wp-json\/wp\/v2\/pages\/1452\/revisions\/2155"}],"wp:attachment":[{"href":"https:\/\/mg.passadospresentes.com.br\/cidades-negras\/wp-json\/wp\/v2\/media?parent=1452"}],"curies":[{"name":"wp","href":"https:\/\/api.w.org\/{rel}","templated":true}]}}