{"id":1407,"date":"2025-09-22T23:14:31","date_gmt":"2025-09-23T02:14:31","guid":{"rendered":"https:\/\/mg.passadospresentes.com.br\/cidades-negras\/?page_id=1407"},"modified":"2026-02-21T20:43:32","modified_gmt":"2026-02-21T23:43:32","slug":"verbete-terno-de-congo-real","status":"publish","type":"page","link":"https:\/\/mg.passadospresentes.com.br\/cidades-negras\/verbete-terno-de-congo-real\/","title":{"rendered":"Verbete: Terno de Congo Real"},"content":{"rendered":"\n<p>Por: <a href=\"https:\/\/mg.passadospresentes.com.br\/cidades-negras\/participante\/natalia-pecanha\/\">Nat\u00e1lia Batista Pe\u00e7anha<\/a><\/p>\n\n\n\n<hr class=\"wp-block-separator has-alpha-channel-opacity\"\/>\n\n\n\n<h4 class=\"wp-block-heading\">HIST\u00d3RICO:<\/h4>\n\n\n\n<hr class=\"wp-block-separator has-alpha-channel-opacity\"\/>\n\n\n\n<p><strong>Funda\u00e7\u00e3o: <\/strong>1987<\/p>\n\n\n\n<p><strong>Fundador: <\/strong>Jo\u00e3o Luiz da Silva \u2013 \u201cJo\u00e3o da Badia\u201d e Marina Eur\u00edpedes de Oliveira.<\/p>\n\n\n\n<p>O Terno de Congo Real surgiu em 1987,&nbsp; pela iniciativa do Sr. Jo\u00e3o Luiz da Silva, conhecido como &#8220;Jo\u00e3o da Badia&#8221;, e sua esposa Marina Eur\u00edpedes de Oliveira.&nbsp;<\/p>\n\n\n\n<p>Seu Jo\u00e3o da Badia sempre foi ligado \u00e0s festividades do Congado e, al\u00e9m de fundador do Congo Real, preside um grupo de Folia de Reis&nbsp; h\u00e1 mais de&nbsp; anos. De acordo com algumas refer\u00eancias citadas, o terno Congo Real surgiu a partir de uma viagem que Seu Jo\u00e3o fez \u00e0 cidade de Luz-MG, inspirando-se nos ternos que via na cidade, sobretudo um que utilizava-se da cor amarelo, cor eleita como a que representa o terno tijucano.<\/p>\n\n\n\n<figure class=\"wp-block-image size-full is-resized\"><img decoding=\"async\" width=\"184\" height=\"252\" src=\"https:\/\/mg.passadospresentes.com.br\/cidades-negras\/wp-content\/uploads\/sites\/5\/2026\/02\/image-9.png\" alt=\"\" class=\"wp-image-2114\" style=\"aspect-ratio:0.7301745635910224;width:460px;height:auto\"\/><figcaption class=\"wp-element-caption\">Estantarde do Terno Congo Real. Ituiutaba. Juliana Rodrigues de Freitas Franco. S\/d.<\/figcaption><\/figure>\n\n\n\n<p><\/p>\n\n\n\n<figure class=\"wp-block-image size-full is-resized\"><img fetchpriority=\"high\" decoding=\"async\" width=\"373\" height=\"446\" src=\"https:\/\/mg.passadospresentes.com.br\/cidades-negras\/wp-content\/uploads\/sites\/5\/2025\/09\/Congo-Real.png\" alt=\"\" class=\"wp-image-1409\" style=\"width:484px;height:auto\" srcset=\"https:\/\/mg.passadospresentes.com.br\/cidades-negras\/wp-content\/uploads\/sites\/5\/2025\/09\/Congo-Real.png 373w, https:\/\/mg.passadospresentes.com.br\/cidades-negras\/wp-content\/uploads\/sites\/5\/2025\/09\/Congo-Real-251x300.png 251w\" sizes=\"(max-width: 373px) 100vw, 373px\" \/><figcaption class=\"wp-element-caption\">Integrante do Terno Congo Real. Ituiutaba. Arth Silva, 2023.<\/figcaption><\/figure>\n\n\n\n<p><strong>Cores: &nbsp;<\/strong>amarelo, branco e verde.<\/p>\n\n\n\n<hr class=\"wp-block-separator has-alpha-channel-opacity\"\/>\n\n\n\n<h4 class=\"wp-block-heading\"><strong>Significado:  <\/strong>Amarelo \u2013 ouro e riqueza<\/h4>\n\n\n\n<hr class=\"wp-block-separator has-alpha-channel-opacity\"\/>\n\n\n\n<p><strong>Quartel: <\/strong>Rua Segunda \u2013 Natal, Ituiutaba\/MG.<\/p>\n\n\n\n<hr class=\"wp-block-separator has-alpha-channel-opacity\"\/>\n\n\n\n<p><strong>Respons\u00e1vel pelo terno: <\/strong>Maria Abadia<\/p>\n\n\n\n<hr class=\"wp-block-separator has-alpha-channel-opacity\"\/>\n\n\n\n<h4 class=\"wp-block-heading\"><strong>Matriarca:&nbsp;<\/strong>Maria L\u00facia<\/h4>\n\n\n\n<hr class=\"wp-block-separator has-alpha-channel-opacity\"\/>\n\n\n\n<h4 class=\"wp-block-heading\">REFER\u00caNCIAS:<\/h4>\n\n\n\n<hr class=\"wp-block-separator has-alpha-channel-opacity\"\/>\n\n\n\n<p>ABR\u00c3O, Maysa. \u201c<strong>Cultura, Identidade e Religiosidade<\/strong>: O Congado da cidade de Ituiutaba \u2013 MG por Fernanda Domingos Naves \u2013 Maysa Abr\u00e3o\u201d. <em>Maysa Abr\u00e3o &#8211; Blog da Maysa Abr\u00e3o<\/em> , 28 de abril de 2017. Dispon\u00edvel em: https:\/\/www.maysabrao.com.br\/cultura-identidade-e-religiosidade-o-congado-da-cidade-de-ituiutaba-mg-por- fernanda-domingos-naves\/. Acessado em 12 maio 2023.<\/p>\n\n\n\n<hr class=\"wp-block-separator has-alpha-channel-opacity\"\/>\n\n\n\n<p>RAFAEL, Luana Regina Mendes. <strong>Os Festejos De S\u00e3o Benedito em Ituiutaba<\/strong>: uma janela em movimento. Trabalho de Conclus\u00e3o de Curso. (Gradua\u00e7\u00e3o) &#8211; Curso de Bacharelado em Hist\u00f3ria, Universidade Federal de Uberl\u00e2ndia. 2014.<\/p>\n\n\n\n<hr class=\"wp-block-separator has-alpha-channel-opacity\"\/>\n\n\n\n<p>_____ e PORTUGUEZ, Anderson Pereira.<strong> Ritmos e cores do catolicismo negro em Ituiutaba<\/strong>: as territorialidades da Festa de Congada entre 1950 e o tempo presente. Ituiutaba: Barlavento, 2019.<\/p>\n\n\n\n<hr class=\"wp-block-separator has-alpha-channel-opacity\"\/>\n\n\n\n<p>SANTOS, R. A. <strong>O Congado Vive em Mim:<\/strong> um estudo sobre a etnomatem\u00e1tica presente nas manifesta\u00e7\u00f5es culturais afro-brasileiras. 2019. Trabalho de Conclus\u00e3o de Curso (Gradua\u00e7\u00e3o) \u2013 Licenciatura em Matem\u00e1tica, Universidade Federal de Uberl\u00e2ndia. 2019. Dispon\u00edvel em: https:\/\/repositorio.ufu.br\/bitstream\/123456789\/28639\/3\/CongadoViveEm.pdf. Acessado em: 12 mai. 2023.<\/p>\n\n\n\n<hr class=\"wp-block-separator has-alpha-channel-opacity\"\/>\n\n\n\n<p>SILVA, Renata Nogueira da. <strong>Irmandades Negras, Reconhecimento e Cidadania<\/strong>. Curitiba: Appris, 2016.<br><\/p>\n\n\n\n<p><\/p>\n\n\n\n<p><\/p>\n","protected":false},"excerpt":{"rendered":"<p>Por: Nat\u00e1lia Batista Pe\u00e7anha HIST\u00d3RICO: Funda\u00e7\u00e3o: 1987 Fundador: Jo\u00e3o Luiz da Silva \u2013 \u201cJo\u00e3o da Badia\u201d e Marina Eur\u00edpedes de Oliveira. O Terno de Congo Real surgiu em 1987,&nbsp; pela iniciativa do Sr. Jo\u00e3o Luiz da Silva, conhecido como &#8220;Jo\u00e3o da Badia&#8221;, e sua esposa Marina Eur\u00edpedes de Oliveira.&nbsp; Seu Jo\u00e3o da Badia sempre foi [&hellip;]<\/p>\n","protected":false},"author":2,"featured_media":0,"parent":0,"menu_order":0,"comment_status":"closed","ping_status":"closed","template":"","meta":{"_acf_changed":false,"footnotes":""},"class_list":["post-1407","page","type-page","status-publish","hentry"],"acf":[],"_links":{"self":[{"href":"https:\/\/mg.passadospresentes.com.br\/cidades-negras\/wp-json\/wp\/v2\/pages\/1407","targetHints":{"allow":["GET"]}}],"collection":[{"href":"https:\/\/mg.passadospresentes.com.br\/cidades-negras\/wp-json\/wp\/v2\/pages"}],"about":[{"href":"https:\/\/mg.passadospresentes.com.br\/cidades-negras\/wp-json\/wp\/v2\/types\/page"}],"author":[{"embeddable":true,"href":"https:\/\/mg.passadospresentes.com.br\/cidades-negras\/wp-json\/wp\/v2\/users\/2"}],"replies":[{"embeddable":true,"href":"https:\/\/mg.passadospresentes.com.br\/cidades-negras\/wp-json\/wp\/v2\/comments?post=1407"}],"version-history":[{"count":5,"href":"https:\/\/mg.passadospresentes.com.br\/cidades-negras\/wp-json\/wp\/v2\/pages\/1407\/revisions"}],"predecessor-version":[{"id":2209,"href":"https:\/\/mg.passadospresentes.com.br\/cidades-negras\/wp-json\/wp\/v2\/pages\/1407\/revisions\/2209"}],"wp:attachment":[{"href":"https:\/\/mg.passadospresentes.com.br\/cidades-negras\/wp-json\/wp\/v2\/media?parent=1407"}],"curies":[{"name":"wp","href":"https:\/\/api.w.org\/{rel}","templated":true}]}}