{"id":1401,"date":"2025-09-22T19:18:39","date_gmt":"2025-09-22T22:18:39","guid":{"rendered":"https:\/\/mg.passadospresentes.com.br\/cidades-negras\/?page_id=1401"},"modified":"2026-02-10T23:55:00","modified_gmt":"2026-02-11T02:55:00","slug":"verbete-terno-congo-camisa-verde","status":"publish","type":"page","link":"https:\/\/mg.passadospresentes.com.br\/cidades-negras\/verbete-terno-congo-camisa-verde\/","title":{"rendered":"Verbete: Terno Congo Camisa Verde"},"content":{"rendered":"\n<p>Por:&nbsp;<a href=\"https:\/\/mg.passadospresentes.com.br\/cidades-negras\/participante\/natalia-pecanha\/\">Nat\u00e1lia Batista Pe\u00e7anha<\/a><\/p>\n\n\n\n<hr class=\"wp-block-separator has-alpha-channel-opacity\"\/>\n\n\n\n<h4 class=\"wp-block-heading\">HIST\u00d3RICO:<\/h4>\n\n\n\n<hr class=\"wp-block-separator has-alpha-channel-opacity\"\/>\n\n\n\n<p><strong>Funda\u00e7\u00e3o<\/strong>: 1954<\/p>\n\n\n\n<p><strong>Fundador\/a:<\/strong> Geraldo Clarimundo da Costa, Dulcin\u00e9ia Luiz Cassino, Dem\u00e9trio da Silva Costa e Marciano Silvestre<\/p>\n\n\n\n<p>O Terno Congo Camisa Verde foi fundado em 1954, por Geraldo Clarimundo da Costa, sua esposa Dulcin\u00e9ia Luiz Cassino, seu irm\u00e3o Dem\u00e9trio da Silva Costa e seu pai Marciano Silvestre, com o intuito de devotar homenagem a S\u00e3o Benedito e Nossa Senhora do Ros\u00e1rio. Inicialmente, o grupo era composto por cerca de&nbsp; 30 pessoas trajadas com as cores verde e branco, tendo Seu Geraldo como o primeiro capit\u00e3o do terno e primeiro presidente da Irmandade de S\u00e3o Benedito (1957-1988).&nbsp;<\/p>\n\n\n\n<p><strong>Cores: <\/strong>Verde, branco e amarelo.<\/p>\n\n\n\n<p><strong>Significado: <\/strong>&nbsp;Verde &#8211;&nbsp; simboliza a esperan\u00e7a e o sentimento de continuidade; o branco &#8211; representa a paz; e o amarelo a riqueza do Brasil.&nbsp;<\/p>\n\n\n\n<figure class=\"wp-block-image size-full\"><img fetchpriority=\"high\" decoding=\"async\" width=\"359\" height=\"424\" src=\"https:\/\/mg.passadospresentes.com.br\/cidades-negras\/wp-content\/uploads\/sites\/5\/2026\/02\/image-4.png\" alt=\"\" class=\"wp-image-2103\" srcset=\"https:\/\/mg.passadospresentes.com.br\/cidades-negras\/wp-content\/uploads\/sites\/5\/2026\/02\/image-4.png 359w, https:\/\/mg.passadospresentes.com.br\/cidades-negras\/wp-content\/uploads\/sites\/5\/2026\/02\/image-4-254x300.png 254w\" sizes=\"(max-width: 359px) 100vw, 359px\" \/><figcaption class=\"wp-element-caption\"><br>Integrantes do Terno Congo Camisa Verde. Ituiutaba. S\/d<\/figcaption><\/figure>\n\n\n\n<p><strong>Cores:&nbsp;<\/strong>Verde, branco e amarelo.<\/p>\n\n\n\n<figure class=\"wp-block-image size-full is-resized\"><img decoding=\"async\" width=\"263\" height=\"357\" src=\"https:\/\/mg.passadospresentes.com.br\/cidades-negras\/wp-content\/uploads\/sites\/5\/2026\/02\/image-5.png\" alt=\"\" class=\"wp-image-2105\" style=\"aspect-ratio:0.7367189904586027;width:429px;height:auto\" srcset=\"https:\/\/mg.passadospresentes.com.br\/cidades-negras\/wp-content\/uploads\/sites\/5\/2026\/02\/image-5.png 263w, https:\/\/mg.passadospresentes.com.br\/cidades-negras\/wp-content\/uploads\/sites\/5\/2026\/02\/image-5-221x300.png 221w\" sizes=\"(max-width: 263px) 100vw, 263px\" \/><figcaption class=\"wp-element-caption\">Bandeira do Terno Congo da Camisa Verde. Ituiutaba. S\/d. <\/figcaption><\/figure>\n\n\n\n<figure class=\"wp-block-image is-resized\"><img decoding=\"async\" width=\"422\" height=\"442\" src=\"https:\/\/mg.passadospresentes.com.br\/cidades-negras\/wp-content\/uploads\/sites\/5\/2025\/09\/congo-camisa-verde.png\" alt=\"\" class=\"wp-image-1388\" style=\"width:507px;height:auto\" srcset=\"https:\/\/mg.passadospresentes.com.br\/cidades-negras\/wp-content\/uploads\/sites\/5\/2025\/09\/congo-camisa-verde.png 422w, https:\/\/mg.passadospresentes.com.br\/cidades-negras\/wp-content\/uploads\/sites\/5\/2025\/09\/congo-camisa-verde-286x300.png 286w\" sizes=\"(max-width: 422px) 100vw, 422px\" \/><figcaption class=\"wp-element-caption\">Cr\u00e9dito:&nbsp;<a href=\"https:\/\/www.instagram.com\/p\/CsudHy_sFIT\/?img_index=1\">P\u00e1gina do terno Congo Camisa Verde<\/a>, Instagram, Ituiutaba. 26\/05\/2023.&nbsp;&nbsp;<\/figcaption><\/figure>\n\n\n\n<hr class=\"wp-block-separator has-alpha-channel-opacity\"\/>\n\n\n\n<p><strong>Quartel:&nbsp;<\/strong>33A | n\u00b0 388 | Progresso. <\/p>\n\n\n\n<hr class=\"wp-block-separator has-alpha-channel-opacity\"\/>\n\n\n\n<p><strong>Coordenadora geral:&nbsp;<\/strong>Divina Costa Telles<\/p>\n\n\n\n<hr class=\"wp-block-separator has-alpha-channel-opacity\"\/>\n\n\n\n<h4 class=\"wp-block-heading\">REFER\u00caNCIAS:<\/h4>\n\n\n\n<hr class=\"wp-block-separator has-alpha-channel-opacity\"\/>\n\n\n\n<p>ABR\u00c3O, Maysa. \u201c<strong>Cultura, Identidade e Religiosidade<\/strong>: O Congado da cidade de Ituiutaba \u2013 MG por Fernanda Domingos Naves \u2013 Maysa Abr\u00e3o\u201d. <em>Maysa Abr\u00e3o &#8211; Blog da Maysa Abr\u00e3o<\/em> , 28 de abril de 2017. Dispon\u00edvel em: https:\/\/www.maysabrao.com.br\/cultura-identidade-e-religiosidade-o-congado-da-cidade-de-ituiutaba-mg-por- fernanda-domingos-naves\/. Acessado em 12 maio 2023.<\/p>\n\n\n\n<hr class=\"wp-block-separator has-alpha-channel-opacity\"\/>\n\n\n\n<p>RAFAEL, Luana Regina Mendes. <strong>Os Festejos De S\u00e3o Benedito em Ituiutaba<\/strong>: uma janela em movimento. Trabalho de Conclus\u00e3o de Curso. (Gradua\u00e7\u00e3o) &#8211; Curso de Bacharelado em Hist\u00f3ria, Universidade Federal de Uberl\u00e2ndia. 2014.<\/p>\n\n\n\n<hr class=\"wp-block-separator has-alpha-channel-opacity\"\/>\n\n\n\n<p>_____ e PORTUGUEZ, Anderson Pereira.<strong> Ritmos e cores do catolicismo negro em Ituiutaba<\/strong>: as territorialidades da Festa de Congada entre 1950 e o tempo presente. Ituiutaba: Barlavento, 2019.<\/p>\n\n\n\n<hr class=\"wp-block-separator has-alpha-channel-opacity\"\/>\n\n\n\n<p>SILVA, Renata Nogueira da. <strong>Irmandades Negras, Reconhecimento e Cidadania<\/strong>. Curitiba: Appris, 2016.<\/p>\n\n\n\n<hr class=\"wp-block-separator has-alpha-channel-opacity\"\/>\n\n\n\n<p><a href=\"https:\/\/www.vakinha.com.br\/vaquinha\/congo-camisa-verde\">https:\/\/www.vakinha.com.br\/vaquinha\/congo-camisa-verde<\/a> Acessado em 15 de novembro de 2023.<\/p>\n\n\n\n<hr class=\"wp-block-separator has-alpha-channel-opacity\"\/>\n\n\n\n<p>Associa\u00e7\u00e3o BAOB\u00c1. Dispon\u00edvel em:<a href=\"https:\/\/www.associacaobaoba.com\/?fbclid=PAAaYFt83tZ57HpVD0L6FYrCuhuJRReOvmXp_HUXf9fYD0TJMxYEz3fLeG4hw\">https:\/\/www.associacaobaoba.com\/?fbclid=PAAaYFt83tZ57HpVD0L6FYrCuhuJRReOvmXp_HUXf9fYD0TJMxYEz3fLeG4hw<\/a> Acessado em 14 de novembro de 2023.<a href=\"https:\/\/mg.passadospresentes.com.br\/cidades-negras\/sem-categoria\/verbete-terno-congo-camisa-verde\/#elementor-action%3Aaction%3Doff_canvas%3Aclose%26settings%3DeyJpZCI6ImE0YTNkMjgiLCJkaXNwbGF5TW9kZSI6ImNsb3NlIn0%3D\"><\/a><\/p>\n\n\n\n<hr class=\"wp-block-separator has-alpha-channel-opacity\"\/>\n\n\n\n<p>P\u00e1gina do Terno Congo Camisa Verde. Instagram, Ituiutaba. Disponivel em: &lt;<a href=\"https:\/\/www.instagram.com\/congocamisaverde\/\">https:\/\/www.instagram.com\/congocamisaverde\/<\/a>&gt;. Acesso em 22\/09\/2025.<\/p>\n\n\n\n<p><\/p>\n","protected":false},"excerpt":{"rendered":"<p>Por:&nbsp;Nat\u00e1lia Batista Pe\u00e7anha HIST\u00d3RICO: Funda\u00e7\u00e3o: 1954 Fundador\/a: Geraldo Clarimundo da Costa, Dulcin\u00e9ia Luiz Cassino, Dem\u00e9trio da Silva Costa e Marciano Silvestre O Terno Congo Camisa Verde foi fundado em 1954, por Geraldo Clarimundo da Costa, sua esposa Dulcin\u00e9ia Luiz Cassino, seu irm\u00e3o Dem\u00e9trio da Silva Costa e seu pai Marciano Silvestre, com o intuito de [&hellip;]<\/p>\n","protected":false},"author":2,"featured_media":0,"parent":0,"menu_order":0,"comment_status":"closed","ping_status":"closed","template":"","meta":{"_acf_changed":false,"footnotes":""},"class_list":["post-1401","page","type-page","status-publish","hentry"],"acf":[],"_links":{"self":[{"href":"https:\/\/mg.passadospresentes.com.br\/cidades-negras\/wp-json\/wp\/v2\/pages\/1401","targetHints":{"allow":["GET"]}}],"collection":[{"href":"https:\/\/mg.passadospresentes.com.br\/cidades-negras\/wp-json\/wp\/v2\/pages"}],"about":[{"href":"https:\/\/mg.passadospresentes.com.br\/cidades-negras\/wp-json\/wp\/v2\/types\/page"}],"author":[{"embeddable":true,"href":"https:\/\/mg.passadospresentes.com.br\/cidades-negras\/wp-json\/wp\/v2\/users\/2"}],"replies":[{"embeddable":true,"href":"https:\/\/mg.passadospresentes.com.br\/cidades-negras\/wp-json\/wp\/v2\/comments?post=1401"}],"version-history":[{"count":6,"href":"https:\/\/mg.passadospresentes.com.br\/cidades-negras\/wp-json\/wp\/v2\/pages\/1401\/revisions"}],"predecessor-version":[{"id":2206,"href":"https:\/\/mg.passadospresentes.com.br\/cidades-negras\/wp-json\/wp\/v2\/pages\/1401\/revisions\/2206"}],"wp:attachment":[{"href":"https:\/\/mg.passadospresentes.com.br\/cidades-negras\/wp-json\/wp\/v2\/media?parent=1401"}],"curies":[{"name":"wp","href":"https:\/\/api.w.org\/{rel}","templated":true}]}}