{"id":1380,"date":"2025-09-21T22:50:10","date_gmt":"2025-09-22T01:50:10","guid":{"rendered":"https:\/\/mg.passadospresentes.com.br\/cidades-negras\/?page_id=1380"},"modified":"2026-02-18T01:28:13","modified_gmt":"2026-02-18T04:28:13","slug":"verbete-mocambique-camisa-rosa","status":"publish","type":"page","link":"https:\/\/mg.passadospresentes.com.br\/cidades-negras\/verbete-mocambique-camisa-rosa\/","title":{"rendered":"Verbete: Terno Mo\u00e7ambique Camisa Rosa"},"content":{"rendered":"\n<p>Por:<a href=\"https:\/\/mg.passadospresentes.com.br\/cidades-negras\/participante\/natalia-pecanha\/\"> Nat\u00e1lia Batista Pe\u00e7anha<\/a><\/p>\n\n\n\n<hr class=\"wp-block-separator has-alpha-channel-opacity\"\/>\n\n\n\n<h4 class=\"wp-block-heading\">HIST\u00d3RICO:<\/h4>\n\n\n\n<hr class=\"wp-block-separator has-alpha-channel-opacity\"\/>\n\n\n\n<p><strong>Funda\u00e7\u00e3o: <\/strong>05 de outubro de 1951<\/p>\n\n\n\n<p><strong>Fundador\/a<\/strong>: Dem\u00e9trio Silva da Costa, \u201cSeu Cizico\u201d.<\/p>\n\n\n\n<p>Este terno \u00e9 fruto do esfor\u00e7o do senhor Dem\u00e9trio Silva da Costa, tamb\u00e9m conhecido como &#8220;Seu Cizico&#8221;. A fim de presentar sua esposa, Dona Geralda, em seu anivers\u00e1rio, Seu Cizico decide realizar uma festa do Congado, no dia 05 de outubro de 1951, com a apresenta\u00e7\u00e3o de um grupo de Mo\u00e7ambique. O grupo originalmente era composto por 13 dan\u00e7arinos e 5 bandeirinhas. De acordo com&nbsp;<\/p>\n\n\n\n<p>Esse terno \u00e9 reconhecido como o mais antigo da cidade e determinante para a funda\u00e7\u00e3o da Irmandade de S\u00e3o Benedito. Cabe destacar, tamb\u00e9m, que o terno&nbsp; possui uma ala mirim, que permite a participa\u00e7\u00e3o das crian\u00e7as ao lado dos dan\u00e7arinos adultos, preservando e transmitindo a rica heran\u00e7a cultural para as gera\u00e7\u00f5es futuras.<\/p>\n\n\n\n<figure class=\"wp-block-image size-large is-resized\"><img fetchpriority=\"high\" decoding=\"async\" width=\"768\" height=\"1024\" src=\"https:\/\/mg.passadospresentes.com.br\/cidades-negras\/wp-content\/uploads\/sites\/5\/2025\/09\/IMG_20230506_183813_2-768x1024.jpg\" alt=\"\" class=\"wp-image-1377\" style=\"width:744px;height:auto\" srcset=\"https:\/\/mg.passadospresentes.com.br\/cidades-negras\/wp-content\/uploads\/sites\/5\/2025\/09\/IMG_20230506_183813_2-768x1024.jpg 768w, https:\/\/mg.passadospresentes.com.br\/cidades-negras\/wp-content\/uploads\/sites\/5\/2025\/09\/IMG_20230506_183813_2-225x300.jpg 225w, https:\/\/mg.passadospresentes.com.br\/cidades-negras\/wp-content\/uploads\/sites\/5\/2025\/09\/IMG_20230506_183813_2-1152x1536.jpg 1152w, https:\/\/mg.passadospresentes.com.br\/cidades-negras\/wp-content\/uploads\/sites\/5\/2025\/09\/IMG_20230506_183813_2-1536x2048.jpg 1536w, https:\/\/mg.passadospresentes.com.br\/cidades-negras\/wp-content\/uploads\/sites\/5\/2025\/09\/IMG_20230506_183813_2-scaled.jpg 1920w\" sizes=\"(max-width: 768px) 100vw, 768px\" \/><figcaption class=\"wp-element-caption\">Altar com o estantdarte do Terno Mo\u00e7ambique Camisa Rosa, com as imagens de S\u00e3o Benedito e Nossa Senhora do Ros\u00e1rio. Cr\u00e9dito: Mayara Faria Costa, 2023<\/figcaption><\/figure>\n\n\n\n<figure class=\"wp-block-image size-full\"><img decoding=\"async\" width=\"622\" height=\"472\" src=\"https:\/\/mg.passadospresentes.com.br\/cidades-negras\/wp-content\/uploads\/sites\/5\/2026\/02\/image-22.png\" alt=\"\" class=\"wp-image-2199\" srcset=\"https:\/\/mg.passadospresentes.com.br\/cidades-negras\/wp-content\/uploads\/sites\/5\/2026\/02\/image-22.png 622w, https:\/\/mg.passadospresentes.com.br\/cidades-negras\/wp-content\/uploads\/sites\/5\/2026\/02\/image-22-300x228.png 300w\" sizes=\"(max-width: 622px) 100vw, 622px\" \/><figcaption class=\"wp-element-caption\">Integrantes do Terno Camisa Rosa. Ituiutaba. Ant\u00f4nio de Oliveira J\u00fanior, 2023<\/figcaption><\/figure>\n\n\n\n<hr class=\"wp-block-separator has-alpha-channel-opacity\"\/>\n\n\n\n<p><strong>Cores: <\/strong>Rosa, branco e amarelo.<\/p>\n\n\n\n<hr class=\"wp-block-separator has-alpha-channel-opacity\"\/>\n\n\n\n<p><strong>Significado: <\/strong>Rosa simboliza a rosa colhida aos p\u00e9s da imagem de Nossa;&nbsp; a cal\u00e7a branca padr\u00e3o em todos os ternos; e a faixa amarela representando uma riqueza cultural, riqueza do saber.&nbsp;<\/p>\n\n\n\n<hr class=\"wp-block-separator has-alpha-channel-opacity\"\/>\n\n\n\n<p><strong>Quartel: <\/strong>R. Maria Jos\u00e9 Franco Gouveia- Jardim do Ros\u00e1rio, Ituiutaba\/MG<\/p>\n\n\n\n<hr class=\"wp-block-separator has-alpha-channel-opacity\"\/>\n\n\n\n<p><strong>Matriarca: <\/strong>Maria L\u00facia Oliveira<\/p>\n\n\n\n<hr class=\"wp-block-separator has-alpha-channel-opacity\"\/>\n\n\n\n<h4 class=\"wp-block-heading\">REFER\u00caNCIAS:<\/h4>\n\n\n\n<hr class=\"wp-block-separator has-alpha-channel-opacity\"\/>\n\n\n\n<p>ABR\u00c3O, Maysa. \u201c<strong>Cultura, Identidade e Religiosidade<\/strong>: O Congado da cidade de Ituiutaba \u2013 MG por Fernanda Domingos Naves \u2013 Maysa Abr\u00e3o\u201d. <em>Maysa Abr\u00e3o &#8211; Blog da Maysa Abr\u00e3o<\/em> , 28 de abril de 2017. Dispon\u00edvel em: https:\/\/www.maysabrao.com.br\/cultura-identidade-e-religiosidade-o-congado-da-cidade-de-ituiutaba-mg-por- fernanda-domingos-naves\/. Acessado em 12 maio 2023.<\/p>\n\n\n\n<hr class=\"wp-block-separator has-alpha-channel-opacity\"\/>\n\n\n\n<p>RAFAEL, Luana Regina Mendes. <strong>Os Festejos De S\u00e3o Benedito em Ituiutaba<\/strong>: uma janela em movimento. Trabalho de Conclus\u00e3o de Curso. (Gradua\u00e7\u00e3o) &#8211; Curso de Bacharelado em Hist\u00f3ria, Universidade Federal de Uberl\u00e2ndia. 2014.<\/p>\n\n\n\n<hr class=\"wp-block-separator has-alpha-channel-opacity\"\/>\n\n\n\n<p>_____ e PORTUGUEZ, Anderson Pereira.<strong> Ritmos e cores do catolicismo negro em Ituiutaba<\/strong>: as territorialidades da Festa de Congada entre 1950 e o tempo presente. Ituiutaba: Barlavento, 2019..<\/p>\n\n\n\n<hr class=\"wp-block-separator has-alpha-channel-opacity\"\/>\n\n\n\n<p>SILVA, Renata Nogueira da. <strong>Irmandades Negras, Reconhecimento e Cidadania<\/strong>. Curitiba: Appris, 2016.<\/p>\n\n\n\n<p><\/p>\n","protected":false},"excerpt":{"rendered":"<p>Por: Nat\u00e1lia Batista Pe\u00e7anha HIST\u00d3RICO: Funda\u00e7\u00e3o: 05 de outubro de 1951 Fundador\/a: Dem\u00e9trio Silva da Costa, \u201cSeu Cizico\u201d. Este terno \u00e9 fruto do esfor\u00e7o do senhor Dem\u00e9trio Silva da Costa, tamb\u00e9m conhecido como &#8220;Seu Cizico&#8221;. A fim de presentar sua esposa, Dona Geralda, em seu anivers\u00e1rio, Seu Cizico decide realizar uma festa do Congado, no [&hellip;]<\/p>\n","protected":false},"author":2,"featured_media":0,"parent":0,"menu_order":0,"comment_status":"closed","ping_status":"closed","template":"","meta":{"_acf_changed":false,"footnotes":""},"class_list":["post-1380","page","type-page","status-publish","hentry"],"acf":[],"_links":{"self":[{"href":"https:\/\/mg.passadospresentes.com.br\/cidades-negras\/wp-json\/wp\/v2\/pages\/1380","targetHints":{"allow":["GET"]}}],"collection":[{"href":"https:\/\/mg.passadospresentes.com.br\/cidades-negras\/wp-json\/wp\/v2\/pages"}],"about":[{"href":"https:\/\/mg.passadospresentes.com.br\/cidades-negras\/wp-json\/wp\/v2\/types\/page"}],"author":[{"embeddable":true,"href":"https:\/\/mg.passadospresentes.com.br\/cidades-negras\/wp-json\/wp\/v2\/users\/2"}],"replies":[{"embeddable":true,"href":"https:\/\/mg.passadospresentes.com.br\/cidades-negras\/wp-json\/wp\/v2\/comments?post=1380"}],"version-history":[{"count":4,"href":"https:\/\/mg.passadospresentes.com.br\/cidades-negras\/wp-json\/wp\/v2\/pages\/1380\/revisions"}],"predecessor-version":[{"id":2200,"href":"https:\/\/mg.passadospresentes.com.br\/cidades-negras\/wp-json\/wp\/v2\/pages\/1380\/revisions\/2200"}],"wp:attachment":[{"href":"https:\/\/mg.passadospresentes.com.br\/cidades-negras\/wp-json\/wp\/v2\/media?parent=1380"}],"curies":[{"name":"wp","href":"https:\/\/api.w.org\/{rel}","templated":true}]}}