{"id":1293,"date":"2025-09-07T00:41:34","date_gmt":"2025-09-07T03:41:34","guid":{"rendered":"https:\/\/mg.passadospresentes.com.br\/cidades-negras\/?page_id=1293"},"modified":"2025-10-27T15:09:38","modified_gmt":"2025-10-27T18:09:38","slug":"verbete-ile-axe-omoloco-ti-oxossi-ogbani","status":"publish","type":"page","link":"https:\/\/mg.passadospresentes.com.br\/cidades-negras\/verbete-ile-axe-omoloco-ti-oxossi-ogbani\/","title":{"rendered":"Verbete: \u00a0Il\u00ea Ax\u00e9 Omoloc\u00f4 Ti Ox\u00f3ssi Ogbani"},"content":{"rendered":"\n<p>Por: \u00a0<a href=\"https:\/\/mg.passadospresentes.com.br\/cidades-negras\/participante\/silvia-brugger\/\">Silvia Br\u00fcgger<\/a> e Giovanna Guimar\u00e3es Silva<\/p>\n\n\n\n<h4 class=\"wp-block-heading\">HIST\u00d3RICO:<\/h4>\n\n\n\n<hr class=\"wp-block-separator has-alpha-channel-opacity\"\/>\n\n\n\n<p class=\"has-text-align-left\">O Il\u00ea Ax\u00e9 Omoloc\u00f4 Ti Ox\u00f3ssi Ogbani \u00e9 um terreiro de Omoloc\u00f4, localizado no bairro Senhor dos Montes, em S\u00e3o Jo\u00e3o del Rei, e tem como zelador Claudio do Carmo. A m\u00e3e de Claudio, Maria Isabel, era filha de santo na Tenda Pai Joaquim de Angola e ele frequentou o templo desde a inf\u00e2ncia, tendo iniciado sua viv\u00eancia religiosa pelas m\u00e3os dos sacerdotes e entidades da Tenda. Manteve-se na casa at\u00e9 os 26 anos de idade, depois disso, ele e sua m\u00e3e visitaram v\u00e1rios terreiros at\u00e9 decidirem-se a frequentar o terreiro de Pai Rodrigo de Ox\u00f3ssi, cavalo de Pai Guin\u00e9 de Aruan\u00e1, no bairro Senhor dos Montes. Nesta casa, Claudio fez sua forma\u00e7\u00e3o no Omoloc\u00f4 e cumpriu as obriga\u00e7\u00f5es para se tornar um babalorix\u00e1. Mas depois de oito anos, um conflito entre entidades espirituais imp\u00f4s sua sa\u00edda do terreiro. Como as suas entidades precisavam concluir trabalhos que haviam iniciado, Claudio come\u00e7ou a atender na casa de sua fam\u00edlia, o que acabou gerando muitos inc\u00f4modos. Em decorr\u00eancia disso, retornou para a casa de Pai Rodrigo, que algum tempo depois veio a falecer. Claudio foi indicado como seu sucessor e cuidou da casa por algum tempo, mas encerrou as atividades do Omoloc\u00f4 de Pai Rodrigo. Atendendo aos desejos de suas entidades, estabeleceu seu terreiro em um terreno parcialmente doado \u00e0 sua entidade e em outra parte adquirido por ele. O Il\u00ea Ax\u00e9 Omoloc\u00f4 Ti Ox\u00f3ssi Ogbani foi constru\u00eddo em uma rua de terra no bairro Senhor dos Montes e que s\u00f3 recentemente passou a contar com fornecimento de energia el\u00e9trica. Em decorr\u00eancia disso, as giras eram feitas com ilumina\u00e7\u00e3o de velas, pr\u00e1tica mantida mesmo ap\u00f3s a chegada da eletricidade \u00e0 regi\u00e3o. A fachada do terreno \u00e9 cercada de bambu e possui um port\u00e3o de metal verde. Do lado de dentro, v\u00e1rios elementos remetem a entidades espec\u00edficas. Na entrada, encontra-se a casa de Exu, pintada de vermelho e preto. Ao seu lado, uma oca, em refer\u00eancia aos caboclos. Folhagens em forma de tri\u00e2ngulo amarradas com fita branca, remetem a Ir\u00f4Ko, orix\u00e1 do tempo. Um vaso de barro com uma vasilha com terra em cima apresenta a for\u00e7a de Onil\u00e9. Ao seu lado, uma pedra de Xang\u00f4. No centro, uma \u00e1rvore pertencente a Oxossi, entidade que governa a casa. Debaixo da varanda da casa, um cruzeiro das almas, ponto de for\u00e7a dos pretos velhos. Dentro da casa, chama a aten\u00e7\u00e3o o gong\u00e1, com velas e diversas imagens de santos cat\u00f3licos, orix\u00e1s, pretos velhos e er\u00eas, tendo no ponto superior uma imagem de Jesus Cristo. Ao lado do gong\u00e1, os atabaques e na parede ao fundo uma bandeira do terreiro. Uma porta do lado direito do altar d\u00e1 acesso \u00e0 cozinha. No fundo do terreno, na parte externa, h\u00e1 um c\u00f4modo pintado de vermelho e preto, destinado aos exus e pombagiras. O terreiro, por ocasi\u00e3o de sua constru\u00e7\u00e3o, sofreu com o racismo religioso, por parte de vizinhos, em especial, evang\u00e9licos, que afirmavam n\u00e3o querer macumba naquele lugar.<\/p>\n\n\n\n<hr class=\"wp-block-separator has-alpha-channel-opacity\"\/>\n\n\n\n<h4 class=\"wp-block-heading\"><strong>Senhor dos Montes | S\u00e3o Jo\u00e3o del Rei, MG | Brasil |<\/strong><\/h4>\n\n\n\n<hr class=\"wp-block-separator has-alpha-channel-opacity\"\/>\n\n\n\n<p><strong>REFER\u00caNCIAS<\/strong>:<\/p>\n\n\n\n<hr class=\"wp-block-separator has-alpha-channel-opacity\"\/>\n\n\n\n<p>TEIXEIRA, R. T. A voz dos atabaques na cidade onde os sinos falam: trajet\u00f3rias de vida de m\u00e3es e pais de santo em S\u00e3o Jo\u00e3o del-Rei (MG) [disserta\u00e7\u00e3o]. S\u00e3o Jo\u00e3o del-Rei: Universidade Federal de S\u00e3o Jo\u00e3o del-Rei; 2020.<\/p>\n\n\n\n<p><\/p>\n","protected":false},"excerpt":{"rendered":"<p>Por: \u00a0Silvia Br\u00fcgger e Giovanna Guimar\u00e3es Silva HIST\u00d3RICO: O Il\u00ea Ax\u00e9 Omoloc\u00f4 Ti Ox\u00f3ssi Ogbani \u00e9 um terreiro de Omoloc\u00f4, localizado no bairro Senhor dos Montes, em S\u00e3o Jo\u00e3o del Rei, e tem como zelador Claudio do Carmo. A m\u00e3e de Claudio, Maria Isabel, era filha de santo na Tenda Pai Joaquim de Angola e [&hellip;]<\/p>\n","protected":false},"author":2,"featured_media":0,"parent":0,"menu_order":0,"comment_status":"closed","ping_status":"closed","template":"","meta":{"_acf_changed":false,"footnotes":""},"class_list":["post-1293","page","type-page","status-publish","hentry"],"acf":[],"_links":{"self":[{"href":"https:\/\/mg.passadospresentes.com.br\/cidades-negras\/wp-json\/wp\/v2\/pages\/1293","targetHints":{"allow":["GET"]}}],"collection":[{"href":"https:\/\/mg.passadospresentes.com.br\/cidades-negras\/wp-json\/wp\/v2\/pages"}],"about":[{"href":"https:\/\/mg.passadospresentes.com.br\/cidades-negras\/wp-json\/wp\/v2\/types\/page"}],"author":[{"embeddable":true,"href":"https:\/\/mg.passadospresentes.com.br\/cidades-negras\/wp-json\/wp\/v2\/users\/2"}],"replies":[{"embeddable":true,"href":"https:\/\/mg.passadospresentes.com.br\/cidades-negras\/wp-json\/wp\/v2\/comments?post=1293"}],"version-history":[{"count":2,"href":"https:\/\/mg.passadospresentes.com.br\/cidades-negras\/wp-json\/wp\/v2\/pages\/1293\/revisions"}],"predecessor-version":[{"id":1662,"href":"https:\/\/mg.passadospresentes.com.br\/cidades-negras\/wp-json\/wp\/v2\/pages\/1293\/revisions\/1662"}],"wp:attachment":[{"href":"https:\/\/mg.passadospresentes.com.br\/cidades-negras\/wp-json\/wp\/v2\/media?parent=1293"}],"curies":[{"name":"wp","href":"https:\/\/api.w.org\/{rel}","templated":true}]}}