{"id":1287,"date":"2025-09-06T16:11:08","date_gmt":"2025-09-06T19:11:08","guid":{"rendered":"https:\/\/mg.passadospresentes.com.br\/cidades-negras\/?page_id=1287"},"modified":"2026-01-12T16:16:19","modified_gmt":"2026-01-12T19:16:19","slug":"verbete-tenda-espirita-pai-joaquim-de-angola","status":"publish","type":"page","link":"https:\/\/mg.passadospresentes.com.br\/cidades-negras\/verbete-tenda-espirita-pai-joaquim-de-angola\/","title":{"rendered":"Verbete: Tenda Esp\u00edrita Pai Joaquim de Angola"},"content":{"rendered":"\n<p>Por: <a href=\"https:\/\/mg.passadospresentes.com.br\/cidades-negras\/participante\/silvia-brugger\/\">Silvia Br\u00fcgger<\/a> e Bruna In\u00eas Carelli Mendes<\/p>\n\n\n\n<hr class=\"wp-block-separator has-alpha-channel-opacity\"\/>\n\n\n\n<h4 class=\"wp-block-heading\">HIST\u00d3RICO:<\/h4>\n\n\n\n<hr class=\"wp-block-separator has-alpha-channel-opacity\"\/>\n\n\n\n<p>A Tenda Esp\u00edrita Pai Joaquim de Angola \u00e9 um templo umbandista, localizado no bairro S\u00e3o Judas Tadeu, na cidade de S\u00e3o Jo\u00e3o del Rei. Inicialmente, o terreiro era chamado de Nossa Senhora da Guia e ocupou diversas localidades antes da constru\u00e7\u00e3o do pr\u00e9dio permanente, que se localiza no bairro S\u00e3o Judas Tadeu, conhecido popularmente como Caieira, em raz\u00e3o da f\u00e1brica de cal que l\u00e1 havia. No final da d\u00e9cada de 1960, com a edifica\u00e7\u00e3o deste novo local, o terreiro passou a ser denominado Tenda Esp\u00edrita Pai Joaquim de Angola. O grupo fundador da tenda era composto pelo Sr. Ant\u00f4nio Neri Damaso, conhecido como Sr. Toninho &#8211; Pai de Santo do Terreiro cujo mentor espiritual era a entidade Pai Joaquim de Angola; a Sra. Ant\u00f4nia Maria Damaso, esposa de Sr. Toninho; e o Sr. Nem do Aticrino, conhecido como Nem do Cachimbo. Quando foi constru\u00eddo o templo, a regi\u00e3o onde se localizava possu\u00eda caracter\u00edsticas mais rurais e com poucas edifica\u00e7\u00f5es. <\/p>\n\n\n\n<figure class=\"wp-block-image size-large\"><img fetchpriority=\"high\" decoding=\"async\" width=\"1024\" height=\"683\" src=\"https:\/\/mg.passadospresentes.com.br\/cidades-negras\/wp-content\/uploads\/sites\/5\/2025\/05\/IMG_6591Tenda-espirita-Pai-Joaquim-de-Angola-19-10-2023-1024x683.jpg\" alt=\"\" class=\"wp-image-922\" srcset=\"https:\/\/mg.passadospresentes.com.br\/cidades-negras\/wp-content\/uploads\/sites\/5\/2025\/05\/IMG_6591Tenda-espirita-Pai-Joaquim-de-Angola-19-10-2023-1024x683.jpg 1024w, https:\/\/mg.passadospresentes.com.br\/cidades-negras\/wp-content\/uploads\/sites\/5\/2025\/05\/IMG_6591Tenda-espirita-Pai-Joaquim-de-Angola-19-10-2023-300x200.jpg 300w, https:\/\/mg.passadospresentes.com.br\/cidades-negras\/wp-content\/uploads\/sites\/5\/2025\/05\/IMG_6591Tenda-espirita-Pai-Joaquim-de-Angola-19-10-2023-768x512.jpg 768w, https:\/\/mg.passadospresentes.com.br\/cidades-negras\/wp-content\/uploads\/sites\/5\/2025\/05\/IMG_6591Tenda-espirita-Pai-Joaquim-de-Angola-19-10-2023-1536x1024.jpg 1536w, https:\/\/mg.passadospresentes.com.br\/cidades-negras\/wp-content\/uploads\/sites\/5\/2025\/05\/IMG_6591Tenda-espirita-Pai-Joaquim-de-Angola-19-10-2023-2048x1365.jpg 2048w\" sizes=\"(max-width: 1024px) 100vw, 1024px\" \/><figcaption class=\"wp-element-caption\">Foto: O Sr. Jailton, respons\u00e1vel pela Tenda Esp\u00edrita Pai Joaquim de Angola, mostra foto do edif\u00edcio na \u00e9poca de sua constru\u00e7\u00e3o, nos anos 1960, indicando parte do rico acerco fotogr\u00e1fico do templo.\u00a0 S\u00e3o Jo\u00e3o del Rei, em 19 de outubro de 2023. Foto: Danilo Ferretti.<br><\/figcaption><\/figure>\n\n\n\n<p>Hoje, com a expans\u00e3o da cidade, caracteriza-se como uma \u00e1rea residencial e importante eixo de passagem para quem se desloca do centro da cidade para os bairros de Matosinhos e F\u00e1bricas. A constru\u00e7\u00e3o imponente do templo chama a aten\u00e7\u00e3o dos que passam pela rua Henrique Benfenatti: um muro branco com port\u00e3o azul ao centro, dando acesso a uma ponte que se ergue sobre um pequeno rio e permite acessar o templo; na fachada superior deste, al\u00e9m de pontos riscados de exus e pretos velhos, a inscri\u00e7\u00e3o \u201cTenda Esp\u00edrita Pai Joaquim de Angola\u201d identifica o espa\u00e7o, acima dela, uma pequena torre com a imagem de Iemanj\u00e1 e sobre ela uma cruz patriarcal. A constru\u00e7\u00e3o desse espa\u00e7o na d\u00e9cada de 1960 \u00e9 justificada, por antigos participantes da casa, pelo crescimento do n\u00famero de frequentadores e a necessidade de um espa\u00e7o adequado para receb\u00ea-los.<\/p>\n\n\n\n<figure class=\"wp-block-image size-large is-resized\"><img decoding=\"async\" width=\"1024\" height=\"1024\" src=\"https:\/\/mg.passadospresentes.com.br\/cidades-negras\/wp-content\/uploads\/sites\/5\/2025\/09\/PUBLICACOES-AGENDADAS-3-1024x1024.png\" alt=\"\" class=\"wp-image-1288\" style=\"width:592px;height:auto\" srcset=\"https:\/\/mg.passadospresentes.com.br\/cidades-negras\/wp-content\/uploads\/sites\/5\/2025\/09\/PUBLICACOES-AGENDADAS-3-1024x1024.png 1024w, https:\/\/mg.passadospresentes.com.br\/cidades-negras\/wp-content\/uploads\/sites\/5\/2025\/09\/PUBLICACOES-AGENDADAS-3-300x300.png 300w, https:\/\/mg.passadospresentes.com.br\/cidades-negras\/wp-content\/uploads\/sites\/5\/2025\/09\/PUBLICACOES-AGENDADAS-3-150x150.png 150w, https:\/\/mg.passadospresentes.com.br\/cidades-negras\/wp-content\/uploads\/sites\/5\/2025\/09\/PUBLICACOES-AGENDADAS-3-768x768.png 768w, https:\/\/mg.passadospresentes.com.br\/cidades-negras\/wp-content\/uploads\/sites\/5\/2025\/09\/PUBLICACOES-AGENDADAS-3.png 1080w\" sizes=\"(max-width: 1024px) 100vw, 1024px\" \/><figcaption class=\"wp-element-caption\">Tenda Esp\u00edrita Pai Joaquim de Angola reformada, durante passagem do Boi de Ronda, em homenagem a Ogum, 21 de abril de 2024. Foto: Danilo Ferretti.<\/figcaption><\/figure>\n\n\n\n<p>Ap\u00f3s a porta principal, uma bancada impede que os transeuntes enxerguem o interior do terreiro. Nele, o espa\u00e7o \u00e9 dividido entre o destinado \u00e0 assist\u00eancia e ao cong\u00e1, demarcado com pedras de S\u00e3o Tom\u00e9 e contendo imagens de caboclos, pretos velhos, santos cat\u00f3licos e Jesus Cristo. Duas portas, uma de cada lado do sal\u00e3o, d\u00e3o entrada aos vesti\u00e1rios masculino e feminino. Uma terceira porta, do lado direito, permite acessar uma gruta artificial, com cascata de \u00e1gua e uma imagem de Nossa Senhora de Lourdes. A Tenda possu\u00eda ainda uma casa de for\u00e7a (de Quimbanda) localizada no bairro \u00c1guas Gerais, pr\u00f3xima a matas e cachoeiras. Documentos datados de 1981 e 1982 mostram que cambonos e m\u00e9diuns precisavam de autoriza\u00e7\u00e3o policial para se deslocarem entre sua sede e a casa de for\u00e7a. A Tenda Esp\u00edrita Pai Joaquim de Angola ocupa um lugar importante na mem\u00f3ria e hist\u00f3ria de l\u00edderes religiosos que atuam em diversos terreiros sanjoanenses. <\/p>\n\n\n\n<figure class=\"wp-block-image size-large\"><img decoding=\"async\" width=\"1024\" height=\"683\" src=\"https:\/\/mg.passadospresentes.com.br\/cidades-negras\/wp-content\/uploads\/sites\/5\/2025\/05\/IMG_7674-Boi-de-Ogum-na-Tenda-Pai-Joaquim-de-Angola-nas-Caieiras-21-4-2024--1024x683.jpg\" alt=\"\" class=\"wp-image-923\" srcset=\"https:\/\/mg.passadospresentes.com.br\/cidades-negras\/wp-content\/uploads\/sites\/5\/2025\/05\/IMG_7674-Boi-de-Ogum-na-Tenda-Pai-Joaquim-de-Angola-nas-Caieiras-21-4-2024--1024x683.jpg 1024w, https:\/\/mg.passadospresentes.com.br\/cidades-negras\/wp-content\/uploads\/sites\/5\/2025\/05\/IMG_7674-Boi-de-Ogum-na-Tenda-Pai-Joaquim-de-Angola-nas-Caieiras-21-4-2024--300x200.jpg 300w, https:\/\/mg.passadospresentes.com.br\/cidades-negras\/wp-content\/uploads\/sites\/5\/2025\/05\/IMG_7674-Boi-de-Ogum-na-Tenda-Pai-Joaquim-de-Angola-nas-Caieiras-21-4-2024--768x512.jpg 768w, https:\/\/mg.passadospresentes.com.br\/cidades-negras\/wp-content\/uploads\/sites\/5\/2025\/05\/IMG_7674-Boi-de-Ogum-na-Tenda-Pai-Joaquim-de-Angola-nas-Caieiras-21-4-2024--1536x1024.jpg 1536w, https:\/\/mg.passadospresentes.com.br\/cidades-negras\/wp-content\/uploads\/sites\/5\/2025\/05\/IMG_7674-Boi-de-Ogum-na-Tenda-Pai-Joaquim-de-Angola-nas-Caieiras-21-4-2024--2048x1365.jpg 2048w\" sizes=\"(max-width: 1024px) 100vw, 1024px\" \/><figcaption class=\"wp-element-caption\">Tenda Esp\u00edrita Pai Joaquim de Angola reformada, durante passagem do Boi de Ronda, em homenagem a Ogum, 21 de abril de 2024. Foto: Danilo Ferretti.<br><\/figcaption><\/figure>\n\n\n\n<p>Para muitos sacerdotes, a Tenda \u00e9 apontada como o local onde tiveram seu primeiro contato com as religi\u00f5es afro-brasileiras. Por isso, \u00e9 considerada como matriz para v\u00e1rios terreiros na cidade. No in\u00edcio dos anos 2000, a Tenda Esp\u00edrita Pai Joaquim de Angola encerrou suas atividades. Atualmente a Tenda passa por um processo de restaura\u00e7\u00e3o com o intuito de reinaugurar ainda em 2024.<\/p>\n\n\n\n<hr class=\"wp-block-separator has-alpha-channel-opacity\"\/>\n\n\n\n<h4 class=\"wp-block-heading\">CITA\u00c7\u00c3O:<\/h4>\n\n\n\n<hr class=\"wp-block-separator has-alpha-channel-opacity\"\/>\n\n\n\n<p>\u201cExmo. Sr. Dr. Ademir Quintino Barbosa DD. Delegado Regional de Pol\u00edcia Cidade TENDA ESP\u00cdRITA PAI JOAQUIM, com sede pr\u00f3pria \u00e0 rua Henrique Benfenatti, no. 27, nesta cidade, por seu presidente abaixo assinado, vem pelo presente solicitar e requerer de V. Excia., o \u201cAlvar\u00e1 de Licen\u00e7a\u201d, necess\u00e1rio para a locomo\u00e7\u00e3o de m\u00e9diuns e cambonos, no dia 16 do corrente m\u00eas (s\u00e1bado), do endere\u00e7o acima, para a casa de for\u00e7a, de propriedade da referida Tenda, situada no lugar denominado \u00c1gua Geral, nesta cidade, para trabalhos de firmezas. Esperando ser atendido, pede e espera favor\u00e1vel DEFERIMENTO. S\u00e3o Jo\u00e3o del Rei, 13 de maio de 1981. M\u00e1rio Carazza \u2013 Presidente\u201d \u201cALVAR\u00c1 DE LICEN\u00c7A O Dr. Ademir Quintino Barbosa, Delegado de Pol\u00edcia desta Cidade, na forma da Lei, etc&#8230; Atendendo ao que lhe requereu pelo Sr. M\u00e1rio Carazza \u2013 presidente da Tenda Esp\u00edrita \u201cPAI JOAQUIM\u201d, com s\u00e9 nesta cidade, \u00e0 rua Henrique Benfenatti, no. 27, Jardim Cenral, resolve conceder o presente alvar\u00e1 de licen\u00e7a, para locomo\u00e7\u00e3o dos m\u00e9dios no dia 16 \u201cs\u00e1bado\u201d, at\u00e9 a casa de for\u00e7a nas \u00c1guas Gerais, bairro do Tejuco, para trabalhos de firmezas, sujeitando-se o requerente aos dispositivos regulamentares. Eu escriv\u00e3o (&#8230;) que o datilografei. S\u00e3o Jo\u00e3o del rei, 13 de maio de 1981. O Delegado, Bel. Ademir Quintino Barbosa\u201d (Documentos pertencentes ao acervo da Tenda Esp\u00edrita Pai Joaquim de Angola, disponibilizados no Instagram @paijoaquim.sjdr , em postagem feita no dia 16 de mar\u00e7o de 2022.)<\/p>\n\n\n\n<hr class=\"wp-block-separator has-alpha-channel-opacity\"\/>\n\n\n\n<h4 class=\"wp-block-heading\">REFER\u00caNCIAS:<\/h4>\n\n\n\n<hr class=\"wp-block-separator has-alpha-channel-opacity\"\/>\n\n\n\n<p>TEIXEIRA, Rafael Teodoro. \u201cA voz dos atabaques na cidade onde os sinos falam: trajet\u00f3rias de vida de m\u00e3es e pais de santo em S\u00e3o Jo\u00e3o del Rei-MG\u201d. Disserta\u00e7\u00e3o (mestrado- Programa de P\u00f3s-gradua\u00e7\u00e3o em Hist\u00f3ria- UFSJ), S\u00e3o Jo\u00e3o del Rei: 2020.<\/p>\n\n\n\n<hr class=\"wp-block-separator has-alpha-channel-opacity\"\/>\n\n\n\n<p>TEIXEIRA, Rafael Teodoro. MEM\u00d3RIAS DA TENDA ESP\u00cdRITA PAI JOAQUIM DE ANGOLA EM S\u00c3O JO\u00c3O DEL REI \u2013 MINAS GERAIS. XIV Encontro Nacional de Hist\u00f3ria Oral. Campinas: maio, 2018.<\/p>\n\n\n\n<hr class=\"wp-block-separator has-alpha-channel-opacity\"\/>\n\n\n\n<p>REZENDE, L\u00edvia Lima. \u201cFor\u00e7a Africana, For\u00e7a Divina: a mem\u00f3ria da escravid\u00e3o recriada na figura umbandista dos pretos-velhos&#8221;. Disserta\u00e7\u00e3o (mestrado \u2013 Programa de P\u00f3s-gradua\u00e7\u00e3o em Hist\u00f3ria- UFSJ), S\u00e3o Jo\u00e3o del Rei: 2017.<\/p>\n\n\n\n<p><\/p>\n","protected":false},"excerpt":{"rendered":"<p>Por: Silvia Br\u00fcgger e Bruna In\u00eas Carelli Mendes HIST\u00d3RICO: A Tenda Esp\u00edrita Pai Joaquim de Angola \u00e9 um templo umbandista, localizado no bairro S\u00e3o Judas Tadeu, na cidade de S\u00e3o Jo\u00e3o del Rei. Inicialmente, o terreiro era chamado de Nossa Senhora da Guia e ocupou diversas localidades antes da constru\u00e7\u00e3o do pr\u00e9dio permanente, que se [&hellip;]<\/p>\n","protected":false},"author":2,"featured_media":0,"parent":0,"menu_order":0,"comment_status":"closed","ping_status":"closed","template":"","meta":{"_acf_changed":false,"footnotes":""},"class_list":["post-1287","page","type-page","status-publish","hentry"],"acf":[],"_links":{"self":[{"href":"https:\/\/mg.passadospresentes.com.br\/cidades-negras\/wp-json\/wp\/v2\/pages\/1287","targetHints":{"allow":["GET"]}}],"collection":[{"href":"https:\/\/mg.passadospresentes.com.br\/cidades-negras\/wp-json\/wp\/v2\/pages"}],"about":[{"href":"https:\/\/mg.passadospresentes.com.br\/cidades-negras\/wp-json\/wp\/v2\/types\/page"}],"author":[{"embeddable":true,"href":"https:\/\/mg.passadospresentes.com.br\/cidades-negras\/wp-json\/wp\/v2\/users\/2"}],"replies":[{"embeddable":true,"href":"https:\/\/mg.passadospresentes.com.br\/cidades-negras\/wp-json\/wp\/v2\/comments?post=1287"}],"version-history":[{"count":3,"href":"https:\/\/mg.passadospresentes.com.br\/cidades-negras\/wp-json\/wp\/v2\/pages\/1287\/revisions"}],"predecessor-version":[{"id":2059,"href":"https:\/\/mg.passadospresentes.com.br\/cidades-negras\/wp-json\/wp\/v2\/pages\/1287\/revisions\/2059"}],"wp:attachment":[{"href":"https:\/\/mg.passadospresentes.com.br\/cidades-negras\/wp-json\/wp\/v2\/media?parent=1287"}],"curies":[{"name":"wp","href":"https:\/\/api.w.org\/{rel}","templated":true}]}}