{"id":1189,"date":"2025-07-29T00:28:33","date_gmt":"2025-07-29T03:28:33","guid":{"rendered":"https:\/\/mg.passadospresentes.com.br\/cidades-negras\/?page_id=1189"},"modified":"2025-10-30T11:13:40","modified_gmt":"2025-10-30T14:13:40","slug":"verbete-terno-de-congada-nossa-senhora-do-rosario-e-sao-benedito-familia-dos-gatos","status":"publish","type":"page","link":"https:\/\/mg.passadospresentes.com.br\/cidades-negras\/verbete-terno-de-congada-nossa-senhora-do-rosario-e-sao-benedito-familia-dos-gatos\/","title":{"rendered":"Verbete: Terno de Congada Nossa Senhora do Ros\u00e1rio e S\u00e3o Benedito \u2013 Fam\u00edlia dos Gatos"},"content":{"rendered":"\n<p><br>Por: <a href=\"https:\/\/mg.passadospresentes.com.br\/festas-e-modos-de-vida\/participante\/simone-de-assis\/\">Simone de Assis<\/a><\/p>\n\n\n\n<hr class=\"wp-block-separator has-alpha-channel-opacity\"\/>\n\n\n\n<h4 class=\"wp-block-heading\">HIST\u00d3RICO:<\/h4>\n\n\n\n<hr class=\"wp-block-separator has-alpha-channel-opacity\"\/>\n\n\n\n<p>\u201cViva a M\u00e3e \u00c1frica, onde tudo come\u00e7ou!\u201d Essa sauda\u00e7\u00e3o \u00e9 comumente entoada por participantes do Terno de Congada Nossa Senhora do Ros\u00e1rio e S\u00e3o Benedito, da Fam\u00edlia Gato, em Cambuquira-MG, nos rituais e ora\u00e7\u00f5es de abertura das express\u00f5es sagradas do grupo. <\/p>\n\n\n\n<figure class=\"wp-block-image is-resized\"><img decoding=\"async\" src=\"https:\/\/lh7-rt.googleusercontent.com\/docsz\/AD_4nXfeo01lE8Dz-QH6zbjBE_eP0o0O1YwfmnruhBxDfQhhX61wsIzIjwJPkM8tIfCb7953KS9o5stNI-MwTmTEEo-l-8HspX9ae9JZIVoc3kkaNqLeROtjITgW-7MDJyC9loKQt3Dmy3EcH-o53caCLUU?key=8b_mRbbi55xK5nPGRSqNVw\" alt=\"\" style=\"width:556px;height:auto\"\/><figcaption class=\"wp-element-caption\"><em>Terno de Congada <\/em>N<em>ossa Senhora do Ros\u00e1rio e S\u00e3o Benedito&nbsp;&#8211; Fam\u00edlia dos Gatos, Cambuquira-MG.<br> Novembro de 2023. Acervo do grupo. Autoria: Aline Guerra. Instagram: @dancarinass_doss_gatoss<\/em><br><\/figcaption><\/figure>\n\n\n\n<p>O guardi\u00e3o ancestral e Capit\u00e3o Toninho Gato, explicou a conex\u00e3o do patrim\u00f4nio cultural e religioso com a regi\u00e3o do antigo continente africano: \u201cO Congado vem do Congo, tempo do Imp\u00e9rio. A dan\u00e7a africana veio para o Brasil. (&#8230;) Formaram o Congado para homenagear a S\u00e3o Benedito, Nossa Senhora do Ros\u00e1rio, Santa Efig\u00eania, S\u00e3o Elesb\u00e3o e S\u00e3o Gon\u00e7alo.\u201d Nesse sentido, o grupo objetiva e se organiza para garantir a \u201csobreviv\u00eancia, desenvolvimento e valoriza\u00e7\u00e3o da cultura tradicional da Festa e do Reinado de S\u00e3o Benedito\u201d, de acordo com o Artigo 4\u00ba, no Cap\u00edtulo II do estatuto do terno. A mem\u00f3ria coletiva dos reinadeiros traz a dimens\u00e3o de que, a festa do Congo em Cambuquira teria por volta de 115 anos de exist\u00eancia, ou mais. Pois conforme os dan\u00e7antes que herdaram este modo de vida de seus pais, av\u00f3s e comunidade, o Reinado \u00e9 anterior \u00e0 emancipa\u00e7\u00e3o do territ\u00f3rio cambuquirense, em 1909.<\/p>\n\n\n\n<figure class=\"wp-block-image\"><img decoding=\"async\" src=\"https:\/\/lh7-rt.googleusercontent.com\/docsz\/AD_4nXcSLuPJc4UXf_IrX-yxLtcpW9OYUM4rYJu-htYa8BcnP5J4sLHyhqZdqwFX9ncPZFteQm8S6AZnW-qtc50Z0STdzWAo0ErxSbKXoSnwK10F48ghRWXd7QLkxEfY5yg2gwoqVFIcOURvBuAWZCh_gA?key=8b_mRbbi55xK5nPGRSqNVw\" alt=\"\"\/><figcaption class=\"wp-element-caption\">Dona C\u00e9lia e a homenagem p\u00f3stuma aos congadeiros da fam\u00edlia Gato. Festa das Congadas em Cambuquira-MG. <br>Novembro de 2023. Acervo do grupo. Autoria: Aline Guerra.&nbsp;Instagram: @dancarinass_doss_gatoss<br><\/figcaption><\/figure>\n\n\n\n<p> O registro cartorial e estatut\u00e1rio da Congada da fam\u00edlia Gato, no entanto, ocorreu de maneira posterior, entre os anos de 1983 e 1984. O documento registra os compromissos de a\u00e7\u00f5es afirmativas antirracistas, devocionais e sociais do grupo, uma vez que, \u201cdestina-se a manter viva a tradi\u00e7\u00e3o dos homens de cor de Minas Gerais e do Brasil, promovendo a devo\u00e7\u00e3o e os festejos em Cambuquira, de S\u00e3o Benedito e Nossa Senhora do Ros\u00e1rio e prestar benef\u00edcios aos necessitados\u201d, segundo o Artigo 2\u00ba do Cap\u00edtulo I.<\/p>\n\n\n\n<figure class=\"wp-block-image is-resized\"><img decoding=\"async\" src=\"https:\/\/lh7-rt.googleusercontent.com\/docsz\/AD_4nXdTHvOr6hJqU4tpDgminFSlkQCz10EHUwZGg2dVvNtpJ5mTEdt2edX5XD-FgH182QaBjb6_MaGYsUhSNabrKUfFc0KZaKuLoQOvJsaOdpwCprVvcmZTdaqY9nc2bBcot6WT4dOhlKncbbZUoriRySo?key=8b_mRbbi55xK5nPGRSqNVw\" alt=\"\" style=\"width:601px;height:auto\"\/><figcaption class=\"wp-element-caption\">Capit\u00e3es do Terno de Congada Nossa Senhora do Ros\u00e1rio e S\u00e3o Benedito &#8211; Festa das Congadas <br>em Cambuquira-MG. Novembro de 2023. Acervo do grupo. Autoria: Aline Guerra.&nbsp;<br><\/figcaption><\/figure>\n\n\n\n<figure class=\"wp-block-image is-resized\"><img decoding=\"async\" src=\"https:\/\/lh7-rt.googleusercontent.com\/docsz\/AD_4nXcR0KQ87jKm5jUlzd3n6pJuXhd1L7zMvoGccpiAY5NxT22cgIzzyUXF2eP7vtXICaZduAkj0A88nST5Yb-GDIq7rwFmgdc1BwCGt0nUYwXX8b9hSk09SIO1ozfXU-Z0ajFvmJzs8XL9v9W5niEziWU?key=8b_mRbbi55xK5nPGRSqNVw\" alt=\"\" style=\"width:680px;height:auto\"\/><figcaption class=\"wp-element-caption\">Rei Congo Leandro Cust\u00f3dio. Quadro e bandeira do Reinado de S\u00e3o Benedito. Festa do Ros\u00e1rio em Cambuquira-MG. Outubro de 2024. Acervo do grupo. Autoria: Alexandre Serafim. Instagram: @dancarinass_doss_gatoss<br><\/figcaption><\/figure>\n\n\n\n<p> Desse modo, desenvolve um ciclo cosmol\u00f3gico que ocorre entre os meses de abril a novembro. Todavia, os eventos p\u00fablicos de maior visibilidade acontecem em outubro na festa do Ros\u00e1rio e em novembro na festa das Congadas. Atualmente o terno conta com mais de sessenta participantes, o Capit\u00e3o \u00e9 o Sr. Jo\u00e3o, mais conhecido como S\u00f4 Caixa, o Rei Congo \u00e9 o jovem Leandro Cust\u00f3dio e a respons\u00e1vel pelo secretariado e rela\u00e7\u00f5es p\u00fablicas \u00e9 Sirlei Rodrigues.<\/p>\n\n\n\n<figure class=\"wp-block-image is-resized\"><img decoding=\"async\" src=\"https:\/\/lh7-rt.googleusercontent.com\/docsz\/AD_4nXfYEPXiFQlTdlSsMis0RL02H9o6NW94OxJ1kyfRju8kGR4Ll_XR73ahTBkTZ1wRPR4HvwIYimoHPNdgZaZxw696zKMcVlyxmRdGTMi70d0WMcrTWaJR7szWLNFxvxrNn3biGm_k0PmyMIpLothGlw?key=8b_mRbbi55xK5nPGRSqNVw\" alt=\"\" style=\"width:667px;height:auto\"\/><figcaption class=\"wp-element-caption\">Festa do Ros\u00e1rio em Cambuquira-MG. Outubro de 2024. Acervo do grupo. Autoria: Alexandre Serafim.<br>Instagram: @dancarinass_doss_gatoss<br><\/figcaption><\/figure>\n\n\n\n<hr class=\"wp-block-separator has-alpha-channel-opacity\"\/>\n\n\n\n<h4 class=\"wp-block-heading\">CITA\u00c7\u00c3O:<\/h4>\n\n\n\n<hr class=\"wp-block-separator has-alpha-channel-opacity\"\/>\n\n\n\n<p>1- &#8220;Viva a M\u00e3e \u00c1frica, onde tudo come\u00e7ou!\u201d 2- \u201cO Congado vem do Congo, tempo do Imp\u00e9rio. A dan\u00e7a africana veio para o Brasil. (&#8230;) Formaram o Congado para homenagear a S\u00e3o Benedito, Nossa Senhora do Ros\u00e1rio, Santa Efig\u00eania, S\u00e3o Elesb\u00e3o e S\u00e3o Gon\u00e7alo.\u201d Entrevista concedida por Ant\u00f4nio Louren\u00e7o (Toninho Gato) a Rejany Carvalho Lemes, em Cambuquira-MG, em 24\/03\/2009. Conferir LEMES. Rejany Carvalho. O Congado em Cambuquira: devocionais de m\u00fasica e dan\u00e7a. 2011. Disserta\u00e7\u00e3o (Mestrado). Universidade Vale do Rio Verde \u2013 UNINCOR. Tr\u00eas Cora\u00e7\u00f5es\/MG. P.76. 3- \u201csobreviv\u00eancia, desenvolvimento e valoriza\u00e7\u00e3o da cultura tradicional da Festa e do Reinado de S\u00e3o Benedito\u201d. 4- \u201cdestina-se a manter viva a tradi\u00e7\u00e3o dos homens de cor de Minas Gerais e do Brasil, promovendo a devo\u00e7\u00e3o e os festejos em Cambuquira, de S\u00e3o Benedito e Nossa Senhora do Ros\u00e1rio e prestar benef\u00edcios aos necessitados\u201d.<\/p>\n\n\n\n<hr class=\"wp-block-separator has-alpha-channel-opacity\"\/>\n\n\n\n<h4 class=\"wp-block-heading\">COMO CHEGAR:<\/h4>\n\n\n\n<hr class=\"wp-block-separator has-alpha-channel-opacity\"\/>\n\n\n\n<figure class=\"wp-block-embed\"><div class=\"wp-block-embed__wrapper\">\nhttps:\/\/maps.app.goo.gl\/rkk9BL5pYkSzUHTx9\n<\/div><\/figure>\n\n\n\n<p><strong>Rua Dom Silv\u00e9rio | 367 | Lavra | Cambuquira, MG | 37420-000 | Brasil |<\/strong><\/p>\n\n\n\n<hr class=\"wp-block-separator has-alpha-channel-opacity\"\/>\n\n\n\n<h4 class=\"wp-block-heading\">CONDI\u00c7\u00d5ES DE VISITA\u00c7\u00c3O:<\/h4>\n\n\n\n<hr class=\"wp-block-separator has-alpha-channel-opacity\"\/>\n\n\n\n<p>Trilha dos saberes do Ros\u00e1rio e S\u00e3o Benedito em Cambuquira-MG. Na perspectiva de conhecer as sedes e os detentores culturais do patrim\u00f4nio congadeiro cambuquirense.<\/p>\n\n\n\n<hr class=\"wp-block-separator has-alpha-channel-opacity\"\/>\n\n\n\n<h4 class=\"wp-block-heading\">REFER\u00caNCIAS:<\/h4>\n\n\n\n<hr class=\"wp-block-separator has-alpha-channel-opacity\"\/>\n\n\n\n<p>HALBWACHS, Maurice. A mem\u00f3ria coletiva. S\u00e3o Paulo, Centauro, 2006.<\/p>\n\n\n\n<hr class=\"wp-block-separator has-alpha-channel-opacity\"\/>\n\n\n\n<p>LEMES. Rejany Carvalho. O Congado em Cambuquira: devocionais de m\u00fasica e dan\u00e7a. 2011. Disserta\u00e7\u00e3o (Mestrado). Universidade Vale do Rio Verde \u2013 UNINCOR. Tr\u00eas Cora\u00e7\u00f5es\/MG. P.76.<\/p>\n\n\n\n<hr class=\"wp-block-separator has-alpha-channel-opacity\"\/>\n\n\n\n<p>TERNO NOSSA SENHORA DO ROS\u00c1RIO E S\u00c3O BENEDITO, Estatuto. 1984. Livro 01, p.02. APUD LEMES. Rejany Carvalho. O Congado em Cambuquira: devocionais de m\u00fasica e dan\u00e7a. 2011. Disserta\u00e7\u00e3o (Mestrado). Universidade Vale do Rio Verde \u2013 UNINCOR. Tr\u00eas Cora\u00e7\u00f5es\/MG. P.124.<\/p>\n\n\n\n<p><\/p>\n","protected":false},"excerpt":{"rendered":"<p>Por: Simone de Assis HIST\u00d3RICO: \u201cViva a M\u00e3e \u00c1frica, onde tudo come\u00e7ou!\u201d Essa sauda\u00e7\u00e3o \u00e9 comumente entoada por participantes do Terno de Congada Nossa Senhora do Ros\u00e1rio e S\u00e3o Benedito, da Fam\u00edlia Gato, em Cambuquira-MG, nos rituais e ora\u00e7\u00f5es de abertura das express\u00f5es sagradas do grupo. O guardi\u00e3o ancestral e Capit\u00e3o Toninho Gato, explicou a [&hellip;]<\/p>\n","protected":false},"author":2,"featured_media":0,"parent":0,"menu_order":0,"comment_status":"closed","ping_status":"closed","template":"","meta":{"_acf_changed":false,"footnotes":""},"class_list":["post-1189","page","type-page","status-publish","hentry"],"acf":[],"_links":{"self":[{"href":"https:\/\/mg.passadospresentes.com.br\/cidades-negras\/wp-json\/wp\/v2\/pages\/1189","targetHints":{"allow":["GET"]}}],"collection":[{"href":"https:\/\/mg.passadospresentes.com.br\/cidades-negras\/wp-json\/wp\/v2\/pages"}],"about":[{"href":"https:\/\/mg.passadospresentes.com.br\/cidades-negras\/wp-json\/wp\/v2\/types\/page"}],"author":[{"embeddable":true,"href":"https:\/\/mg.passadospresentes.com.br\/cidades-negras\/wp-json\/wp\/v2\/users\/2"}],"replies":[{"embeddable":true,"href":"https:\/\/mg.passadospresentes.com.br\/cidades-negras\/wp-json\/wp\/v2\/comments?post=1189"}],"version-history":[{"count":4,"href":"https:\/\/mg.passadospresentes.com.br\/cidades-negras\/wp-json\/wp\/v2\/pages\/1189\/revisions"}],"predecessor-version":[{"id":1747,"href":"https:\/\/mg.passadospresentes.com.br\/cidades-negras\/wp-json\/wp\/v2\/pages\/1189\/revisions\/1747"}],"wp:attachment":[{"href":"https:\/\/mg.passadospresentes.com.br\/cidades-negras\/wp-json\/wp\/v2\/media?parent=1189"}],"curies":[{"name":"wp","href":"https:\/\/api.w.org\/{rel}","templated":true}]}}