{"id":1040,"date":"2025-06-22T15:18:21","date_gmt":"2025-06-22T18:18:21","guid":{"rendered":"https:\/\/mg.passadospresentes.com.br\/cidades-negras\/?page_id=1040"},"modified":"2025-10-23T18:45:55","modified_gmt":"2025-10-23T21:45:55","slug":"verbetes-relacionados-a-cidade-de-juiz-de-fora","status":"publish","type":"page","link":"https:\/\/mg.passadospresentes.com.br\/cidades-negras\/verbetes-relacionados-a-cidade-de-juiz-de-fora\/","title":{"rendered":"Verbetes relacionados \u00e0 cidade de Juiz de Fora"},"content":{"rendered":"\n<figure class=\"wp-block-gallery has-nested-images columns-default is-cropped wp-block-gallery-1 is-layout-flex wp-block-gallery-is-layout-flex\">\n<figure class=\"wp-block-image size-large\"><img fetchpriority=\"high\" decoding=\"async\" width=\"500\" height=\"497\" data-id=\"921\" src=\"https:\/\/mg.passadospresentes.com.br\/cidades-negras\/wp-content\/uploads\/sites\/5\/2025\/05\/WhatsApp-Image-2024-05-03-at-17.29.26.jpeg\" alt=\"\" class=\"wp-image-921\" srcset=\"https:\/\/mg.passadospresentes.com.br\/cidades-negras\/wp-content\/uploads\/sites\/5\/2025\/05\/WhatsApp-Image-2024-05-03-at-17.29.26.jpeg 500w, https:\/\/mg.passadospresentes.com.br\/cidades-negras\/wp-content\/uploads\/sites\/5\/2025\/05\/WhatsApp-Image-2024-05-03-at-17.29.26-300x298.jpeg 300w, https:\/\/mg.passadospresentes.com.br\/cidades-negras\/wp-content\/uploads\/sites\/5\/2025\/05\/WhatsApp-Image-2024-05-03-at-17.29.26-150x150.jpeg 150w\" sizes=\"(max-width: 500px) 100vw, 500px\" \/><figcaption class=\"wp-element-caption\"><a href=\"https:\/\/mg.passadospresentes.com.br\/cidades-negras\/verbete-construcao-da-universidade-federal-de-juiz-de-fora\/\" data-type=\"page\" data-id=\"1518\">Constru\u00e7\u00e3o da UFJF<\/a><\/figcaption><\/figure>\n\n\n\n<figure class=\"wp-block-image size-large\"><img decoding=\"async\" width=\"498\" height=\"500\" data-id=\"918\" src=\"https:\/\/mg.passadospresentes.com.br\/cidades-negras\/wp-content\/uploads\/sites\/5\/2025\/05\/WhatsApp-Image-2024-05-03-at-17.29.25.jpeg\" alt=\"\" class=\"wp-image-918\" srcset=\"https:\/\/mg.passadospresentes.com.br\/cidades-negras\/wp-content\/uploads\/sites\/5\/2025\/05\/WhatsApp-Image-2024-05-03-at-17.29.25.jpeg 498w, https:\/\/mg.passadospresentes.com.br\/cidades-negras\/wp-content\/uploads\/sites\/5\/2025\/05\/WhatsApp-Image-2024-05-03-at-17.29.25-300x300.jpeg 300w, https:\/\/mg.passadospresentes.com.br\/cidades-negras\/wp-content\/uploads\/sites\/5\/2025\/05\/WhatsApp-Image-2024-05-03-at-17.29.25-150x150.jpeg 150w\" sizes=\"(max-width: 498px) 100vw, 498px\" \/><figcaption class=\"wp-element-caption\"><a href=\"https:\/\/mg.passadospresentes.com.br\/cidades-negras\/verbete-garganta-do-dilermano\/\" data-type=\"page\" data-id=\"1522\">Garganta do Dilermano<\/a> <\/figcaption><\/figure>\n\n\n\n<figure class=\"wp-block-image size-large\"><img decoding=\"async\" width=\"960\" height=\"720\" data-id=\"1533\" src=\"https:\/\/mg.passadospresentes.com.br\/cidades-negras\/wp-content\/uploads\/sites\/5\/2025\/10\/Turunas-do-riachuelo.jpg\" alt=\"\" class=\"wp-image-1533\" srcset=\"https:\/\/mg.passadospresentes.com.br\/cidades-negras\/wp-content\/uploads\/sites\/5\/2025\/10\/Turunas-do-riachuelo.jpg 960w, https:\/\/mg.passadospresentes.com.br\/cidades-negras\/wp-content\/uploads\/sites\/5\/2025\/10\/Turunas-do-riachuelo-300x225.jpg 300w, https:\/\/mg.passadospresentes.com.br\/cidades-negras\/wp-content\/uploads\/sites\/5\/2025\/10\/Turunas-do-riachuelo-768x576.jpg 768w\" sizes=\"(max-width: 960px) 100vw, 960px\" \/><figcaption class=\"wp-element-caption\"><a href=\"https:\/\/mg.passadospresentes.com.br\/cidades-negras\/verbete-desfile-turunas-do-riachuelo\/\" data-type=\"page\" data-id=\"1536\">Desfile Turunas do Riachuelo<\/a><\/figcaption><\/figure>\n\n\n\n<figure class=\"wp-block-image size-large\"><img loading=\"lazy\" decoding=\"async\" width=\"960\" height=\"795\" data-id=\"1535\" src=\"https:\/\/mg.passadospresentes.com.br\/cidades-negras\/wp-content\/uploads\/sites\/5\/2025\/10\/Escola-de-Samba-Avenida-Rio-Branco.jpg\" alt=\"\" class=\"wp-image-1535\" srcset=\"https:\/\/mg.passadospresentes.com.br\/cidades-negras\/wp-content\/uploads\/sites\/5\/2025\/10\/Escola-de-Samba-Avenida-Rio-Branco.jpg 960w, https:\/\/mg.passadospresentes.com.br\/cidades-negras\/wp-content\/uploads\/sites\/5\/2025\/10\/Escola-de-Samba-Avenida-Rio-Branco-300x248.jpg 300w, https:\/\/mg.passadospresentes.com.br\/cidades-negras\/wp-content\/uploads\/sites\/5\/2025\/10\/Escola-de-Samba-Avenida-Rio-Branco-768x636.jpg 768w\" sizes=\"(max-width: 960px) 100vw, 960px\" \/><figcaption class=\"wp-element-caption\"><a href=\"https:\/\/mg.passadospresentes.com.br\/cidades-negras\/verbete-escola-de-samba-na-avenida-rio-branco\/\" data-type=\"page\" data-id=\"1544\">Escola de Samba na Avenida Rio Branco<\/a><\/figcaption><\/figure>\n\n\n\n<figure class=\"wp-block-image size-large\"><img loading=\"lazy\" decoding=\"async\" width=\"1024\" height=\"1024\" data-id=\"1551\" src=\"https:\/\/mg.passadospresentes.com.br\/cidades-negras\/wp-content\/uploads\/sites\/5\/2025\/10\/97-1024x1024.png\" alt=\"\" class=\"wp-image-1551\" srcset=\"https:\/\/mg.passadospresentes.com.br\/cidades-negras\/wp-content\/uploads\/sites\/5\/2025\/10\/97-1024x1024.png 1024w, https:\/\/mg.passadospresentes.com.br\/cidades-negras\/wp-content\/uploads\/sites\/5\/2025\/10\/97-300x300.png 300w, https:\/\/mg.passadospresentes.com.br\/cidades-negras\/wp-content\/uploads\/sites\/5\/2025\/10\/97-150x150.png 150w, https:\/\/mg.passadospresentes.com.br\/cidades-negras\/wp-content\/uploads\/sites\/5\/2025\/10\/97-768x768.png 768w, https:\/\/mg.passadospresentes.com.br\/cidades-negras\/wp-content\/uploads\/sites\/5\/2025\/10\/97.png 1080w\" sizes=\"(max-width: 1024px) 100vw, 1024px\" \/><figcaption class=\"wp-element-caption\"><a href=\"https:\/\/mg.passadospresentes.com.br\/cidades-negras\/verbete-associacao-cultural-quilombo-dos-palmares\/\" data-type=\"page\" data-id=\"1547\">Associa\u00e7\u00e3o Cultural <\/a><br><a href=\"https:\/\/mg.passadospresentes.com.br\/cidades-negras\/verbete-associacao-cultural-quilombo-dos-palmares\/\" data-type=\"page\" data-id=\"1547\">Quilombo dos Palmares<\/a><\/figcaption><\/figure>\n\n\n\n<figure class=\"wp-block-image size-large\"><img loading=\"lazy\" decoding=\"async\" width=\"1024\" height=\"1024\" data-id=\"1552\" src=\"https:\/\/mg.passadospresentes.com.br\/cidades-negras\/wp-content\/uploads\/sites\/5\/2025\/10\/98-1024x1024.png\" alt=\"\" class=\"wp-image-1552\" srcset=\"https:\/\/mg.passadospresentes.com.br\/cidades-negras\/wp-content\/uploads\/sites\/5\/2025\/10\/98-1024x1024.png 1024w, https:\/\/mg.passadospresentes.com.br\/cidades-negras\/wp-content\/uploads\/sites\/5\/2025\/10\/98-300x300.png 300w, https:\/\/mg.passadospresentes.com.br\/cidades-negras\/wp-content\/uploads\/sites\/5\/2025\/10\/98-150x150.png 150w, https:\/\/mg.passadospresentes.com.br\/cidades-negras\/wp-content\/uploads\/sites\/5\/2025\/10\/98-768x768.png 768w, https:\/\/mg.passadospresentes.com.br\/cidades-negras\/wp-content\/uploads\/sites\/5\/2025\/10\/98.png 1080w\" sizes=\"(max-width: 1024px) 100vw, 1024px\" \/><figcaption class=\"wp-element-caption\"><a href=\"https:\/\/mg.passadospresentes.com.br\/cidades-negras\/verbete-axe-crianca\/\" data-type=\"page\" data-id=\"1557\">Ax\u00e9 Crian\u00e7a<\/a><\/figcaption><\/figure>\n\n\n\n<figure class=\"wp-block-image size-large\"><img loading=\"lazy\" decoding=\"async\" width=\"1024\" height=\"1024\" data-id=\"1553\" src=\"https:\/\/mg.passadospresentes.com.br\/cidades-negras\/wp-content\/uploads\/sites\/5\/2025\/10\/99-1024x1024.png\" alt=\"\" class=\"wp-image-1553\" srcset=\"https:\/\/mg.passadospresentes.com.br\/cidades-negras\/wp-content\/uploads\/sites\/5\/2025\/10\/99-1024x1024.png 1024w, https:\/\/mg.passadospresentes.com.br\/cidades-negras\/wp-content\/uploads\/sites\/5\/2025\/10\/99-300x300.png 300w, https:\/\/mg.passadospresentes.com.br\/cidades-negras\/wp-content\/uploads\/sites\/5\/2025\/10\/99-150x150.png 150w, https:\/\/mg.passadospresentes.com.br\/cidades-negras\/wp-content\/uploads\/sites\/5\/2025\/10\/99-768x768.png 768w, https:\/\/mg.passadospresentes.com.br\/cidades-negras\/wp-content\/uploads\/sites\/5\/2025\/10\/99.png 1080w\" sizes=\"(max-width: 1024px) 100vw, 1024px\" \/><figcaption class=\"wp-element-caption\"><a href=\"https:\/\/mg.passadospresentes.com.br\/cidades-negras\/verbete-centro-cultural-de-estudos-afro-brasileiro-baoba\/\" data-type=\"page\" data-id=\"1561\">Centro Cultural de Estudos Afro-brasileiro Baob\u00e1<\/a><\/figcaption><\/figure>\n\n\n\n<figure class=\"wp-block-image size-large\"><img loading=\"lazy\" decoding=\"async\" width=\"1024\" height=\"1024\" data-id=\"1574\" src=\"https:\/\/mg.passadospresentes.com.br\/cidades-negras\/wp-content\/uploads\/sites\/5\/2025\/10\/PUBLICACOES-AGENDADAS-6-1024x1024.png\" alt=\"\" class=\"wp-image-1574\" srcset=\"https:\/\/mg.passadospresentes.com.br\/cidades-negras\/wp-content\/uploads\/sites\/5\/2025\/10\/PUBLICACOES-AGENDADAS-6-1024x1024.png 1024w, https:\/\/mg.passadospresentes.com.br\/cidades-negras\/wp-content\/uploads\/sites\/5\/2025\/10\/PUBLICACOES-AGENDADAS-6-300x300.png 300w, https:\/\/mg.passadospresentes.com.br\/cidades-negras\/wp-content\/uploads\/sites\/5\/2025\/10\/PUBLICACOES-AGENDADAS-6-150x150.png 150w, https:\/\/mg.passadospresentes.com.br\/cidades-negras\/wp-content\/uploads\/sites\/5\/2025\/10\/PUBLICACOES-AGENDADAS-6-768x768.png 768w, https:\/\/mg.passadospresentes.com.br\/cidades-negras\/wp-content\/uploads\/sites\/5\/2025\/10\/PUBLICACOES-AGENDADAS-6.png 1080w\" sizes=\"(max-width: 1024px) 100vw, 1024px\" \/><figcaption class=\"wp-element-caption\"><a href=\"https:\/\/mg.passadospresentes.com.br\/cidades-negras\/verbete-grupo-negro-do-movimento-unibairros\/\" data-type=\"page\" data-id=\"1578\">Grupo Negro do Movimento Unibairros<\/a><\/figcaption><\/figure>\n\n\n\n<figure class=\"wp-block-image size-large\"><img loading=\"lazy\" decoding=\"async\" width=\"1024\" height=\"1024\" data-id=\"1570\" src=\"https:\/\/mg.passadospresentes.com.br\/cidades-negras\/wp-content\/uploads\/sites\/5\/2025\/10\/101-1024x1024.png\" alt=\"\" class=\"wp-image-1570\" srcset=\"https:\/\/mg.passadospresentes.com.br\/cidades-negras\/wp-content\/uploads\/sites\/5\/2025\/10\/101-1024x1024.png 1024w, https:\/\/mg.passadospresentes.com.br\/cidades-negras\/wp-content\/uploads\/sites\/5\/2025\/10\/101-300x300.png 300w, https:\/\/mg.passadospresentes.com.br\/cidades-negras\/wp-content\/uploads\/sites\/5\/2025\/10\/101-150x150.png 150w, https:\/\/mg.passadospresentes.com.br\/cidades-negras\/wp-content\/uploads\/sites\/5\/2025\/10\/101-768x768.png 768w, https:\/\/mg.passadospresentes.com.br\/cidades-negras\/wp-content\/uploads\/sites\/5\/2025\/10\/101.png 1080w\" sizes=\"(max-width: 1024px) 100vw, 1024px\" \/><figcaption class=\"wp-element-caption\"><a href=\"https:\/\/mg.passadospresentes.com.br\/cidades-negras\/verbete-grupo-de-estudos-afro-brasileiros-acotirene-geaba\/\" data-type=\"page\" data-id=\"1583\">Grupo de Estudos Afro-brasileiros Acotirene &#8211; GEABA<\/a><\/figcaption><\/figure>\n\n\n\n<figure class=\"wp-block-image size-large\"><img loading=\"lazy\" decoding=\"async\" width=\"1024\" height=\"1024\" data-id=\"1567\" src=\"https:\/\/mg.passadospresentes.com.br\/cidades-negras\/wp-content\/uploads\/sites\/5\/2025\/10\/104-1024x1024.png\" alt=\"\" class=\"wp-image-1567\" srcset=\"https:\/\/mg.passadospresentes.com.br\/cidades-negras\/wp-content\/uploads\/sites\/5\/2025\/10\/104-1024x1024.png 1024w, https:\/\/mg.passadospresentes.com.br\/cidades-negras\/wp-content\/uploads\/sites\/5\/2025\/10\/104-300x300.png 300w, https:\/\/mg.passadospresentes.com.br\/cidades-negras\/wp-content\/uploads\/sites\/5\/2025\/10\/104-150x150.png 150w, https:\/\/mg.passadospresentes.com.br\/cidades-negras\/wp-content\/uploads\/sites\/5\/2025\/10\/104-768x768.png 768w, https:\/\/mg.passadospresentes.com.br\/cidades-negras\/wp-content\/uploads\/sites\/5\/2025\/10\/104.png 1080w\" sizes=\"(max-width: 1024px) 100vw, 1024px\" \/><figcaption class=\"wp-element-caption\"><a href=\"https:\/\/mg.passadospresentes.com.br\/cidades-negras\/verbete-centro-de-referencia-da-cultura-negra-cerne\/\" data-type=\"page\" data-id=\"1587\">Centro de Refer\u00eancia da Cultura Negra &#8211; CERNE<\/a><\/figcaption><\/figure>\n\n\n\n<figure class=\"wp-block-image size-large\"><img loading=\"lazy\" decoding=\"async\" width=\"1024\" height=\"1024\" data-id=\"1572\" src=\"https:\/\/mg.passadospresentes.com.br\/cidades-negras\/wp-content\/uploads\/sites\/5\/2025\/10\/103-1024x1024.png\" alt=\"\" class=\"wp-image-1572\" srcset=\"https:\/\/mg.passadospresentes.com.br\/cidades-negras\/wp-content\/uploads\/sites\/5\/2025\/10\/103-1024x1024.png 1024w, https:\/\/mg.passadospresentes.com.br\/cidades-negras\/wp-content\/uploads\/sites\/5\/2025\/10\/103-300x300.png 300w, https:\/\/mg.passadospresentes.com.br\/cidades-negras\/wp-content\/uploads\/sites\/5\/2025\/10\/103-150x150.png 150w, https:\/\/mg.passadospresentes.com.br\/cidades-negras\/wp-content\/uploads\/sites\/5\/2025\/10\/103-768x768.png 768w, https:\/\/mg.passadospresentes.com.br\/cidades-negras\/wp-content\/uploads\/sites\/5\/2025\/10\/103.png 1080w\" sizes=\"(max-width: 1024px) 100vw, 1024px\" \/><figcaption class=\"wp-element-caption\"><a href=\"https:\/\/mg.passadospresentes.com.br\/cidades-negras\/verbete-movimento-negro-unificado-de-juiz-de-fora-mn-jf\/\" data-type=\"page\" data-id=\"1592\">Movimento Negro Unificado de Juiz de Fora (MN\/JF)<\/a><\/figcaption><\/figure>\n\n\n\n<figure class=\"wp-block-image size-large\"><img loading=\"lazy\" decoding=\"async\" width=\"1024\" height=\"1024\" data-id=\"1571\" src=\"https:\/\/mg.passadospresentes.com.br\/cidades-negras\/wp-content\/uploads\/sites\/5\/2025\/10\/102-1024x1024.png\" alt=\"\" class=\"wp-image-1571\" srcset=\"https:\/\/mg.passadospresentes.com.br\/cidades-negras\/wp-content\/uploads\/sites\/5\/2025\/10\/102-1024x1024.png 1024w, https:\/\/mg.passadospresentes.com.br\/cidades-negras\/wp-content\/uploads\/sites\/5\/2025\/10\/102-300x300.png 300w, https:\/\/mg.passadospresentes.com.br\/cidades-negras\/wp-content\/uploads\/sites\/5\/2025\/10\/102-150x150.png 150w, https:\/\/mg.passadospresentes.com.br\/cidades-negras\/wp-content\/uploads\/sites\/5\/2025\/10\/102-768x768.png 768w, https:\/\/mg.passadospresentes.com.br\/cidades-negras\/wp-content\/uploads\/sites\/5\/2025\/10\/102.png 1080w\" sizes=\"(max-width: 1024px) 100vw, 1024px\" \/><figcaption class=\"wp-element-caption\"><a href=\"https:\/\/mg.passadospresentes.com.br\/cidades-negras\/1596-2\/\" data-type=\"page\" data-id=\"1596\">Partido dos Trabalhadores de Juiz de Fora<\/a><\/figcaption><\/figure>\n\n\n\n<figure class=\"wp-block-image size-large\"><img loading=\"lazy\" decoding=\"async\" width=\"1024\" height=\"1024\" data-id=\"1569\" src=\"https:\/\/mg.passadospresentes.com.br\/cidades-negras\/wp-content\/uploads\/sites\/5\/2025\/10\/106-1024x1024.png\" alt=\"\" class=\"wp-image-1569\" srcset=\"https:\/\/mg.passadospresentes.com.br\/cidades-negras\/wp-content\/uploads\/sites\/5\/2025\/10\/106-1024x1024.png 1024w, https:\/\/mg.passadospresentes.com.br\/cidades-negras\/wp-content\/uploads\/sites\/5\/2025\/10\/106-300x300.png 300w, https:\/\/mg.passadospresentes.com.br\/cidades-negras\/wp-content\/uploads\/sites\/5\/2025\/10\/106-150x150.png 150w, https:\/\/mg.passadospresentes.com.br\/cidades-negras\/wp-content\/uploads\/sites\/5\/2025\/10\/106-768x768.png 768w, https:\/\/mg.passadospresentes.com.br\/cidades-negras\/wp-content\/uploads\/sites\/5\/2025\/10\/106.png 1080w\" sizes=\"(max-width: 1024px) 100vw, 1024px\" \/><figcaption class=\"wp-element-caption\"><a href=\"https:\/\/mg.passadospresentes.com.br\/cidades-negras\/verbete-conselho-municipal-de-valorizacao-da-populacao-negra\/\" data-type=\"page\" data-id=\"1601\">Conselho Municipal de Valoriza\u00e7\u00e3o da Popula\u00e7\u00e3o Negra<\/a><\/figcaption><\/figure>\n\n\n\n<figure class=\"wp-block-image size-large\"><img loading=\"lazy\" decoding=\"async\" width=\"1024\" height=\"1024\" data-id=\"1568\" src=\"https:\/\/mg.passadospresentes.com.br\/cidades-negras\/wp-content\/uploads\/sites\/5\/2025\/10\/105-1024x1024.png\" alt=\"\" class=\"wp-image-1568\" srcset=\"https:\/\/mg.passadospresentes.com.br\/cidades-negras\/wp-content\/uploads\/sites\/5\/2025\/10\/105-1024x1024.png 1024w, https:\/\/mg.passadospresentes.com.br\/cidades-negras\/wp-content\/uploads\/sites\/5\/2025\/10\/105-300x300.png 300w, https:\/\/mg.passadospresentes.com.br\/cidades-negras\/wp-content\/uploads\/sites\/5\/2025\/10\/105-150x150.png 150w, https:\/\/mg.passadospresentes.com.br\/cidades-negras\/wp-content\/uploads\/sites\/5\/2025\/10\/105-768x768.png 768w, https:\/\/mg.passadospresentes.com.br\/cidades-negras\/wp-content\/uploads\/sites\/5\/2025\/10\/105.png 1080w\" sizes=\"(max-width: 1024px) 100vw, 1024px\" \/><figcaption class=\"wp-element-caption\"><a href=\"https:\/\/mg.passadospresentes.com.br\/cidades-negras\/verbete-grupo-mulheres-da-periferia\/\" data-type=\"page\" data-id=\"1605\">Grupo Mulheres da Periferia<\/a><\/figcaption><\/figure>\n<\/figure>\n\n\n\n<p><\/p>\n","protected":false},"excerpt":{"rendered":"","protected":false},"author":2,"featured_media":0,"parent":0,"menu_order":0,"comment_status":"closed","ping_status":"closed","template":"","meta":{"_acf_changed":false,"footnotes":""},"class_list":["post-1040","page","type-page","status-publish","hentry"],"acf":[],"_links":{"self":[{"href":"https:\/\/mg.passadospresentes.com.br\/cidades-negras\/wp-json\/wp\/v2\/pages\/1040","targetHints":{"allow":["GET"]}}],"collection":[{"href":"https:\/\/mg.passadospresentes.com.br\/cidades-negras\/wp-json\/wp\/v2\/pages"}],"about":[{"href":"https:\/\/mg.passadospresentes.com.br\/cidades-negras\/wp-json\/wp\/v2\/types\/page"}],"author":[{"embeddable":true,"href":"https:\/\/mg.passadospresentes.com.br\/cidades-negras\/wp-json\/wp\/v2\/users\/2"}],"replies":[{"embeddable":true,"href":"https:\/\/mg.passadospresentes.com.br\/cidades-negras\/wp-json\/wp\/v2\/comments?post=1040"}],"version-history":[{"count":9,"href":"https:\/\/mg.passadospresentes.com.br\/cidades-negras\/wp-json\/wp\/v2\/pages\/1040\/revisions"}],"predecessor-version":[{"id":1607,"href":"https:\/\/mg.passadospresentes.com.br\/cidades-negras\/wp-json\/wp\/v2\/pages\/1040\/revisions\/1607"}],"wp:attachment":[{"href":"https:\/\/mg.passadospresentes.com.br\/cidades-negras\/wp-json\/wp\/v2\/media?parent=1040"}],"curies":[{"name":"wp","href":"https:\/\/api.w.org\/{rel}","templated":true}]}}